{"id":951,"date":"2023-02-13T10:44:31","date_gmt":"2023-02-13T09:44:31","guid":{"rendered":"https:\/\/officetransportspoetik.com\/?page_id=951"},"modified":"2023-03-15T09:42:02","modified_gmt":"2023-03-15T08:42:02","slug":"poesie-a-domicile","status":"publish","type":"page","link":"https:\/\/officetransportspoetik.com\/index.php\/poesie-a-domicile\/","title":{"rendered":"PO\u00c9SIE \u00c0 DOMICILE"},"content":{"rendered":"\t\t<div data-elementor-type=\"wp-page\" data-elementor-id=\"951\" class=\"elementor elementor-951\">\n\t\t\t\t\t\t<section class=\"elementor-section elementor-top-section elementor-element elementor-element-0d8e6ca elementor-section-boxed elementor-section-height-default elementor-section-height-default\" data-id=\"0d8e6ca\" data-element_type=\"section\" data-e-type=\"section\">\n\t\t\t\t\t\t<div class=\"elementor-container elementor-column-gap-default\">\n\t\t\t\t\t<div class=\"elementor-column elementor-col-100 elementor-top-column elementor-element elementor-element-342adc2\" data-id=\"342adc2\" data-element_type=\"column\" data-e-type=\"column\">\n\t\t\t<div class=\"elementor-widget-wrap elementor-element-populated\">\n\t\t\t\t\t\t<div class=\"elementor-element elementor-element-471cf9f elementor-widget-divider--view-line elementor-widget elementor-widget-divider\" data-id=\"471cf9f\" data-element_type=\"widget\" data-e-type=\"widget\" data-widget_type=\"divider.default\">\n\t\t\t\t<div class=\"elementor-widget-container\">\n\t\t\t\t\t\t\t<div class=\"elementor-divider\">\n\t\t\t<span class=\"elementor-divider-separator\">\n\t\t\t\t\t\t<\/span>\n\t\t<\/div>\n\t\t\t\t\t\t<\/div>\n\t\t\t\t<\/div>\n\t\t\t\t\t<\/div>\n\t\t<\/div>\n\t\t\t\t\t<\/div>\n\t\t<\/section>\n\t\t\t\t<section class=\"elementor-section elementor-top-section elementor-element elementor-element-d010294 elementor-section-boxed elementor-section-height-default elementor-section-height-default\" data-id=\"d010294\" data-element_type=\"section\" data-e-type=\"section\">\n\t\t\t\t\t\t<div class=\"elementor-container elementor-column-gap-default\">\n\t\t\t\t\t<div class=\"elementor-column elementor-col-100 elementor-top-column elementor-element elementor-element-8ba578f\" data-id=\"8ba578f\" data-element_type=\"column\" data-e-type=\"column\">\n\t\t\t<div class=\"elementor-widget-wrap elementor-element-populated\">\n\t\t\t\t\t\t<div class=\"elementor-element elementor-element-1e43dc4 elementor-widget elementor-widget-heading\" data-id=\"1e43dc4\" data-element_type=\"widget\" data-e-type=\"widget\" data-widget_type=\"heading.default\">\n\t\t\t\t<div class=\"elementor-widget-container\">\n\t\t\t\t\t<h1 class=\"elementor-heading-title elementor-size-default\">PO\u00c9SIE \u00c0 DOMICILE<\/h1>\t\t\t\t<\/div>\n\t\t\t\t<\/div>\n\t\t\t\t\t<\/div>\n\t\t<\/div>\n\t\t\t\t\t<\/div>\n\t\t<\/section>\n\t\t\t\t<section class=\"elementor-section elementor-top-section elementor-element elementor-element-42dd2a0 elementor-section-boxed elementor-section-height-default elementor-section-height-default\" data-id=\"42dd2a0\" data-element_type=\"section\" data-e-type=\"section\">\n\t\t\t\t\t\t<div class=\"elementor-container elementor-column-gap-default\">\n\t\t\t\t\t<div class=\"elementor-column elementor-col-100 elementor-top-column elementor-element elementor-element-a17350c\" data-id=\"a17350c\" data-element_type=\"column\" data-e-type=\"column\">\n\t\t\t<div class=\"elementor-widget-wrap elementor-element-populated\">\n\t\t\t\t\t\t<div class=\"elementor-element elementor-element-2862bd5 elementor-widget elementor-widget-text-editor\" data-id=\"2862bd5\" data-element_type=\"widget\" data-e-type=\"widget\" data-widget_type=\"text-editor.default\">\n\t\t\t\t<div class=\"elementor-widget-container\">\n\t\t\t\t\t\t\t\t\t<p><strong>Projet de lecture, d&rsquo;\u00e9criture et de mise en voix et en forme des textes po\u00e9tiques dans des centres d&rsquo;h\u00e9bergement \u00a0social et des espaces partag\u00e9s de l&rsquo;agglom\u00e9ration grenobloise, et entre ami.e.s<\/strong><\/p>\t\t\t\t\t\t\t\t<\/div>\n\t\t\t\t<\/div>\n\t\t\t\t\t<\/div>\n\t\t<\/div>\n\t\t\t\t\t<\/div>\n\t\t<\/section>\n\t\t\t\t<section class=\"elementor-section elementor-top-section elementor-element elementor-element-e521486 elementor-section-boxed elementor-section-height-default elementor-section-height-default\" data-id=\"e521486\" data-element_type=\"section\" data-e-type=\"section\">\n\t\t\t\t\t\t<div class=\"elementor-container elementor-column-gap-default\">\n\t\t\t\t\t<div class=\"elementor-column elementor-col-100 elementor-top-column elementor-element elementor-element-56d0c7a\" data-id=\"56d0c7a\" data-element_type=\"column\" data-e-type=\"column\">\n\t\t\t<div class=\"elementor-widget-wrap elementor-element-populated\">\n\t\t\t\t\t\t<div class=\"elementor-element elementor-element-717575d elementor-widget-divider--view-line elementor-widget elementor-widget-divider\" data-id=\"717575d\" data-element_type=\"widget\" data-e-type=\"widget\" data-widget_type=\"divider.default\">\n\t\t\t\t<div class=\"elementor-widget-container\">\n\t\t\t\t\t\t\t<div class=\"elementor-divider\">\n\t\t\t<span class=\"elementor-divider-separator\">\n\t\t\t\t\t\t<\/span>\n\t\t<\/div>\n\t\t\t\t\t\t<\/div>\n\t\t\t\t<\/div>\n\t\t\t\t\t<\/div>\n\t\t<\/div>\n\t\t\t\t\t<\/div>\n\t\t<\/section>\n\t\t\t\t<section class=\"elementor-section elementor-top-section elementor-element elementor-element-c1a7c6b elementor-section-boxed elementor-section-height-default elementor-section-height-default\" data-id=\"c1a7c6b\" data-element_type=\"section\" data-e-type=\"section\">\n\t\t\t\t\t\t<div class=\"elementor-container elementor-column-gap-default\">\n\t\t\t\t\t<div class=\"elementor-column elementor-col-100 elementor-top-column elementor-element elementor-element-dbc7487\" data-id=\"dbc7487\" data-element_type=\"column\" data-e-type=\"column\">\n\t\t\t<div class=\"elementor-widget-wrap elementor-element-populated\">\n\t\t\t\t\t\t<div class=\"elementor-element elementor-element-56db7e1 elementor-widget elementor-widget-heading\" data-id=\"56db7e1\" data-element_type=\"widget\" data-e-type=\"widget\" data-widget_type=\"heading.default\">\n\t\t\t\t<div class=\"elementor-widget-container\">\n\t\t\t\t\t<h1 class=\"elementor-heading-title elementor-size-default\">POURQUOI CE PROJET \/ ENJEUX CULTURELS ET SOCIAUX<\/h1>\t\t\t\t<\/div>\n\t\t\t\t<\/div>\n\t\t\t\t\t<\/div>\n\t\t<\/div>\n\t\t\t\t\t<\/div>\n\t\t<\/section>\n\t\t\t\t<section class=\"elementor-section elementor-top-section elementor-element elementor-element-4368320 elementor-section-boxed elementor-section-height-default elementor-section-height-default\" data-id=\"4368320\" data-element_type=\"section\" data-e-type=\"section\">\n\t\t\t\t\t\t<div class=\"elementor-container elementor-column-gap-default\">\n\t\t\t\t\t<div class=\"elementor-column elementor-col-100 elementor-top-column elementor-element elementor-element-7e0a808\" data-id=\"7e0a808\" data-element_type=\"column\" data-e-type=\"column\">\n\t\t\t<div class=\"elementor-widget-wrap elementor-element-populated\">\n\t\t\t\t\t\t<div class=\"elementor-element elementor-element-adf85fb elementor-widget elementor-widget-text-editor\" data-id=\"adf85fb\" data-element_type=\"widget\" data-e-type=\"widget\" data-widget_type=\"text-editor.default\">\n\t\t\t\t<div class=\"elementor-widget-container\">\n\t\t\t\t\t\t\t\t\t<p style=\"margin: 0cm; font-size: medium; font-family: Calibri, sans-serif; caret-color: rgb(0, 0, 0); color: rgb(0, 0, 0); font-style: normal; font-variant-caps: normal;\">Comment inviter les \u00e9critures po\u00e9tiques contemporaines au plus pr\u00e8s des habitants, des&nbsp;<span style=\"font-family: Calibri, sans-serif; font-size: medium; font-style: normal; font-variant-caps: normal;\">gens dans leur vie quotidienne ? Doit-on toujours se d\u00e9placer dans une librairie ou salle&nbsp;<\/span><span style=\"font-family: Calibri, sans-serif; font-size: medium; font-style: normal; font-variant-caps: normal;\">spectacle pour lire et \u00e9couter la po\u00e9sie en partage ? Par exemple, selon le diagnostic pos\u00e9&nbsp;<\/span><span style=\"font-family: Calibri, sans-serif; font-size: medium; font-style: normal; font-variant-caps: normal;\">par nos partenaires pour ce projet, beaucoup de personnes travaillent en horaires d\u00e9cal\u00e9es&nbsp;<\/span><span style=\"font-family: Calibri, sans-serif; font-size: medium; font-style: normal; font-variant-caps: normal;\">et \/ ou le week-end ou n\u2019ont pas forc\u00e9ment l\u2019habitude de fr\u00e9quenter les lieux culturels.&nbsp;<\/span><span style=\"font-family: Calibri, sans-serif; font-style: normal; font-variant-caps: normal; font-size: medium;\">D\u2019autres sont prises par des obligations familiales ou parentales et n\u2019ont pas de&nbsp;<\/span><span style=\"font-family: Calibri, sans-serif; font-style: normal; font-variant-caps: normal; font-size: medium;\">possibilit\u00e9 mat\u00e9rielle de recourir aux services de garde d\u2019enfant ou \/ et \u00e0 domicile.&nbsp;<\/span><\/p><p style=\"margin: 0cm; font-size: medium; font-family: Calibri, sans-serif; caret-color: rgb(0, 0, 0); color: rgb(0, 0, 0); font-style: normal; font-variant-caps: normal;\"><span style=\"font-family: Calibri, sans-serif; font-style: normal; font-variant-caps: normal; font-size: medium;\"><br><\/span><\/p><p style=\"margin: 0cm; font-size: medium; font-family: Calibri, sans-serif; caret-color: rgb(0, 0, 0); color: rgb(0, 0, 0); font-style: normal; font-variant-caps: normal;\"><span style=\"font-family: Calibri, sans-serif; font-style: normal; font-variant-caps: normal; font-size: medium;\">Ce&nbsp;<\/span><span style=\"font-family: Calibri, sans-serif; font-size: medium; font-style: normal; font-variant-caps: normal;\">sont l\u00e0 autant d\u2019obstacles et besoins \u00e0 prendre en compte si l\u2019on souhaite mettre les droits&nbsp;<\/span><span style=\"font-family: Calibri, sans-serif; font-style: normal; font-variant-caps: normal; font-size: medium;\">culturels en oeuvre. Nous avons envie de r\u00e9pondre \u00e0 ses questionnements et proposer&nbsp;<\/span><span style=\"font-family: Calibri, sans-serif; font-style: normal; font-variant-caps: normal; font-size: medium;\">quelques solutions.&nbsp;<\/span><span style=\"font-family: Calibri, sans-serif; font-style: normal; font-variant-caps: normal; font-size: medium;\">Le travail en direction des publics en insertion et en grande pr\u00e9carit\u00e9, en prenant en compte&nbsp;<\/span><span style=\"font-family: Calibri, sans-serif; font-style: normal; font-variant-caps: normal; font-size: medium;\">les freins \u00e9conomiques, sociaux, m\u00e9dicaux et familiaux qui leur sont propres, fait \u00e9galement&nbsp;<\/span><span style=\"font-family: Calibri, sans-serif; font-style: normal; font-variant-caps: normal; font-size: medium;\">partie de nos priorit\u00e9s. D\u00e8s notre premi\u00e8re ann\u00e9e d\u2019existence, nous avons d\u00e9cid\u00e9 de nous&nbsp;<\/span><span style=\"font-family: Calibri, sans-serif; font-style: normal; font-variant-caps: normal; font-size: medium;\">lancer dans un projet d\u2019envergure sur ces th\u00e9matiques, en nous associant aux partenaires&nbsp;<\/span><span style=\"font-family: Calibri, sans-serif; font-style: normal; font-variant-caps: normal; font-size: medium;\">du champs social.<\/span><\/p>\n<p style=\"margin: 0cm; font-size: medium; font-family: Calibri, sans-serif; caret-color: rgb(0, 0, 0); color: rgb(0, 0, 0); font-style: normal; font-variant-caps: normal;\"><o:p><\/o:p><\/p>\t\t\t\t\t\t\t\t<\/div>\n\t\t\t\t<\/div>\n\t\t\t\t\t<\/div>\n\t\t<\/div>\n\t\t\t\t\t<\/div>\n\t\t<\/section>\n\t\t\t\t<section class=\"elementor-section elementor-top-section elementor-element elementor-element-e00aa9c elementor-section-boxed elementor-section-height-default elementor-section-height-default\" data-id=\"e00aa9c\" data-element_type=\"section\" data-e-type=\"section\">\n\t\t\t\t\t\t<div class=\"elementor-container elementor-column-gap-default\">\n\t\t\t\t\t<div class=\"elementor-column elementor-col-100 elementor-top-column elementor-element elementor-element-f5fd7bb\" data-id=\"f5fd7bb\" data-element_type=\"column\" data-e-type=\"column\">\n\t\t\t<div class=\"elementor-widget-wrap elementor-element-populated\">\n\t\t\t\t\t\t<div class=\"elementor-element elementor-element-d39027b elementor-widget-divider--view-line elementor-widget elementor-widget-divider\" data-id=\"d39027b\" data-element_type=\"widget\" data-e-type=\"widget\" data-widget_type=\"divider.default\">\n\t\t\t\t<div class=\"elementor-widget-container\">\n\t\t\t\t\t\t\t<div class=\"elementor-divider\">\n\t\t\t<span class=\"elementor-divider-separator\">\n\t\t\t\t\t\t<\/span>\n\t\t<\/div>\n\t\t\t\t\t\t<\/div>\n\t\t\t\t<\/div>\n\t\t\t\t\t<\/div>\n\t\t<\/div>\n\t\t\t\t\t<\/div>\n\t\t<\/section>\n\t\t\t\t<section class=\"elementor-section elementor-top-section elementor-element elementor-element-f2f7301 elementor-section-boxed elementor-section-height-default elementor-section-height-default\" data-id=\"f2f7301\" data-element_type=\"section\" data-e-type=\"section\">\n\t\t\t\t\t\t<div class=\"elementor-container elementor-column-gap-default\">\n\t\t\t\t\t<div class=\"elementor-column elementor-col-33 elementor-top-column elementor-element elementor-element-60cfc01\" data-id=\"60cfc01\" data-element_type=\"column\" data-e-type=\"column\">\n\t\t\t<div class=\"elementor-widget-wrap elementor-element-populated\">\n\t\t\t\t\t\t<div class=\"elementor-element elementor-element-56942b7 elementor-widget elementor-widget-image\" data-id=\"56942b7\" data-element_type=\"widget\" data-e-type=\"widget\" data-widget_type=\"image.default\">\n\t\t\t\t<div class=\"elementor-widget-container\">\n\t\t\t\t\t\t\t\t\t\t\t\t<figure class=\"wp-caption\">\n\t\t\t\t\t\t\t\t\t\t<img fetchpriority=\"high\" decoding=\"async\" width=\"1024\" height=\"1024\" src=\"https:\/\/officetransportspoetik.com\/wp-content\/uploads\/2023\/03\/SORTIE-LIBRAIRIE-LAM-1024x1024.jpg\" class=\"attachment-large size-large wp-image-1573\" alt=\"\" srcset=\"https:\/\/officetransportspoetik.com\/wp-content\/uploads\/2023\/03\/SORTIE-LIBRAIRIE-LAM-1024x1024.jpg 1024w, https:\/\/officetransportspoetik.com\/wp-content\/uploads\/2023\/03\/SORTIE-LIBRAIRIE-LAM-300x300.jpg 300w, https:\/\/officetransportspoetik.com\/wp-content\/uploads\/2023\/03\/SORTIE-LIBRAIRIE-LAM-150x150.jpg 150w, https:\/\/officetransportspoetik.com\/wp-content\/uploads\/2023\/03\/SORTIE-LIBRAIRIE-LAM-768x768.jpg 768w, https:\/\/officetransportspoetik.com\/wp-content\/uploads\/2023\/03\/SORTIE-LIBRAIRIE-LAM-600x600.jpg 600w, https:\/\/officetransportspoetik.com\/wp-content\/uploads\/2023\/03\/SORTIE-LIBRAIRIE-LAM.jpg 1080w\" sizes=\"(max-width: 1024px) 100vw, 1024px\" \/>\t\t\t\t\t\t\t\t\t\t\t<figcaption class=\"widget-image-caption wp-caption-text\">sortie en librairie avec les r\u00e9sidents des LAM (lits d'accueil m\u00e9dicalis\u00e9s)<\/figcaption>\n\t\t\t\t\t\t\t\t\t\t<\/figure>\n\t\t\t\t\t\t\t\t\t<\/div>\n\t\t\t\t<\/div>\n\t\t\t\t\t<\/div>\n\t\t<\/div>\n\t\t\t\t<div class=\"elementor-column elementor-col-33 elementor-top-column elementor-element elementor-element-05e2cc5\" data-id=\"05e2cc5\" data-element_type=\"column\" data-e-type=\"column\">\n\t\t\t<div class=\"elementor-widget-wrap elementor-element-populated\">\n\t\t\t\t\t\t<div class=\"elementor-element elementor-element-e7884dd elementor-widget elementor-widget-image\" data-id=\"e7884dd\" data-element_type=\"widget\" data-e-type=\"widget\" data-widget_type=\"image.default\">\n\t\t\t\t<div class=\"elementor-widget-container\">\n\t\t\t\t\t\t\t\t\t\t\t\t<figure class=\"wp-caption\">\n\t\t\t\t\t\t\t\t\t\t<img decoding=\"async\" width=\"1024\" height=\"1024\" src=\"https:\/\/officetransportspoetik.com\/wp-content\/uploads\/2023\/03\/LAM-LIBRAIRIE-LA-NOUVELLE-DERIVE-1024x1024.jpg\" class=\"attachment-large size-large wp-image-1576\" alt=\"\" srcset=\"https:\/\/officetransportspoetik.com\/wp-content\/uploads\/2023\/03\/LAM-LIBRAIRIE-LA-NOUVELLE-DERIVE-1024x1024.jpg 1024w, https:\/\/officetransportspoetik.com\/wp-content\/uploads\/2023\/03\/LAM-LIBRAIRIE-LA-NOUVELLE-DERIVE-300x300.jpg 300w, https:\/\/officetransportspoetik.com\/wp-content\/uploads\/2023\/03\/LAM-LIBRAIRIE-LA-NOUVELLE-DERIVE-150x150.jpg 150w, https:\/\/officetransportspoetik.com\/wp-content\/uploads\/2023\/03\/LAM-LIBRAIRIE-LA-NOUVELLE-DERIVE-768x768.jpg 768w, https:\/\/officetransportspoetik.com\/wp-content\/uploads\/2023\/03\/LAM-LIBRAIRIE-LA-NOUVELLE-DERIVE-600x600.jpg 600w, https:\/\/officetransportspoetik.com\/wp-content\/uploads\/2023\/03\/LAM-LIBRAIRIE-LA-NOUVELLE-DERIVE.jpg 1080w\" sizes=\"(max-width: 1024px) 100vw, 1024px\" \/>\t\t\t\t\t\t\t\t\t\t\t<figcaption class=\"widget-image-caption wp-caption-text\">visite de la librairie La NOUVELLE D\u00c9RIVE (octobre 2022)  <\/figcaption>\n\t\t\t\t\t\t\t\t\t\t<\/figure>\n\t\t\t\t\t\t\t\t\t<\/div>\n\t\t\t\t<\/div>\n\t\t\t\t\t<\/div>\n\t\t<\/div>\n\t\t\t\t<div class=\"elementor-column elementor-col-33 elementor-top-column elementor-element elementor-element-88eb6d1\" data-id=\"88eb6d1\" data-element_type=\"column\" data-e-type=\"column\">\n\t\t\t<div class=\"elementor-widget-wrap elementor-element-populated\">\n\t\t\t\t\t\t<div class=\"elementor-element elementor-element-46e79a6 elementor-widget elementor-widget-image\" data-id=\"46e79a6\" data-element_type=\"widget\" data-e-type=\"widget\" data-widget_type=\"image.default\">\n\t\t\t\t<div class=\"elementor-widget-container\">\n\t\t\t\t\t\t\t\t\t\t\t\t\t\t\t<img decoding=\"async\" width=\"1024\" height=\"1024\" src=\"https:\/\/officetransportspoetik.com\/wp-content\/uploads\/2023\/03\/SOIRTIE-LAM_LIBRAIRIE-1024x1024.jpg\" class=\"attachment-large size-large wp-image-1577\" alt=\"\" srcset=\"https:\/\/officetransportspoetik.com\/wp-content\/uploads\/2023\/03\/SOIRTIE-LAM_LIBRAIRIE-1024x1024.jpg 1024w, https:\/\/officetransportspoetik.com\/wp-content\/uploads\/2023\/03\/SOIRTIE-LAM_LIBRAIRIE-300x300.jpg 300w, https:\/\/officetransportspoetik.com\/wp-content\/uploads\/2023\/03\/SOIRTIE-LAM_LIBRAIRIE-150x150.jpg 150w, https:\/\/officetransportspoetik.com\/wp-content\/uploads\/2023\/03\/SOIRTIE-LAM_LIBRAIRIE-768x768.jpg 768w, https:\/\/officetransportspoetik.com\/wp-content\/uploads\/2023\/03\/SOIRTIE-LAM_LIBRAIRIE-600x600.jpg 600w, https:\/\/officetransportspoetik.com\/wp-content\/uploads\/2023\/03\/SOIRTIE-LAM_LIBRAIRIE.jpg 1080w\" sizes=\"(max-width: 1024px) 100vw, 1024px\" \/>\t\t\t\t\t\t\t\t\t\t\t\t\t\t\t<\/div>\n\t\t\t\t<\/div>\n\t\t\t\t\t<\/div>\n\t\t<\/div>\n\t\t\t\t\t<\/div>\n\t\t<\/section>\n\t\t\t\t<\/div>\n\t\t","protected":false},"excerpt":{"rendered":"<p>PO\u00c9SIE \u00c0 DOMICILE Projet de lecture, d&rsquo;\u00e9criture et de mise en voix et en forme des textes po\u00e9tiques dans des centres d&rsquo;h\u00e9bergement \u00a0social et des espaces partag\u00e9s de l&rsquo;agglom\u00e9ration grenobloise, et entre ami.e.s POURQUOI CE PROJET \/ ENJEUX CULTURELS ET SOCIAUX Comment inviter les \u00e9critures po\u00e9tiques contemporaines au plus pr\u00e8s des habitants, des&nbsp;gens dans leur [&hellip;]<\/p>\n","protected":false},"author":1,"featured_media":0,"parent":0,"menu_order":0,"comment_status":"closed","ping_status":"closed","template":"","meta":{"ocean_post_layout":"full-width","ocean_both_sidebars_style":"","ocean_both_sidebars_content_width":0,"ocean_both_sidebars_sidebars_width":0,"ocean_sidebar":"0","ocean_second_sidebar":"0","ocean_disable_margins":"enable","ocean_add_body_class":"","ocean_shortcode_before_top_bar":"","ocean_shortcode_after_top_bar":"","ocean_shortcode_before_header":"","ocean_shortcode_after_header":"","ocean_has_shortcode":"","ocean_shortcode_after_title":"","ocean_shortcode_before_footer_widgets":"","ocean_shortcode_after_footer_widgets":"","ocean_shortcode_before_footer_bottom":"","ocean_shortcode_after_footer_bottom":"","ocean_display_top_bar":"default","ocean_display_header":"default","ocean_header_style":"","ocean_center_header_left_menu":"0","ocean_custom_header_template":"0","ocean_custom_logo":0,"ocean_custom_retina_logo":0,"ocean_custom_logo_max_width":0,"ocean_custom_logo_tablet_max_width":0,"ocean_custom_logo_mobile_max_width":0,"ocean_custom_logo_max_height":0,"ocean_custom_logo_tablet_max_height":0,"ocean_custom_logo_mobile_max_height":0,"ocean_header_custom_menu":"0","ocean_menu_typo_font_family":"0","ocean_menu_typo_font_subset":"","ocean_menu_typo_font_size":0,"ocean_menu_typo_font_size_tablet":0,"ocean_menu_typo_font_size_mobile":0,"ocean_menu_typo_font_size_unit":"px","ocean_menu_typo_font_weight":"","ocean_menu_typo_font_weight_tablet":"","ocean_menu_typo_font_weight_mobile":"","ocean_menu_typo_transform":"","ocean_menu_typo_transform_tablet":"","ocean_menu_typo_transform_mobile":"","ocean_menu_typo_line_height":0,"ocean_menu_typo_line_height_tablet":0,"ocean_menu_typo_line_height_mobile":0,"ocean_menu_typo_line_height_unit":"","ocean_menu_typo_spacing":0,"ocean_menu_typo_spacing_tablet":0,"ocean_menu_typo_spacing_mobile":0,"ocean_menu_typo_spacing_unit":"","ocean_menu_link_color":"","ocean_menu_link_color_hover":"","ocean_menu_link_color_active":"","ocean_menu_link_background":"","ocean_menu_link_hover_background":"","ocean_menu_link_active_background":"","ocean_menu_social_links_bg":"","ocean_menu_social_hover_links_bg":"","ocean_menu_social_links_color":"","ocean_menu_social_hover_links_color":"","ocean_disable_title":"default","ocean_disable_heading":"default","ocean_post_title":"","ocean_post_subheading":"","ocean_post_title_style":"","ocean_post_title_background_color":"","ocean_post_title_background":0,"ocean_post_title_bg_image_position":"","ocean_post_title_bg_image_attachment":"","ocean_post_title_bg_image_repeat":"","ocean_post_title_bg_image_size":"","ocean_post_title_height":0,"ocean_post_title_bg_overlay":0.5,"ocean_post_title_bg_overlay_color":"","ocean_disable_breadcrumbs":"default","ocean_breadcrumbs_color":"","ocean_breadcrumbs_separator_color":"","ocean_breadcrumbs_links_color":"","ocean_breadcrumbs_links_hover_color":"","ocean_display_footer_widgets":"default","ocean_display_footer_bottom":"default","ocean_custom_footer_template":"0","footnotes":""},"class_list":["post-951","page","type-page","status-publish","hentry","entry"],"yoast_head":"<!-- This site is optimized with the Yoast SEO plugin v27.4 - https:\/\/yoast.com\/product\/yoast-seo-wordpress\/ -->\n<title>PO\u00c9SIE \u00c0 DOMICILE - Office des Transports Po\u00e9tik<\/title>\n<meta name=\"robots\" content=\"index, follow, max-snippet:-1, max-image-preview:large, max-video-preview:-1\" \/>\n<link rel=\"canonical\" href=\"https:\/\/officetransportspoetik.com\/index.php\/poesie-a-domicile\/\" \/>\n<meta property=\"og:locale\" content=\"fr_FR\" \/>\n<meta property=\"og:type\" content=\"article\" \/>\n<meta property=\"og:title\" content=\"PO\u00c9SIE \u00c0 DOMICILE - Office des Transports Po\u00e9tik\" \/>\n<meta property=\"og:description\" content=\"PO\u00c9SIE \u00c0 DOMICILE Projet de lecture, d&rsquo;\u00e9criture et de mise en voix et en forme des textes po\u00e9tiques dans des centres d&rsquo;h\u00e9bergement \u00a0social et des espaces partag\u00e9s de l&rsquo;agglom\u00e9ration grenobloise, et entre ami.e.s POURQUOI CE PROJET \/ ENJEUX CULTURELS ET SOCIAUX Comment inviter les \u00e9critures po\u00e9tiques contemporaines au plus pr\u00e8s des habitants, des&nbsp;gens dans leur [&hellip;]\" \/>\n<meta property=\"og:url\" content=\"https:\/\/officetransportspoetik.com\/index.php\/poesie-a-domicile\/\" \/>\n<meta property=\"og:site_name\" content=\"Office des Transports Po\u00e9tik\" \/>\n<meta property=\"article:publisher\" content=\"https:\/\/www.facebook.com\/officedestransportspoetik\" \/>\n<meta property=\"article:modified_time\" content=\"2023-03-15T08:42:02+00:00\" \/>\n<meta property=\"og:image\" content=\"https:\/\/officetransportspoetik.com\/wp-content\/uploads\/2023\/03\/SORTIE-LIBRAIRIE-LAM-1024x1024.jpg\" \/>\n<meta name=\"twitter:card\" content=\"summary_large_image\" \/>\n<meta name=\"twitter:label1\" content=\"Dur\u00e9e de lecture estim\u00e9e\" \/>\n\t<meta name=\"twitter:data1\" content=\"2 minutes\" \/>\n<script type=\"application\/ld+json\" class=\"yoast-schema-graph\">{\"@context\":\"https:\\\/\\\/schema.org\",\"@graph\":[{\"@type\":\"WebPage\",\"@id\":\"https:\\\/\\\/officetransportspoetik.com\\\/index.php\\\/poesie-a-domicile\\\/\",\"url\":\"https:\\\/\\\/officetransportspoetik.com\\\/index.php\\\/poesie-a-domicile\\\/\",\"name\":\"PO\u00c9SIE \u00c0 DOMICILE - Office des Transports Po\u00e9tik\",\"isPartOf\":{\"@id\":\"https:\\\/\\\/officetransportspoetik.com\\\/#website\"},\"primaryImageOfPage\":{\"@id\":\"https:\\\/\\\/officetransportspoetik.com\\\/index.php\\\/poesie-a-domicile\\\/#primaryimage\"},\"image\":{\"@id\":\"https:\\\/\\\/officetransportspoetik.com\\\/index.php\\\/poesie-a-domicile\\\/#primaryimage\"},\"thumbnailUrl\":\"https:\\\/\\\/officetransportspoetik.com\\\/wp-content\\\/uploads\\\/2023\\\/03\\\/SORTIE-LIBRAIRIE-LAM-1024x1024.jpg\",\"datePublished\":\"2023-02-13T09:44:31+00:00\",\"dateModified\":\"2023-03-15T08:42:02+00:00\",\"breadcrumb\":{\"@id\":\"https:\\\/\\\/officetransportspoetik.com\\\/index.php\\\/poesie-a-domicile\\\/#breadcrumb\"},\"inLanguage\":\"fr-FR\",\"potentialAction\":[{\"@type\":\"ReadAction\",\"target\":[\"https:\\\/\\\/officetransportspoetik.com\\\/index.php\\\/poesie-a-domicile\\\/\"]}]},{\"@type\":\"ImageObject\",\"inLanguage\":\"fr-FR\",\"@id\":\"https:\\\/\\\/officetransportspoetik.com\\\/index.php\\\/poesie-a-domicile\\\/#primaryimage\",\"url\":\"https:\\\/\\\/officetransportspoetik.com\\\/wp-content\\\/uploads\\\/2023\\\/03\\\/SORTIE-LIBRAIRIE-LAM.jpg\",\"contentUrl\":\"https:\\\/\\\/officetransportspoetik.com\\\/wp-content\\\/uploads\\\/2023\\\/03\\\/SORTIE-LIBRAIRIE-LAM.jpg\",\"width\":1080,\"height\":1080},{\"@type\":\"BreadcrumbList\",\"@id\":\"https:\\\/\\\/officetransportspoetik.com\\\/index.php\\\/poesie-a-domicile\\\/#breadcrumb\",\"itemListElement\":[{\"@type\":\"ListItem\",\"position\":1,\"name\":\"Accueil\",\"item\":\"https:\\\/\\\/officetransportspoetik.com\\\/\"},{\"@type\":\"ListItem\",\"position\":2,\"name\":\"PO\u00c9SIE \u00c0 DOMICILE\"}]},{\"@type\":\"WebSite\",\"@id\":\"https:\\\/\\\/officetransportspoetik.com\\\/#website\",\"url\":\"https:\\\/\\\/officetransportspoetik.com\\\/\",\"name\":\"Office des Transports Po\u00e9tik\",\"description\":\"autour des \u00e9critures po\u00e9tiques contemporaines\",\"publisher\":{\"@id\":\"https:\\\/\\\/officetransportspoetik.com\\\/#organization\"},\"potentialAction\":[{\"@type\":\"SearchAction\",\"target\":{\"@type\":\"EntryPoint\",\"urlTemplate\":\"https:\\\/\\\/officetransportspoetik.com\\\/?s={search_term_string}\"},\"query-input\":{\"@type\":\"PropertyValueSpecification\",\"valueRequired\":true,\"valueName\":\"search_term_string\"}}],\"inLanguage\":\"fr-FR\"},{\"@type\":\"Organization\",\"@id\":\"https:\\\/\\\/officetransportspoetik.com\\\/#organization\",\"name\":\"Office des Transports Po\u00e9tik\",\"url\":\"https:\\\/\\\/officetransportspoetik.com\\\/\",\"logo\":{\"@type\":\"ImageObject\",\"inLanguage\":\"fr-FR\",\"@id\":\"https:\\\/\\\/officetransportspoetik.com\\\/#\\\/schema\\\/logo\\\/image\\\/\",\"url\":\"https:\\\/\\\/officetransportspoetik.com\\\/wp-content\\\/uploads\\\/2023\\\/01\\\/logo-Office-rouge-pour-programme-festival-2022.jpg\",\"contentUrl\":\"https:\\\/\\\/officetransportspoetik.com\\\/wp-content\\\/uploads\\\/2023\\\/01\\\/logo-Office-rouge-pour-programme-festival-2022.jpg\",\"width\":1200,\"height\":500,\"caption\":\"Office des Transports Po\u00e9tik\"},\"image\":{\"@id\":\"https:\\\/\\\/officetransportspoetik.com\\\/#\\\/schema\\\/logo\\\/image\\\/\"},\"sameAs\":[\"https:\\\/\\\/www.facebook.com\\\/officedestransportspoetik\",\"https:\\\/\\\/www.instagram.com\\\/office_des_transports_poetik\\\/\"]}]}<\/script>\n<!-- \/ Yoast SEO plugin. -->","yoast_head_json":{"title":"PO\u00c9SIE \u00c0 DOMICILE - Office des Transports Po\u00e9tik","robots":{"index":"index","follow":"follow","max-snippet":"max-snippet:-1","max-image-preview":"max-image-preview:large","max-video-preview":"max-video-preview:-1"},"canonical":"https:\/\/officetransportspoetik.com\/index.php\/poesie-a-domicile\/","og_locale":"fr_FR","og_type":"article","og_title":"PO\u00c9SIE \u00c0 DOMICILE - Office des Transports Po\u00e9tik","og_description":"PO\u00c9SIE \u00c0 DOMICILE Projet de lecture, d&rsquo;\u00e9criture et de mise en voix et en forme des textes po\u00e9tiques dans des centres d&rsquo;h\u00e9bergement \u00a0social et des espaces partag\u00e9s de l&rsquo;agglom\u00e9ration grenobloise, et entre ami.e.s POURQUOI CE PROJET \/ ENJEUX CULTURELS ET SOCIAUX Comment inviter les \u00e9critures po\u00e9tiques contemporaines au plus pr\u00e8s des habitants, des&nbsp;gens dans leur [&hellip;]","og_url":"https:\/\/officetransportspoetik.com\/index.php\/poesie-a-domicile\/","og_site_name":"Office des Transports Po\u00e9tik","article_publisher":"https:\/\/www.facebook.com\/officedestransportspoetik","article_modified_time":"2023-03-15T08:42:02+00:00","og_image":[{"url":"https:\/\/officetransportspoetik.com\/wp-content\/uploads\/2023\/03\/SORTIE-LIBRAIRIE-LAM-1024x1024.jpg","type":"","width":"","height":""}],"twitter_card":"summary_large_image","twitter_misc":{"Dur\u00e9e de lecture estim\u00e9e":"2 minutes"},"schema":{"@context":"https:\/\/schema.org","@graph":[{"@type":"WebPage","@id":"https:\/\/officetransportspoetik.com\/index.php\/poesie-a-domicile\/","url":"https:\/\/officetransportspoetik.com\/index.php\/poesie-a-domicile\/","name":"PO\u00c9SIE \u00c0 DOMICILE - Office des Transports Po\u00e9tik","isPartOf":{"@id":"https:\/\/officetransportspoetik.com\/#website"},"primaryImageOfPage":{"@id":"https:\/\/officetransportspoetik.com\/index.php\/poesie-a-domicile\/#primaryimage"},"image":{"@id":"https:\/\/officetransportspoetik.com\/index.php\/poesie-a-domicile\/#primaryimage"},"thumbnailUrl":"https:\/\/officetransportspoetik.com\/wp-content\/uploads\/2023\/03\/SORTIE-LIBRAIRIE-LAM-1024x1024.jpg","datePublished":"2023-02-13T09:44:31+00:00","dateModified":"2023-03-15T08:42:02+00:00","breadcrumb":{"@id":"https:\/\/officetransportspoetik.com\/index.php\/poesie-a-domicile\/#breadcrumb"},"inLanguage":"fr-FR","potentialAction":[{"@type":"ReadAction","target":["https:\/\/officetransportspoetik.com\/index.php\/poesie-a-domicile\/"]}]},{"@type":"ImageObject","inLanguage":"fr-FR","@id":"https:\/\/officetransportspoetik.com\/index.php\/poesie-a-domicile\/#primaryimage","url":"https:\/\/officetransportspoetik.com\/wp-content\/uploads\/2023\/03\/SORTIE-LIBRAIRIE-LAM.jpg","contentUrl":"https:\/\/officetransportspoetik.com\/wp-content\/uploads\/2023\/03\/SORTIE-LIBRAIRIE-LAM.jpg","width":1080,"height":1080},{"@type":"BreadcrumbList","@id":"https:\/\/officetransportspoetik.com\/index.php\/poesie-a-domicile\/#breadcrumb","itemListElement":[{"@type":"ListItem","position":1,"name":"Accueil","item":"https:\/\/officetransportspoetik.com\/"},{"@type":"ListItem","position":2,"name":"PO\u00c9SIE \u00c0 DOMICILE"}]},{"@type":"WebSite","@id":"https:\/\/officetransportspoetik.com\/#website","url":"https:\/\/officetransportspoetik.com\/","name":"Office des Transports Po\u00e9tik","description":"autour des \u00e9critures po\u00e9tiques contemporaines","publisher":{"@id":"https:\/\/officetransportspoetik.com\/#organization"},"potentialAction":[{"@type":"SearchAction","target":{"@type":"EntryPoint","urlTemplate":"https:\/\/officetransportspoetik.com\/?s={search_term_string}"},"query-input":{"@type":"PropertyValueSpecification","valueRequired":true,"valueName":"search_term_string"}}],"inLanguage":"fr-FR"},{"@type":"Organization","@id":"https:\/\/officetransportspoetik.com\/#organization","name":"Office des Transports Po\u00e9tik","url":"https:\/\/officetransportspoetik.com\/","logo":{"@type":"ImageObject","inLanguage":"fr-FR","@id":"https:\/\/officetransportspoetik.com\/#\/schema\/logo\/image\/","url":"https:\/\/officetransportspoetik.com\/wp-content\/uploads\/2023\/01\/logo-Office-rouge-pour-programme-festival-2022.jpg","contentUrl":"https:\/\/officetransportspoetik.com\/wp-content\/uploads\/2023\/01\/logo-Office-rouge-pour-programme-festival-2022.jpg","width":1200,"height":500,"caption":"Office des Transports Po\u00e9tik"},"image":{"@id":"https:\/\/officetransportspoetik.com\/#\/schema\/logo\/image\/"},"sameAs":["https:\/\/www.facebook.com\/officedestransportspoetik","https:\/\/www.instagram.com\/office_des_transports_poetik\/"]}]}},"_links":{"self":[{"href":"https:\/\/officetransportspoetik.com\/index.php\/wp-json\/wp\/v2\/pages\/951","targetHints":{"allow":["GET"]}}],"collection":[{"href":"https:\/\/officetransportspoetik.com\/index.php\/wp-json\/wp\/v2\/pages"}],"about":[{"href":"https:\/\/officetransportspoetik.com\/index.php\/wp-json\/wp\/v2\/types\/page"}],"author":[{"embeddable":true,"href":"https:\/\/officetransportspoetik.com\/index.php\/wp-json\/wp\/v2\/users\/1"}],"replies":[{"embeddable":true,"href":"https:\/\/officetransportspoetik.com\/index.php\/wp-json\/wp\/v2\/comments?post=951"}],"version-history":[{"count":13,"href":"https:\/\/officetransportspoetik.com\/index.php\/wp-json\/wp\/v2\/pages\/951\/revisions"}],"predecessor-version":[{"id":1760,"href":"https:\/\/officetransportspoetik.com\/index.php\/wp-json\/wp\/v2\/pages\/951\/revisions\/1760"}],"wp:attachment":[{"href":"https:\/\/officetransportspoetik.com\/index.php\/wp-json\/wp\/v2\/media?parent=951"}],"curies":[{"name":"wp","href":"https:\/\/api.w.org\/{rel}","templated":true}]}}