{"id":936,"date":"2023-02-13T10:35:22","date_gmt":"2023-02-13T09:35:22","guid":{"rendered":"https:\/\/officetransportspoetik.com\/?page_id=936"},"modified":"2024-03-30T12:54:15","modified_gmt":"2024-03-30T11:54:15","slug":"qui-sommes-nous","status":"publish","type":"page","link":"https:\/\/officetransportspoetik.com\/index.php\/qui-sommes-nous\/","title":{"rendered":"QUI SOMMES-NOUS ?"},"content":{"rendered":"\t\t<div data-elementor-type=\"wp-page\" data-elementor-id=\"936\" class=\"elementor elementor-936\">\n\t\t\t\t\t\t<section class=\"elementor-section elementor-top-section elementor-element elementor-element-e8bb98f elementor-section-boxed elementor-section-height-default elementor-section-height-default\" data-id=\"e8bb98f\" data-element_type=\"section\" data-e-type=\"section\">\n\t\t\t\t\t\t<div class=\"elementor-container elementor-column-gap-default\">\n\t\t\t\t\t<div class=\"elementor-column elementor-col-100 elementor-top-column elementor-element elementor-element-da2b8f8\" data-id=\"da2b8f8\" data-element_type=\"column\" data-e-type=\"column\">\n\t\t\t<div class=\"elementor-widget-wrap elementor-element-populated\">\n\t\t\t\t\t\t<div class=\"elementor-element elementor-element-1e00c28 elementor-widget-divider--view-line elementor-widget elementor-widget-divider\" data-id=\"1e00c28\" data-element_type=\"widget\" data-e-type=\"widget\" data-widget_type=\"divider.default\">\n\t\t\t\t<div class=\"elementor-widget-container\">\n\t\t\t\t\t\t\t<div class=\"elementor-divider\">\n\t\t\t<span class=\"elementor-divider-separator\">\n\t\t\t\t\t\t<\/span>\n\t\t<\/div>\n\t\t\t\t\t\t<\/div>\n\t\t\t\t<\/div>\n\t\t\t\t\t<\/div>\n\t\t<\/div>\n\t\t\t\t\t<\/div>\n\t\t<\/section>\n\t\t\t\t<section class=\"elementor-section elementor-top-section elementor-element elementor-element-2926d1c4 elementor-section-height-min-height elementor-section-full_width elementor-section-stretched elementor-section-height-default elementor-section-items-middle\" data-id=\"2926d1c4\" data-element_type=\"section\" data-e-type=\"section\" data-settings=\"{&quot;stretch_section&quot;:&quot;section-stretched&quot;}\">\n\t\t\t\t\t\t\t<div class=\"elementor-background-overlay\"><\/div>\n\t\t\t\t\t\t\t<div class=\"elementor-container elementor-column-gap-wide\">\n\t\t\t\t\t<div class=\"elementor-column elementor-col-100 elementor-top-column elementor-element elementor-element-422c5511\" data-id=\"422c5511\" data-element_type=\"column\" data-e-type=\"column\">\n\t\t\t<div class=\"elementor-widget-wrap elementor-element-populated\">\n\t\t\t\t\t\t<div class=\"elementor-element elementor-element-534aad4e elementor-widget-divider--view-line elementor-widget elementor-widget-divider\" data-id=\"534aad4e\" data-element_type=\"widget\" data-e-type=\"widget\" data-widget_type=\"divider.default\">\n\t\t\t\t<div class=\"elementor-widget-container\">\n\t\t\t\t\t\t\t<div class=\"elementor-divider\">\n\t\t\t<span class=\"elementor-divider-separator\">\n\t\t\t\t\t\t<\/span>\n\t\t<\/div>\n\t\t\t\t\t\t<\/div>\n\t\t\t\t<\/div>\n\t\t\t\t<div class=\"elementor-element elementor-element-54f7d68f elementor-widget elementor-widget-heading\" data-id=\"54f7d68f\" data-element_type=\"widget\" data-e-type=\"widget\" data-widget_type=\"heading.default\">\n\t\t\t\t<div class=\"elementor-widget-container\">\n\t\t\t\t\t<h2 class=\"elementor-heading-title elementor-size-medium\">QUI SOMMES-NOUS ? <\/h2>\t\t\t\t<\/div>\n\t\t\t\t<\/div>\n\t\t\t\t\t<\/div>\n\t\t<\/div>\n\t\t\t\t\t<\/div>\n\t\t<\/section>\n\t\t\t\t<section class=\"elementor-section elementor-top-section elementor-element elementor-element-8a36eb9 elementor-section-boxed elementor-section-height-default elementor-section-height-default\" data-id=\"8a36eb9\" data-element_type=\"section\" data-e-type=\"section\">\n\t\t\t\t\t\t<div class=\"elementor-container elementor-column-gap-default\">\n\t\t\t\t\t<div class=\"elementor-column elementor-col-100 elementor-top-column elementor-element elementor-element-9c0c4f8\" data-id=\"9c0c4f8\" data-element_type=\"column\" data-e-type=\"column\">\n\t\t\t<div class=\"elementor-widget-wrap elementor-element-populated\">\n\t\t\t\t\t\t<div class=\"elementor-element elementor-element-288df62 elementor-widget elementor-widget-text-editor\" data-id=\"288df62\" data-element_type=\"widget\" data-e-type=\"widget\" data-widget_type=\"text-editor.default\">\n\t\t\t\t<div class=\"elementor-widget-container\">\n\t\t\t\t\t\t\t\t\t<p style=\"font-variant-caps: normal; font-family: 'Open Sans', sans-serif; font-size: 14px; font-style: normal;\">Qu&rsquo;il s&rsquo;agisse des po\u00e9sies sonores, documentaires ou lyriques, mais aussi du slam, les \u00e9critures po\u00e9tiques&nbsp;<span style=\"font-size: 14px;\">contemporaines fran\u00e7aises et francophones ont connu un d\u00e9veloppement significatif ces dix&nbsp;<\/span><span style=\"font-size: 14px;\">derni\u00e8res ann\u00e9es.&nbsp;<\/span><\/p>\n<p style=\"font-variant-caps: normal; font-family: 'Open Sans', sans-serif; font-size: 14px; font-style: normal;\"><span style=\"font-size: 14px;\">&nbsp;<\/span><span style=\"font-family: 'Open Sans', sans-serif; font-size: 14px; font-style: normal; font-variant-caps: normal;\">L\u2019association&nbsp;<\/span><span style=\"font-family: 'Open Sans', sans-serif; font-size: 14px; font-style: normal; font-variant-caps: normal; font-weight: bold;\">Office des transports po\u00e9tik,&nbsp;<\/span><span style=\"font-family: 'Open Sans', sans-serif; font-size: 14px; font-style: normal; font-variant-caps: normal;\">bas\u00e9e \u00e0 Grenoble,<\/span><span style=\"font-family: 'Open Sans', sans-serif; font-size: 14px; font-style: normal; font-variant-caps: normal; font-weight: bold;\">&nbsp;&nbsp;<\/span><span style=\"font-family: 'Open Sans', sans-serif; font-size: 14px; font-style: normal; font-variant-caps: normal;\">se donne pour objectif&nbsp;<\/span><span style=\"font-family: 'Open Sans', sans-serif; font-size: 14px; font-style: normal; font-variant-caps: normal;\">d&rsquo;accompagner les \u00e9volutions de ces formes litt\u00e9raires, en \u00e9tant \u00e0 l&rsquo;\u00e9coute des nouveaux&nbsp;<\/span><span style=\"font-family: 'Open Sans', sans-serif; font-size: 14px; font-style: normal; font-variant-caps: normal;\">enjeux, de f\u00e9d\u00e9rer autour des \u00e9critures po\u00e9tiques d\u2019aujourd\u2019hui tout&nbsp;<\/span>en sensibilisant un large public aux&nbsp;po\u00e9sies d\u2019aujourd\u2019hui.<\/p>\n<p><\/p>\n<p style=\"font-variant-caps: normal; font-family: 'Open Sans', sans-serif; font-size: 14px; font-style: normal;\"><span style=\"font-family: 'Open Sans', sans-serif; font-size: 14px; font-style: normal; font-variant-caps: normal;\">Nous nous attelons \u00e0 prolonger et amplifier les&nbsp;efforts d\u00e9j\u00e0 existants des milieux de la po\u00e9sie et ses acteurs professionnels (maisons d&rsquo;\u00e9dition, auteurs et autrices) pour les rendre plus visibles au sein de la vie culturelle de l&rsquo;agglom\u00e9ration grenobloise.<\/span><\/p>\n<p style=\"font-variant-caps: normal; font-family: &quot;Open Sans&quot;, sans-serif; font-size: 14px;\">Nous travaillons dans une dynamique interprofessionnelle avec les acteurs du livre et de la lecture, mais aussi en&nbsp;\u00e9troite collaboration avec<span style=\"font-style: normal; font-size: 14px;\">&nbsp;les acteurs des champs social, \u00e9ducatif, culturel, et en direction de tous les publics<\/span><i style=\"font-style: normal; font-family: Helvetica; font-size: 14px; font-variant-caps: normal;\">&nbsp;<\/i><span style=\"font-family: Helvetica; font-size: 14px; font-variant-caps: normal;\">et plus&nbsp;<\/span><span style=\"font-style: normal; font-family: Helvetica; font-size: 14px; font-variant-caps: normal;\">particuli\u00e8rement en direction des personnes \u00e9loign\u00e9es de l\u2019offre culturelle et&nbsp;<\/span><span style=\"font-family: Helvetica; font-size: 14px; font-variant-caps: normal;\">litt\u00e9raire.<\/span><\/p>\n<h6 style=\"font-variant-caps: normal; font-family: 'Open Sans', sans-serif; font-style: normal;\">Au programme :<\/h6>\n<h6 style=\"font-variant-caps: normal; font-family: 'Open Sans', sans-serif; font-style: normal;\">balades en librairies \u2022 voyages en biblioth\u00e8ques \u2022 r\u00e9sidences partag\u00e9es \u2022&nbsp;<span style=\"font-size: 14px; font-weight: 600;\">lectures \u2022 rencontres \u2022 ateliers de cr\u00e9ation \u2022 grandes travers\u00e9es avec les scolaires<\/span><\/h6>\t\t\t\t\t\t\t\t<\/div>\n\t\t\t\t<\/div>\n\t\t\t\t\t<\/div>\n\t\t<\/div>\n\t\t\t\t\t<\/div>\n\t\t<\/section>\n\t\t\t\t<section class=\"elementor-section elementor-top-section elementor-element elementor-element-e536ce4 elementor-section-boxed elementor-section-height-default elementor-section-height-default\" data-id=\"e536ce4\" data-element_type=\"section\" data-e-type=\"section\" data-settings=\"{&quot;background_background&quot;:&quot;classic&quot;}\">\n\t\t\t\t\t\t<div class=\"elementor-container elementor-column-gap-default\">\n\t\t\t\t\t<div class=\"elementor-column elementor-col-100 elementor-top-column elementor-element elementor-element-c530059\" data-id=\"c530059\" data-element_type=\"column\" data-e-type=\"column\">\n\t\t\t<div class=\"elementor-widget-wrap elementor-element-populated\">\n\t\t\t\t\t\t<div class=\"elementor-element elementor-element-da4b800 elementor-widget elementor-widget-heading\" data-id=\"da4b800\" data-element_type=\"widget\" data-e-type=\"widget\" data-widget_type=\"heading.default\">\n\t\t\t\t<div class=\"elementor-widget-container\">\n\t\t\t\t\t<h2 class=\"elementor-heading-title elementor-size-default\">3 axes d'intervention<\/h2>\t\t\t\t<\/div>\n\t\t\t\t<\/div>\n\t\t\t\t\t<\/div>\n\t\t<\/div>\n\t\t\t\t\t<\/div>\n\t\t<\/section>\n\t\t\t\t<section class=\"elementor-section elementor-top-section elementor-element elementor-element-018551c elementor-section-boxed elementor-section-height-default elementor-section-height-default\" data-id=\"018551c\" data-element_type=\"section\" data-e-type=\"section\">\n\t\t\t\t\t\t<div class=\"elementor-container elementor-column-gap-default\">\n\t\t\t\t\t<div class=\"elementor-column elementor-col-100 elementor-top-column elementor-element elementor-element-7aa9b88\" data-id=\"7aa9b88\" data-element_type=\"column\" data-e-type=\"column\">\n\t\t\t<div class=\"elementor-widget-wrap elementor-element-populated\">\n\t\t\t\t\t\t<div class=\"elementor-element elementor-element-5424876 elementor-widget elementor-widget-text-editor\" data-id=\"5424876\" data-element_type=\"widget\" data-e-type=\"widget\" data-widget_type=\"text-editor.default\">\n\t\t\t\t<div class=\"elementor-widget-container\">\n\t\t\t\t\t\t\t\t\t<h6><span style=\"font-weight: normal; font-size: 10pt; font-family: Symbol; color: #222222;\">\u00b7<span style=\"font-variant-caps: normal; font-stretch: normal; font-size: 7pt; line-height: normal; font-family: 'Times New Roman';\">&nbsp;<\/span><\/span><!--[endif]--><span style=\"font-size: 12pt; font-family: Arial, sans-serif; color: #222222;\"><strong>P<\/strong>rogrammation po\u00e9tique et litt\u00e9raire <span style=\"font-weight: normal;\">: festival La po\u00e9sie est une oreille (premi\u00e8re \u00e9dition en juin 2022), participation aux Nuits de la lecture, accueil des po\u00e8tes en r\u00e9sidence, programmation annuelle,<\/span><br><\/span><span style=\"font-weight: normal;\"><span style=\"font-size: 12pt; font-family: Arial, sans-serif; color: #222222;\"><br><\/span><\/span><span style=\"font-size: 10pt; font-family: Symbol; color: #222222;\">\u00b7<span style=\"font-variant-caps: normal; font-stretch: normal; font-size: 7pt; line-height: normal; font-family: 'Times New Roman';\">&nbsp;<\/span><\/span><!--[endif]--><span style=\"font-size: 12pt; font-family: Arial, sans-serif; color: #222222;\">Projets de m\u00e9diation culturelle <span style=\"font-weight: normal;\">: ateliers, formations et rencontres de proximit\u00e9 en direction de tous publics, en partenariat avec les diff\u00e9rents acteurs des champs social, \u00e9ducatif et culturel,<\/span><br><\/span><span style=\"font-weight: normal;\"><span style=\"font-size: 12pt; font-family: Arial, sans-serif; color: #222222;\"><br><\/span><\/span><span style=\"font-size: 10pt; font-family: Symbol; color: #222222;\"><span style=\"font-weight: normal;\">\u00b7<\/span><span style=\"font-variant-caps: normal; font-stretch: normal; font-size: 7pt; line-height: normal; font-family: 'Times New Roman';\">&nbsp;<\/span><\/span><!--[endif]--><span style=\"font-size: 12pt; font-family: Arial, sans-serif; color: #222222;\">Valorisation des \u00e9critures po\u00e9tiques contemporaines professionnelles et leurs acteurs essentiels<span style=\"font-weight: normal;\"> (po\u00e8tes, maisons d\u2019\u00e9dition, librairies ind\u00e9pendantes) au travers de plusieurs actions : comit\u00e9 de lecture, cr\u00e9ations des capsules vid\u00e9o etc.<\/span><\/span><\/h6>\n<p><style>\n<!-- \/* Style Definitions *\/ p.MsoNormal, li.MsoNormal, div.MsoNormal {mso-style-unhide:no; mso-style-qformat:yes; mso-style-parent:\"\"; margin-top:0cm; margin-right:0cm; margin-bottom:10.0pt; margin-left:0cm; line-height:115%; mso-pagination:widow-orphan; font-size:11.0pt; font-family:\"Calibri\",sans-serif; mso-ascii-font-family:Calibri; mso-ascii-theme-font:minor-latin; mso-fareast-font-family:Calibri; mso-fareast-theme-font:minor-latin; mso-hansi-font-family:Calibri; mso-hansi-theme-font:minor-latin; mso-bidi-font-family:\"Times New Roman\"; mso-bidi-theme-font:minor-bidi; mso-fareast-language:EN-US;} .MsoChpDefault {mso-style-type:export-only; mso-default-props:yes; font-size:11.0pt; mso-ansi-font-size:11.0pt; mso-bidi-font-size:11.0pt; font-family:\"Calibri\",sans-serif; mso-ascii-font-family:Calibri; mso-ascii-theme-font:minor-latin; mso-fareast-font-family:Calibri; mso-fareast-theme-font:minor-latin; mso-hansi-font-family:Calibri; mso-hansi-theme-font:minor-latin; mso-bidi-font-family:\"Times New Roman\"; mso-bidi-theme-font:minor-bidi; mso-fareast-language:EN-US;} .MsoPapDefault {mso-style-type:export-only; margin-bottom:10.0pt; line-height:115%;} @page WordSection1 {size:612.0pt 792.0pt; margin:70.85pt 70.85pt 70.85pt 70.85pt; mso-header-margin:36.0pt; mso-footer-margin:36.0pt; mso-paper-source:0;} div.WordSection1 {page:WordSection1;} \/* List Definitions *\/ @list l0 {mso-list-id:1322349023; mso-list-template-ids:-1283553506;} @list l0:level1 {mso-level-number-format:bullet; mso-level-text:\uf0b7; mso-level-tab-stop:36.0pt; mso-level-number-position:left; text-indent:-18.0pt; mso-ansi-font-size:10.0pt; font-family:Symbol;} @list l0:level2 {mso-level-number-format:bullet; mso-level-text:o; mso-level-tab-stop:72.0pt; mso-level-number-position:left; text-indent:-18.0pt; mso-ansi-font-size:10.0pt; font-family:\"Courier New\"; mso-bidi-font-family:\"Times New Roman\";} @list l0:level3 {mso-level-number-format:bullet; mso-level-text:\uf0a7; mso-level-tab-stop:108.0pt; mso-level-number-position:left; text-indent:-18.0pt; mso-ansi-font-size:10.0pt; font-family:Wingdings;} @list l0:level4 {mso-level-number-format:bullet; mso-level-text:\uf0a7; mso-level-tab-stop:144.0pt; mso-level-number-position:left; text-indent:-18.0pt; mso-ansi-font-size:10.0pt; font-family:Wingdings;} @list l0:level5 {mso-level-number-format:bullet; mso-level-text:\uf0a7; mso-level-tab-stop:180.0pt; mso-level-number-position:left; text-indent:-18.0pt; mso-ansi-font-size:10.0pt; font-family:Wingdings;} @list l0:level6 {mso-level-number-format:bullet; mso-level-text:\uf0a7; mso-level-tab-stop:216.0pt; mso-level-number-position:left; text-indent:-18.0pt; mso-ansi-font-size:10.0pt; font-family:Wingdings;} @list l0:level7 {mso-level-number-format:bullet; mso-level-text:\uf0a7; mso-level-tab-stop:252.0pt; mso-level-number-position:left; text-indent:-18.0pt; mso-ansi-font-size:10.0pt; font-family:Wingdings;} @list l0:level8 {mso-level-number-format:bullet; mso-level-text:\uf0a7; mso-level-tab-stop:288.0pt; mso-level-number-position:left; text-indent:-18.0pt; mso-ansi-font-size:10.0pt; font-family:Wingdings;} @list l0:level9 {mso-level-number-format:bullet; mso-level-text:\uf0a7; mso-level-tab-stop:324.0pt; mso-level-number-position:left; text-indent:-18.0pt; mso-ansi-font-size:10.0pt; font-family:Wingdings;} --><br \/><\/style>\n<\/p>\t\t\t\t\t\t\t\t<\/div>\n\t\t\t\t<\/div>\n\t\t\t\t\t<\/div>\n\t\t<\/div>\n\t\t\t\t\t<\/div>\n\t\t<\/section>\n\t\t\t\t<\/div>\n\t\t","protected":false},"excerpt":{"rendered":"<p>QUI SOMMES-NOUS ? Qu&rsquo;il s&rsquo;agisse des po\u00e9sies sonores, documentaires ou lyriques, mais aussi du slam, les \u00e9critures po\u00e9tiques&nbsp;contemporaines fran\u00e7aises et francophones ont connu un d\u00e9veloppement significatif ces dix&nbsp;derni\u00e8res ann\u00e9es.&nbsp; &nbsp;L\u2019association&nbsp;Office des transports po\u00e9tik,&nbsp;bas\u00e9e \u00e0 Grenoble,&nbsp;&nbsp;se donne pour objectif&nbsp;d&rsquo;accompagner les \u00e9volutions de ces formes litt\u00e9raires, en \u00e9tant \u00e0 l&rsquo;\u00e9coute des nouveaux&nbsp;enjeux, de f\u00e9d\u00e9rer autour des \u00e9critures [&hellip;]<\/p>\n","protected":false},"author":1,"featured_media":0,"parent":0,"menu_order":0,"comment_status":"closed","ping_status":"closed","template":"","meta":{"ocean_post_layout":"full-width","ocean_both_sidebars_style":"","ocean_both_sidebars_content_width":0,"ocean_both_sidebars_sidebars_width":0,"ocean_sidebar":"0","ocean_second_sidebar":"0","ocean_disable_margins":"enable","ocean_add_body_class":"","ocean_shortcode_before_top_bar":"","ocean_shortcode_after_top_bar":"","ocean_shortcode_before_header":"","ocean_shortcode_after_header":"","ocean_has_shortcode":"","ocean_shortcode_after_title":"","ocean_shortcode_before_footer_widgets":"","ocean_shortcode_after_footer_widgets":"","ocean_shortcode_before_footer_bottom":"","ocean_shortcode_after_footer_bottom":"","ocean_display_top_bar":"default","ocean_display_header":"default","ocean_header_style":"","ocean_center_header_left_menu":"0","ocean_custom_header_template":"0","ocean_custom_logo":0,"ocean_custom_retina_logo":0,"ocean_custom_logo_max_width":0,"ocean_custom_logo_tablet_max_width":0,"ocean_custom_logo_mobile_max_width":0,"ocean_custom_logo_max_height":0,"ocean_custom_logo_tablet_max_height":0,"ocean_custom_logo_mobile_max_height":0,"ocean_header_custom_menu":"0","ocean_menu_typo_font_family":"0","ocean_menu_typo_font_subset":"","ocean_menu_typo_font_size":0,"ocean_menu_typo_font_size_tablet":0,"ocean_menu_typo_font_size_mobile":0,"ocean_menu_typo_font_size_unit":"px","ocean_menu_typo_font_weight":"","ocean_menu_typo_font_weight_tablet":"","ocean_menu_typo_font_weight_mobile":"","ocean_menu_typo_transform":"","ocean_menu_typo_transform_tablet":"","ocean_menu_typo_transform_mobile":"","ocean_menu_typo_line_height":0,"ocean_menu_typo_line_height_tablet":0,"ocean_menu_typo_line_height_mobile":0,"ocean_menu_typo_line_height_unit":"","ocean_menu_typo_spacing":0,"ocean_menu_typo_spacing_tablet":0,"ocean_menu_typo_spacing_mobile":0,"ocean_menu_typo_spacing_unit":"","ocean_menu_link_color":"","ocean_menu_link_color_hover":"","ocean_menu_link_color_active":"","ocean_menu_link_background":"","ocean_menu_link_hover_background":"","ocean_menu_link_active_background":"","ocean_menu_social_links_bg":"","ocean_menu_social_hover_links_bg":"","ocean_menu_social_links_color":"","ocean_menu_social_hover_links_color":"","ocean_disable_title":"default","ocean_disable_heading":"default","ocean_post_title":"","ocean_post_subheading":"","ocean_post_title_style":"","ocean_post_title_background_color":"","ocean_post_title_background":0,"ocean_post_title_bg_image_position":"","ocean_post_title_bg_image_attachment":"","ocean_post_title_bg_image_repeat":"","ocean_post_title_bg_image_size":"","ocean_post_title_height":0,"ocean_post_title_bg_overlay":0.5,"ocean_post_title_bg_overlay_color":"","ocean_disable_breadcrumbs":"default","ocean_breadcrumbs_color":"","ocean_breadcrumbs_separator_color":"","ocean_breadcrumbs_links_color":"","ocean_breadcrumbs_links_hover_color":"","ocean_display_footer_widgets":"default","ocean_display_footer_bottom":"default","ocean_custom_footer_template":"0","footnotes":""},"class_list":["post-936","page","type-page","status-publish","hentry","entry"],"yoast_head":"<!-- This site is optimized with the Yoast SEO plugin v27.4 - https:\/\/yoast.com\/product\/yoast-seo-wordpress\/ -->\n<title>QUI SOMMES-NOUS ? - Office des Transports Po\u00e9tik<\/title>\n<meta name=\"robots\" content=\"index, follow, max-snippet:-1, max-image-preview:large, max-video-preview:-1\" \/>\n<link rel=\"canonical\" href=\"https:\/\/officetransportspoetik.com\/index.php\/qui-sommes-nous\/\" \/>\n<meta property=\"og:locale\" content=\"fr_FR\" \/>\n<meta property=\"og:type\" content=\"article\" \/>\n<meta property=\"og:title\" content=\"QUI SOMMES-NOUS ? - Office des Transports Po\u00e9tik\" \/>\n<meta property=\"og:description\" content=\"QUI SOMMES-NOUS ? Qu&rsquo;il s&rsquo;agisse des po\u00e9sies sonores, documentaires ou lyriques, mais aussi du slam, les \u00e9critures po\u00e9tiques&nbsp;contemporaines fran\u00e7aises et francophones ont connu un d\u00e9veloppement significatif ces dix&nbsp;derni\u00e8res ann\u00e9es.&nbsp; &nbsp;L\u2019association&nbsp;Office des transports po\u00e9tik,&nbsp;bas\u00e9e \u00e0 Grenoble,&nbsp;&nbsp;se donne pour objectif&nbsp;d&rsquo;accompagner les \u00e9volutions de ces formes litt\u00e9raires, en \u00e9tant \u00e0 l&rsquo;\u00e9coute des nouveaux&nbsp;enjeux, de f\u00e9d\u00e9rer autour des \u00e9critures [&hellip;]\" \/>\n<meta property=\"og:url\" content=\"https:\/\/officetransportspoetik.com\/index.php\/qui-sommes-nous\/\" \/>\n<meta property=\"og:site_name\" content=\"Office des Transports Po\u00e9tik\" \/>\n<meta property=\"article:publisher\" content=\"https:\/\/www.facebook.com\/officedestransportspoetik\" \/>\n<meta property=\"article:modified_time\" content=\"2024-03-30T11:54:15+00:00\" \/>\n<meta name=\"twitter:card\" content=\"summary_large_image\" \/>\n<meta name=\"twitter:label1\" content=\"Dur\u00e9e de lecture estim\u00e9e\" \/>\n\t<meta name=\"twitter:data1\" content=\"2 minutes\" \/>\n<script type=\"application\/ld+json\" class=\"yoast-schema-graph\">{\"@context\":\"https:\\\/\\\/schema.org\",\"@graph\":[{\"@type\":\"WebPage\",\"@id\":\"https:\\\/\\\/officetransportspoetik.com\\\/index.php\\\/qui-sommes-nous\\\/\",\"url\":\"https:\\\/\\\/officetransportspoetik.com\\\/index.php\\\/qui-sommes-nous\\\/\",\"name\":\"QUI SOMMES-NOUS ? - Office des Transports Po\u00e9tik\",\"isPartOf\":{\"@id\":\"https:\\\/\\\/officetransportspoetik.com\\\/#website\"},\"datePublished\":\"2023-02-13T09:35:22+00:00\",\"dateModified\":\"2024-03-30T11:54:15+00:00\",\"breadcrumb\":{\"@id\":\"https:\\\/\\\/officetransportspoetik.com\\\/index.php\\\/qui-sommes-nous\\\/#breadcrumb\"},\"inLanguage\":\"fr-FR\",\"potentialAction\":[{\"@type\":\"ReadAction\",\"target\":[\"https:\\\/\\\/officetransportspoetik.com\\\/index.php\\\/qui-sommes-nous\\\/\"]}]},{\"@type\":\"BreadcrumbList\",\"@id\":\"https:\\\/\\\/officetransportspoetik.com\\\/index.php\\\/qui-sommes-nous\\\/#breadcrumb\",\"itemListElement\":[{\"@type\":\"ListItem\",\"position\":1,\"name\":\"Accueil\",\"item\":\"https:\\\/\\\/officetransportspoetik.com\\\/\"},{\"@type\":\"ListItem\",\"position\":2,\"name\":\"QUI SOMMES-NOUS ?\"}]},{\"@type\":\"WebSite\",\"@id\":\"https:\\\/\\\/officetransportspoetik.com\\\/#website\",\"url\":\"https:\\\/\\\/officetransportspoetik.com\\\/\",\"name\":\"Office des Transports Po\u00e9tik\",\"description\":\"autour des \u00e9critures po\u00e9tiques contemporaines\",\"publisher\":{\"@id\":\"https:\\\/\\\/officetransportspoetik.com\\\/#organization\"},\"potentialAction\":[{\"@type\":\"SearchAction\",\"target\":{\"@type\":\"EntryPoint\",\"urlTemplate\":\"https:\\\/\\\/officetransportspoetik.com\\\/?s={search_term_string}\"},\"query-input\":{\"@type\":\"PropertyValueSpecification\",\"valueRequired\":true,\"valueName\":\"search_term_string\"}}],\"inLanguage\":\"fr-FR\"},{\"@type\":\"Organization\",\"@id\":\"https:\\\/\\\/officetransportspoetik.com\\\/#organization\",\"name\":\"Office des Transports Po\u00e9tik\",\"url\":\"https:\\\/\\\/officetransportspoetik.com\\\/\",\"logo\":{\"@type\":\"ImageObject\",\"inLanguage\":\"fr-FR\",\"@id\":\"https:\\\/\\\/officetransportspoetik.com\\\/#\\\/schema\\\/logo\\\/image\\\/\",\"url\":\"https:\\\/\\\/officetransportspoetik.com\\\/wp-content\\\/uploads\\\/2023\\\/01\\\/logo-Office-rouge-pour-programme-festival-2022.jpg\",\"contentUrl\":\"https:\\\/\\\/officetransportspoetik.com\\\/wp-content\\\/uploads\\\/2023\\\/01\\\/logo-Office-rouge-pour-programme-festival-2022.jpg\",\"width\":1200,\"height\":500,\"caption\":\"Office des Transports Po\u00e9tik\"},\"image\":{\"@id\":\"https:\\\/\\\/officetransportspoetik.com\\\/#\\\/schema\\\/logo\\\/image\\\/\"},\"sameAs\":[\"https:\\\/\\\/www.facebook.com\\\/officedestransportspoetik\",\"https:\\\/\\\/www.instagram.com\\\/office_des_transports_poetik\\\/\"]}]}<\/script>\n<!-- \/ Yoast SEO plugin. -->","yoast_head_json":{"title":"QUI SOMMES-NOUS ? - Office des Transports Po\u00e9tik","robots":{"index":"index","follow":"follow","max-snippet":"max-snippet:-1","max-image-preview":"max-image-preview:large","max-video-preview":"max-video-preview:-1"},"canonical":"https:\/\/officetransportspoetik.com\/index.php\/qui-sommes-nous\/","og_locale":"fr_FR","og_type":"article","og_title":"QUI SOMMES-NOUS ? - Office des Transports Po\u00e9tik","og_description":"QUI SOMMES-NOUS ? Qu&rsquo;il s&rsquo;agisse des po\u00e9sies sonores, documentaires ou lyriques, mais aussi du slam, les \u00e9critures po\u00e9tiques&nbsp;contemporaines fran\u00e7aises et francophones ont connu un d\u00e9veloppement significatif ces dix&nbsp;derni\u00e8res ann\u00e9es.&nbsp; &nbsp;L\u2019association&nbsp;Office des transports po\u00e9tik,&nbsp;bas\u00e9e \u00e0 Grenoble,&nbsp;&nbsp;se donne pour objectif&nbsp;d&rsquo;accompagner les \u00e9volutions de ces formes litt\u00e9raires, en \u00e9tant \u00e0 l&rsquo;\u00e9coute des nouveaux&nbsp;enjeux, de f\u00e9d\u00e9rer autour des \u00e9critures [&hellip;]","og_url":"https:\/\/officetransportspoetik.com\/index.php\/qui-sommes-nous\/","og_site_name":"Office des Transports Po\u00e9tik","article_publisher":"https:\/\/www.facebook.com\/officedestransportspoetik","article_modified_time":"2024-03-30T11:54:15+00:00","twitter_card":"summary_large_image","twitter_misc":{"Dur\u00e9e de lecture estim\u00e9e":"2 minutes"},"schema":{"@context":"https:\/\/schema.org","@graph":[{"@type":"WebPage","@id":"https:\/\/officetransportspoetik.com\/index.php\/qui-sommes-nous\/","url":"https:\/\/officetransportspoetik.com\/index.php\/qui-sommes-nous\/","name":"QUI SOMMES-NOUS ? - Office des Transports Po\u00e9tik","isPartOf":{"@id":"https:\/\/officetransportspoetik.com\/#website"},"datePublished":"2023-02-13T09:35:22+00:00","dateModified":"2024-03-30T11:54:15+00:00","breadcrumb":{"@id":"https:\/\/officetransportspoetik.com\/index.php\/qui-sommes-nous\/#breadcrumb"},"inLanguage":"fr-FR","potentialAction":[{"@type":"ReadAction","target":["https:\/\/officetransportspoetik.com\/index.php\/qui-sommes-nous\/"]}]},{"@type":"BreadcrumbList","@id":"https:\/\/officetransportspoetik.com\/index.php\/qui-sommes-nous\/#breadcrumb","itemListElement":[{"@type":"ListItem","position":1,"name":"Accueil","item":"https:\/\/officetransportspoetik.com\/"},{"@type":"ListItem","position":2,"name":"QUI SOMMES-NOUS ?"}]},{"@type":"WebSite","@id":"https:\/\/officetransportspoetik.com\/#website","url":"https:\/\/officetransportspoetik.com\/","name":"Office des Transports Po\u00e9tik","description":"autour des \u00e9critures po\u00e9tiques contemporaines","publisher":{"@id":"https:\/\/officetransportspoetik.com\/#organization"},"potentialAction":[{"@type":"SearchAction","target":{"@type":"EntryPoint","urlTemplate":"https:\/\/officetransportspoetik.com\/?s={search_term_string}"},"query-input":{"@type":"PropertyValueSpecification","valueRequired":true,"valueName":"search_term_string"}}],"inLanguage":"fr-FR"},{"@type":"Organization","@id":"https:\/\/officetransportspoetik.com\/#organization","name":"Office des Transports Po\u00e9tik","url":"https:\/\/officetransportspoetik.com\/","logo":{"@type":"ImageObject","inLanguage":"fr-FR","@id":"https:\/\/officetransportspoetik.com\/#\/schema\/logo\/image\/","url":"https:\/\/officetransportspoetik.com\/wp-content\/uploads\/2023\/01\/logo-Office-rouge-pour-programme-festival-2022.jpg","contentUrl":"https:\/\/officetransportspoetik.com\/wp-content\/uploads\/2023\/01\/logo-Office-rouge-pour-programme-festival-2022.jpg","width":1200,"height":500,"caption":"Office des Transports Po\u00e9tik"},"image":{"@id":"https:\/\/officetransportspoetik.com\/#\/schema\/logo\/image\/"},"sameAs":["https:\/\/www.facebook.com\/officedestransportspoetik","https:\/\/www.instagram.com\/office_des_transports_poetik\/"]}]}},"_links":{"self":[{"href":"https:\/\/officetransportspoetik.com\/index.php\/wp-json\/wp\/v2\/pages\/936","targetHints":{"allow":["GET"]}}],"collection":[{"href":"https:\/\/officetransportspoetik.com\/index.php\/wp-json\/wp\/v2\/pages"}],"about":[{"href":"https:\/\/officetransportspoetik.com\/index.php\/wp-json\/wp\/v2\/types\/page"}],"author":[{"embeddable":true,"href":"https:\/\/officetransportspoetik.com\/index.php\/wp-json\/wp\/v2\/users\/1"}],"replies":[{"embeddable":true,"href":"https:\/\/officetransportspoetik.com\/index.php\/wp-json\/wp\/v2\/comments?post=936"}],"version-history":[{"count":50,"href":"https:\/\/officetransportspoetik.com\/index.php\/wp-json\/wp\/v2\/pages\/936\/revisions"}],"predecessor-version":[{"id":3821,"href":"https:\/\/officetransportspoetik.com\/index.php\/wp-json\/wp\/v2\/pages\/936\/revisions\/3821"}],"wp:attachment":[{"href":"https:\/\/officetransportspoetik.com\/index.php\/wp-json\/wp\/v2\/media?parent=936"}],"curies":[{"name":"wp","href":"https:\/\/api.w.org\/{rel}","templated":true}]}}