{"id":5562,"date":"2026-04-13T15:44:03","date_gmt":"2026-04-13T13:44:03","guid":{"rendered":"https:\/\/officetransportspoetik.com\/?page_id=5562"},"modified":"2026-04-15T11:47:52","modified_gmt":"2026-04-15T09:47:52","slug":"mardi-16-juin-2026-joel-vernet","status":"publish","type":"page","link":"https:\/\/officetransportspoetik.com\/index.php\/mardi-16-juin-2026-joel-vernet\/","title":{"rendered":"MARDI 16 JUIN 2026 &#8211; Jo\u00ebl VERNET"},"content":{"rendered":"\t\t<div data-elementor-type=\"wp-page\" data-elementor-id=\"5562\" class=\"elementor elementor-5562\">\n\t\t\t\t\t\t<section class=\"elementor-section elementor-top-section elementor-element elementor-element-77fcc460 elementor-section-boxed elementor-section-height-default elementor-section-height-default\" data-id=\"77fcc460\" data-element_type=\"section\" data-e-type=\"section\">\n\t\t\t\t\t\t<div class=\"elementor-container elementor-column-gap-default\">\n\t\t\t\t\t<div class=\"elementor-column elementor-col-100 elementor-top-column elementor-element elementor-element-483b45c0\" data-id=\"483b45c0\" data-element_type=\"column\" data-e-type=\"column\">\n\t\t\t<div class=\"elementor-widget-wrap elementor-element-populated\">\n\t\t\t\t\t\t<div class=\"elementor-element elementor-element-5e9a7850 elementor-widget elementor-widget-heading\" data-id=\"5e9a7850\" data-element_type=\"widget\" data-e-type=\"widget\" data-widget_type=\"heading.default\">\n\t\t\t\t<div class=\"elementor-widget-container\">\n\t\t\t\t\t<h2 class=\"elementor-heading-title elementor-size-default\">MARDI 16 JUIN 2026 \/ Jo\u00ebl VERNET \/ Librairie LE SQUARE \/ Grenoble<\/h2>\t\t\t\t<\/div>\n\t\t\t\t<\/div>\n\t\t\t\t<div class=\"elementor-element elementor-element-69f2179c elementor-widget-divider--view-line elementor-widget elementor-widget-divider\" data-id=\"69f2179c\" data-element_type=\"widget\" data-e-type=\"widget\" data-widget_type=\"divider.default\">\n\t\t\t\t<div class=\"elementor-widget-container\">\n\t\t\t\t\t\t\t<div class=\"elementor-divider\">\n\t\t\t<span class=\"elementor-divider-separator\">\n\t\t\t\t\t\t<\/span>\n\t\t<\/div>\n\t\t\t\t\t\t<\/div>\n\t\t\t\t<\/div>\n\t\t\t\t\t<\/div>\n\t\t<\/div>\n\t\t\t\t\t<\/div>\n\t\t<\/section>\n\t\t\t\t<section class=\"elementor-section elementor-top-section elementor-element elementor-element-2ba0b895 elementor-section-boxed elementor-section-height-default elementor-section-height-default\" data-id=\"2ba0b895\" data-element_type=\"section\" data-e-type=\"section\">\n\t\t\t\t\t\t<div class=\"elementor-container elementor-column-gap-default\">\n\t\t\t\t\t<div class=\"elementor-column elementor-col-50 elementor-top-column elementor-element elementor-element-1a5e49a1\" data-id=\"1a5e49a1\" data-element_type=\"column\" data-e-type=\"column\">\n\t\t\t<div class=\"elementor-widget-wrap elementor-element-populated\">\n\t\t\t\t\t\t<div class=\"elementor-element elementor-element-3ead4e4b elementor-widget elementor-widget-text-editor\" data-id=\"3ead4e4b\" data-element_type=\"widget\" data-e-type=\"widget\" data-widget_type=\"text-editor.default\">\n\t\t\t\t<div class=\"elementor-widget-container\">\n\t\t\t\t\t\t\t\t\t<h2>19H<\/h2><p><em>gratuit \/ sur r\u00e9servation : r\u00e9servation@librairielesquare.fr<\/em><\/p><p style=\"margin: 0cm; font-size: 12pt; font-family: Calibri, sans-serif; color: #000000; font-style: normal; font-variant-ligatures: normal; font-variant-caps: normal; font-weight: 400;\">\u00a0<\/p>\t\t\t\t\t\t\t\t<\/div>\n\t\t\t\t<\/div>\n\t\t\t\t<div class=\"elementor-element elementor-element-405e179a elementor-widget-divider--view-line elementor-widget elementor-widget-divider\" data-id=\"405e179a\" data-element_type=\"widget\" data-e-type=\"widget\" data-widget_type=\"divider.default\">\n\t\t\t\t<div class=\"elementor-widget-container\">\n\t\t\t\t\t\t\t<div class=\"elementor-divider\">\n\t\t\t<span class=\"elementor-divider-separator\">\n\t\t\t\t\t\t<\/span>\n\t\t<\/div>\n\t\t\t\t\t\t<\/div>\n\t\t\t\t<\/div>\n\t\t\t\t<div class=\"elementor-element elementor-element-3ae3d399 elementor-widget elementor-widget-text-editor\" data-id=\"3ae3d399\" data-element_type=\"widget\" data-e-type=\"widget\" data-widget_type=\"text-editor.default\">\n\t\t\t\t<div class=\"elementor-widget-container\">\n\t\t\t\t\t\t\t\t\t<p class=\"MsoNormal\" style=\"margin: 0cm; font-size: 12pt; font-family: Calibri, sans-serif; color: rgb(0, 0, 0); font-style: normal; font-variant-ligatures: normal; font-variant-caps: normal; font-weight: 400; text-align: justify;\">Po\u00e8te et voyageur, inlassable arpenteur de chemins de traverses, Jo\u00ebl Vernet est l\u2019auteur depuis plus de 40 ans d\u2019une \u0153uvre foisonnante et inclassable. Une voix aussi discr\u00e8te qu\u2019importante dans le paysage de la po\u00e9sie contemporaine que l\u2019on retrouve chez ses \u00e9diteurs complices, Fata Morgana, la Rumeur libre, L\u2019Escampette, Lettres Vives&#8230;<o:p><\/o:p><\/p><p class=\"MsoNormal\" style=\"margin: 0cm; font-size: 12pt; font-family: Calibri, sans-serif; color: rgb(0, 0, 0); font-style: normal; font-variant-ligatures: normal; font-variant-caps: normal; font-weight: 400; text-align: justify;\">Sur sa \u00ab pirogue de papier \u00bb les mots sont une aventure vibrante et cheminent dans la langue et les paysages comme un ancrage n\u00e9cessaire, avec l\u2019infatigable app\u00e9tit d\u2019un r\u00eaveur ivre de vivre face aux clameurs du monde, celles plus intimes. Des fragments de vie cueillis dans les plissures d\u2019un regard, les lumi\u00e8res fr\u00e9missantes d\u2019un paysage, de silhouettes voil\u00e9es de silences et de souvenirs.<o:p><\/o:p><\/p><p class=\"MsoNormal\" style=\"margin: 0cm; font-size: 12pt; font-family: Calibri, sans-serif; color: rgb(0, 0, 0); font-style: normal; font-variant-ligatures: normal; font-variant-caps: normal; font-weight: 400; text-align: justify;\">Une po\u00e9sie arrach\u00e9e \u00e0 l\u2019\u00e9cume du temps, dans les brumes et les murmures qui s\u2019y renferment. Une po\u00e9sie de l\u2019errance qui rencontre l\u2019instant, les bruissements du monde et ses \u00e9clats d&rsquo;humanit\u00e9, o\u00f9 se d\u00e9plie la beaut\u00e9 fragile, sauvage et contemplative des horizons travers\u00e9s, de ceux plus fraternels qu\u2019il reste \u00e0 inventer. Reste \u00e0 y monter le temps d\u2019une rencontre et de quelques lectures.<o:p><\/o:p><\/p>\t\t\t\t\t\t\t\t<\/div>\n\t\t\t\t<\/div>\n\t\t\t\t<div class=\"elementor-element elementor-element-12ae6dfe elementor-widget elementor-widget-text-editor\" data-id=\"12ae6dfe\" data-element_type=\"widget\" data-e-type=\"widget\" data-widget_type=\"text-editor.default\">\n\t\t\t\t<div class=\"elementor-widget-container\">\n\t\t\t\t\t\t\t\t\t<p><strong>animation<\/strong> :\u00a0<span style=\"font-family: 'Open Sans', sans-serif; font-size: 14px; font-style: normal; font-variant-caps: normal;\">\u00a0<b>Mathieu Lartaud<\/b><\/span><\/p>\t\t\t\t\t\t\t\t<\/div>\n\t\t\t\t<\/div>\n\t\t\t\t<div class=\"elementor-element elementor-element-5d889a2b elementor-widget elementor-widget-text-editor\" data-id=\"5d889a2b\" data-element_type=\"widget\" data-e-type=\"widget\" data-widget_type=\"text-editor.default\">\n\t\t\t\t<div class=\"elementor-widget-container\">\n\t\t\t\t\t\t\t\t\t<p>2, place Dr L\u00e9on Martin, Grenoble<\/p>\t\t\t\t\t\t\t\t<\/div>\n\t\t\t\t<\/div>\n\t\t\t\t\t<\/div>\n\t\t<\/div>\n\t\t\t\t<div class=\"elementor-column elementor-col-50 elementor-top-column elementor-element elementor-element-26a65fa0\" data-id=\"26a65fa0\" data-element_type=\"column\" data-e-type=\"column\">\n\t\t\t<div class=\"elementor-widget-wrap elementor-element-populated\">\n\t\t\t\t\t\t<section class=\"elementor-section elementor-inner-section elementor-element elementor-element-413ca435 elementor-section-boxed elementor-section-height-default elementor-section-height-default\" data-id=\"413ca435\" data-element_type=\"section\" data-e-type=\"section\">\n\t\t\t\t\t\t<div class=\"elementor-container elementor-column-gap-default\">\n\t\t\t\t\t<div class=\"elementor-column elementor-col-100 elementor-inner-column elementor-element elementor-element-75a9ba10\" data-id=\"75a9ba10\" data-element_type=\"column\" data-e-type=\"column\">\n\t\t\t<div class=\"elementor-widget-wrap elementor-element-populated\">\n\t\t\t\t\t\t<div class=\"elementor-element elementor-element-47f46531 elementor-widget elementor-widget-image\" data-id=\"47f46531\" data-element_type=\"widget\" data-e-type=\"widget\" data-widget_type=\"image.default\">\n\t\t\t\t<div class=\"elementor-widget-container\">\n\t\t\t\t\t\t\t\t\t\t\t\t\t\t\t<img fetchpriority=\"high\" decoding=\"async\" width=\"396\" height=\"360\" src=\"https:\/\/officetransportspoetik.com\/wp-content\/uploads\/2026\/03\/image-1-396x360.png\" class=\"attachment-htmega_size_396x360 size-htmega_size_396x360 wp-image-5307\" alt=\"\" \/>\t\t\t\t\t\t\t\t\t\t\t\t\t\t\t<\/div>\n\t\t\t\t<\/div>\n\t\t\t\t<div class=\"elementor-element elementor-element-6be07a56 elementor-widget elementor-widget-heading\" data-id=\"6be07a56\" data-element_type=\"widget\" data-e-type=\"widget\" data-widget_type=\"heading.default\">\n\t\t\t\t<div class=\"elementor-widget-container\">\n\t\t\t\t\t<h2 class=\"elementor-heading-title elementor-size-small\"><a href=\"https:\/\/editionszoe.ch\/auteur\/joel-vernet\/\">Jo\u00ebl VERNET<\/a><\/h2>\t\t\t\t<\/div>\n\t\t\t\t<\/div>\n\t\t\t\t\t<\/div>\n\t\t<\/div>\n\t\t\t\t\t<\/div>\n\t\t<\/section>\n\t\t\t\t\t<\/div>\n\t\t<\/div>\n\t\t\t\t\t<\/div>\n\t\t<\/section>\n\t\t\t\t<\/div>\n\t\t","protected":false},"excerpt":{"rendered":"<p>MARDI 16 JUIN 2026 \/ Jo\u00ebl VERNET \/ Librairie LE SQUARE \/ Grenoble 19H gratuit \/ sur r\u00e9servation : r\u00e9servation@librairielesquare.fr \u00a0 Po\u00e8te et voyageur, inlassable arpenteur de chemins de traverses, Jo\u00ebl Vernet est l\u2019auteur depuis plus de 40 ans d\u2019une \u0153uvre foisonnante et inclassable. Une voix aussi discr\u00e8te qu\u2019importante dans le paysage de la po\u00e9sie [&hellip;]<\/p>\n","protected":false},"author":1,"featured_media":0,"parent":0,"menu_order":0,"comment_status":"closed","ping_status":"closed","template":"elementor_header_footer","meta":{"ocean_post_layout":"","ocean_both_sidebars_style":"","ocean_both_sidebars_content_width":0,"ocean_both_sidebars_sidebars_width":0,"ocean_sidebar":"","ocean_second_sidebar":"","ocean_disable_margins":"enable","ocean_add_body_class":"","ocean_shortcode_before_top_bar":"","ocean_shortcode_after_top_bar":"","ocean_shortcode_before_header":"","ocean_shortcode_after_header":"","ocean_has_shortcode":"","ocean_shortcode_after_title":"","ocean_shortcode_before_footer_widgets":"","ocean_shortcode_after_footer_widgets":"","ocean_shortcode_before_footer_bottom":"","ocean_shortcode_after_footer_bottom":"","ocean_display_top_bar":"default","ocean_display_header":"default","ocean_header_style":"","ocean_center_header_left_menu":"","ocean_custom_header_template":"","ocean_custom_logo":0,"ocean_custom_retina_logo":0,"ocean_custom_logo_max_width":0,"ocean_custom_logo_tablet_max_width":0,"ocean_custom_logo_mobile_max_width":0,"ocean_custom_logo_max_height":0,"ocean_custom_logo_tablet_max_height":0,"ocean_custom_logo_mobile_max_height":0,"ocean_header_custom_menu":"","ocean_menu_typo_font_family":"","ocean_menu_typo_font_subset":"","ocean_menu_typo_font_size":0,"ocean_menu_typo_font_size_tablet":0,"ocean_menu_typo_font_size_mobile":0,"ocean_menu_typo_font_size_unit":"px","ocean_menu_typo_font_weight":"","ocean_menu_typo_font_weight_tablet":"","ocean_menu_typo_font_weight_mobile":"","ocean_menu_typo_transform":"","ocean_menu_typo_transform_tablet":"","ocean_menu_typo_transform_mobile":"","ocean_menu_typo_line_height":0,"ocean_menu_typo_line_height_tablet":0,"ocean_menu_typo_line_height_mobile":0,"ocean_menu_typo_line_height_unit":"","ocean_menu_typo_spacing":0,"ocean_menu_typo_spacing_tablet":0,"ocean_menu_typo_spacing_mobile":0,"ocean_menu_typo_spacing_unit":"","ocean_menu_link_color":"","ocean_menu_link_color_hover":"","ocean_menu_link_color_active":"","ocean_menu_link_background":"","ocean_menu_link_hover_background":"","ocean_menu_link_active_background":"","ocean_menu_social_links_bg":"","ocean_menu_social_hover_links_bg":"","ocean_menu_social_links_color":"","ocean_menu_social_hover_links_color":"","ocean_disable_title":"default","ocean_disable_heading":"default","ocean_post_title":"","ocean_post_subheading":"","ocean_post_title_style":"","ocean_post_title_background_color":"","ocean_post_title_background":0,"ocean_post_title_bg_image_position":"","ocean_post_title_bg_image_attachment":"","ocean_post_title_bg_image_repeat":"","ocean_post_title_bg_image_size":"","ocean_post_title_height":0,"ocean_post_title_bg_overlay":0.5,"ocean_post_title_bg_overlay_color":"","ocean_disable_breadcrumbs":"default","ocean_breadcrumbs_color":"","ocean_breadcrumbs_separator_color":"","ocean_breadcrumbs_links_color":"","ocean_breadcrumbs_links_hover_color":"","ocean_display_footer_widgets":"default","ocean_display_footer_bottom":"default","ocean_custom_footer_template":"","footnotes":""},"class_list":["post-5562","page","type-page","status-publish","hentry","entry"],"yoast_head":"<!-- This site is optimized with the Yoast SEO plugin v27.4 - https:\/\/yoast.com\/product\/yoast-seo-wordpress\/ -->\n<title>MARDI 16 JUIN 2026 - Jo\u00ebl VERNET - Office des Transports Po\u00e9tik<\/title>\n<meta name=\"robots\" content=\"index, follow, max-snippet:-1, max-image-preview:large, max-video-preview:-1\" \/>\n<link rel=\"canonical\" href=\"https:\/\/officetransportspoetik.com\/index.php\/mardi-16-juin-2026-joel-vernet\/\" \/>\n<meta property=\"og:locale\" content=\"fr_FR\" \/>\n<meta property=\"og:type\" content=\"article\" \/>\n<meta property=\"og:title\" content=\"MARDI 16 JUIN 2026 - Jo\u00ebl VERNET - Office des Transports Po\u00e9tik\" \/>\n<meta property=\"og:description\" content=\"MARDI 16 JUIN 2026 \/ Jo\u00ebl VERNET \/ Librairie LE SQUARE \/ Grenoble 19H gratuit \/ sur r\u00e9servation : r\u00e9servation@librairielesquare.fr \u00a0 Po\u00e8te et voyageur, inlassable arpenteur de chemins de traverses, Jo\u00ebl Vernet est l\u2019auteur depuis plus de 40 ans d\u2019une \u0153uvre foisonnante et inclassable. Une voix aussi discr\u00e8te qu\u2019importante dans le paysage de la po\u00e9sie [&hellip;]\" \/>\n<meta property=\"og:url\" content=\"https:\/\/officetransportspoetik.com\/index.php\/mardi-16-juin-2026-joel-vernet\/\" \/>\n<meta property=\"og:site_name\" content=\"Office des Transports Po\u00e9tik\" \/>\n<meta property=\"article:publisher\" content=\"https:\/\/www.facebook.com\/officedestransportspoetik\" \/>\n<meta property=\"article:modified_time\" content=\"2026-04-15T09:47:52+00:00\" \/>\n<meta property=\"og:image\" content=\"https:\/\/officetransportspoetik.com\/wp-content\/uploads\/2026\/03\/image-1.png\" \/>\n\t<meta property=\"og:image:width\" content=\"1600\" \/>\n\t<meta property=\"og:image:height\" content=\"1200\" \/>\n\t<meta property=\"og:image:type\" content=\"image\/png\" \/>\n<meta name=\"twitter:card\" content=\"summary_large_image\" \/>\n<meta name=\"twitter:label1\" content=\"Dur\u00e9e de lecture estim\u00e9e\" \/>\n\t<meta name=\"twitter:data1\" content=\"2 minutes\" \/>\n<script type=\"application\/ld+json\" class=\"yoast-schema-graph\">{\"@context\":\"https:\\\/\\\/schema.org\",\"@graph\":[{\"@type\":\"WebPage\",\"@id\":\"https:\\\/\\\/officetransportspoetik.com\\\/index.php\\\/mardi-16-juin-2026-joel-vernet\\\/\",\"url\":\"https:\\\/\\\/officetransportspoetik.com\\\/index.php\\\/mardi-16-juin-2026-joel-vernet\\\/\",\"name\":\"MARDI 16 JUIN 2026 - Jo\u00ebl VERNET - Office des Transports Po\u00e9tik\",\"isPartOf\":{\"@id\":\"https:\\\/\\\/officetransportspoetik.com\\\/#website\"},\"primaryImageOfPage\":{\"@id\":\"https:\\\/\\\/officetransportspoetik.com\\\/index.php\\\/mardi-16-juin-2026-joel-vernet\\\/#primaryimage\"},\"image\":{\"@id\":\"https:\\\/\\\/officetransportspoetik.com\\\/index.php\\\/mardi-16-juin-2026-joel-vernet\\\/#primaryimage\"},\"thumbnailUrl\":\"https:\\\/\\\/officetransportspoetik.com\\\/wp-content\\\/uploads\\\/2026\\\/03\\\/image-1-396x360.png\",\"datePublished\":\"2026-04-13T13:44:03+00:00\",\"dateModified\":\"2026-04-15T09:47:52+00:00\",\"breadcrumb\":{\"@id\":\"https:\\\/\\\/officetransportspoetik.com\\\/index.php\\\/mardi-16-juin-2026-joel-vernet\\\/#breadcrumb\"},\"inLanguage\":\"fr-FR\",\"potentialAction\":[{\"@type\":\"ReadAction\",\"target\":[\"https:\\\/\\\/officetransportspoetik.com\\\/index.php\\\/mardi-16-juin-2026-joel-vernet\\\/\"]}]},{\"@type\":\"ImageObject\",\"inLanguage\":\"fr-FR\",\"@id\":\"https:\\\/\\\/officetransportspoetik.com\\\/index.php\\\/mardi-16-juin-2026-joel-vernet\\\/#primaryimage\",\"url\":\"https:\\\/\\\/officetransportspoetik.com\\\/wp-content\\\/uploads\\\/2026\\\/03\\\/image-1.png\",\"contentUrl\":\"https:\\\/\\\/officetransportspoetik.com\\\/wp-content\\\/uploads\\\/2026\\\/03\\\/image-1.png\",\"width\":1600,\"height\":1200},{\"@type\":\"BreadcrumbList\",\"@id\":\"https:\\\/\\\/officetransportspoetik.com\\\/index.php\\\/mardi-16-juin-2026-joel-vernet\\\/#breadcrumb\",\"itemListElement\":[{\"@type\":\"ListItem\",\"position\":1,\"name\":\"Accueil\",\"item\":\"https:\\\/\\\/officetransportspoetik.com\\\/\"},{\"@type\":\"ListItem\",\"position\":2,\"name\":\"MARDI 16 JUIN 2026 &#8211; Jo\u00ebl VERNET\"}]},{\"@type\":\"WebSite\",\"@id\":\"https:\\\/\\\/officetransportspoetik.com\\\/#website\",\"url\":\"https:\\\/\\\/officetransportspoetik.com\\\/\",\"name\":\"Office des Transports Po\u00e9tik\",\"description\":\"autour des \u00e9critures po\u00e9tiques contemporaines\",\"publisher\":{\"@id\":\"https:\\\/\\\/officetransportspoetik.com\\\/#organization\"},\"potentialAction\":[{\"@type\":\"SearchAction\",\"target\":{\"@type\":\"EntryPoint\",\"urlTemplate\":\"https:\\\/\\\/officetransportspoetik.com\\\/?s={search_term_string}\"},\"query-input\":{\"@type\":\"PropertyValueSpecification\",\"valueRequired\":true,\"valueName\":\"search_term_string\"}}],\"inLanguage\":\"fr-FR\"},{\"@type\":\"Organization\",\"@id\":\"https:\\\/\\\/officetransportspoetik.com\\\/#organization\",\"name\":\"Office des Transports Po\u00e9tik\",\"url\":\"https:\\\/\\\/officetransportspoetik.com\\\/\",\"logo\":{\"@type\":\"ImageObject\",\"inLanguage\":\"fr-FR\",\"@id\":\"https:\\\/\\\/officetransportspoetik.com\\\/#\\\/schema\\\/logo\\\/image\\\/\",\"url\":\"https:\\\/\\\/officetransportspoetik.com\\\/wp-content\\\/uploads\\\/2023\\\/01\\\/logo-Office-rouge-pour-programme-festival-2022.jpg\",\"contentUrl\":\"https:\\\/\\\/officetransportspoetik.com\\\/wp-content\\\/uploads\\\/2023\\\/01\\\/logo-Office-rouge-pour-programme-festival-2022.jpg\",\"width\":1200,\"height\":500,\"caption\":\"Office des Transports Po\u00e9tik\"},\"image\":{\"@id\":\"https:\\\/\\\/officetransportspoetik.com\\\/#\\\/schema\\\/logo\\\/image\\\/\"},\"sameAs\":[\"https:\\\/\\\/www.facebook.com\\\/officedestransportspoetik\",\"https:\\\/\\\/www.instagram.com\\\/office_des_transports_poetik\\\/\"]}]}<\/script>\n<!-- \/ Yoast SEO plugin. -->","yoast_head_json":{"title":"MARDI 16 JUIN 2026 - Jo\u00ebl VERNET - Office des Transports Po\u00e9tik","robots":{"index":"index","follow":"follow","max-snippet":"max-snippet:-1","max-image-preview":"max-image-preview:large","max-video-preview":"max-video-preview:-1"},"canonical":"https:\/\/officetransportspoetik.com\/index.php\/mardi-16-juin-2026-joel-vernet\/","og_locale":"fr_FR","og_type":"article","og_title":"MARDI 16 JUIN 2026 - Jo\u00ebl VERNET - Office des Transports Po\u00e9tik","og_description":"MARDI 16 JUIN 2026 \/ Jo\u00ebl VERNET \/ Librairie LE SQUARE \/ Grenoble 19H gratuit \/ sur r\u00e9servation : r\u00e9servation@librairielesquare.fr \u00a0 Po\u00e8te et voyageur, inlassable arpenteur de chemins de traverses, Jo\u00ebl Vernet est l\u2019auteur depuis plus de 40 ans d\u2019une \u0153uvre foisonnante et inclassable. Une voix aussi discr\u00e8te qu\u2019importante dans le paysage de la po\u00e9sie [&hellip;]","og_url":"https:\/\/officetransportspoetik.com\/index.php\/mardi-16-juin-2026-joel-vernet\/","og_site_name":"Office des Transports Po\u00e9tik","article_publisher":"https:\/\/www.facebook.com\/officedestransportspoetik","article_modified_time":"2026-04-15T09:47:52+00:00","og_image":[{"width":1600,"height":1200,"url":"https:\/\/officetransportspoetik.com\/wp-content\/uploads\/2026\/03\/image-1.png","type":"image\/png"}],"twitter_card":"summary_large_image","twitter_misc":{"Dur\u00e9e de lecture estim\u00e9e":"2 minutes"},"schema":{"@context":"https:\/\/schema.org","@graph":[{"@type":"WebPage","@id":"https:\/\/officetransportspoetik.com\/index.php\/mardi-16-juin-2026-joel-vernet\/","url":"https:\/\/officetransportspoetik.com\/index.php\/mardi-16-juin-2026-joel-vernet\/","name":"MARDI 16 JUIN 2026 - Jo\u00ebl VERNET - Office des Transports Po\u00e9tik","isPartOf":{"@id":"https:\/\/officetransportspoetik.com\/#website"},"primaryImageOfPage":{"@id":"https:\/\/officetransportspoetik.com\/index.php\/mardi-16-juin-2026-joel-vernet\/#primaryimage"},"image":{"@id":"https:\/\/officetransportspoetik.com\/index.php\/mardi-16-juin-2026-joel-vernet\/#primaryimage"},"thumbnailUrl":"https:\/\/officetransportspoetik.com\/wp-content\/uploads\/2026\/03\/image-1-396x360.png","datePublished":"2026-04-13T13:44:03+00:00","dateModified":"2026-04-15T09:47:52+00:00","breadcrumb":{"@id":"https:\/\/officetransportspoetik.com\/index.php\/mardi-16-juin-2026-joel-vernet\/#breadcrumb"},"inLanguage":"fr-FR","potentialAction":[{"@type":"ReadAction","target":["https:\/\/officetransportspoetik.com\/index.php\/mardi-16-juin-2026-joel-vernet\/"]}]},{"@type":"ImageObject","inLanguage":"fr-FR","@id":"https:\/\/officetransportspoetik.com\/index.php\/mardi-16-juin-2026-joel-vernet\/#primaryimage","url":"https:\/\/officetransportspoetik.com\/wp-content\/uploads\/2026\/03\/image-1.png","contentUrl":"https:\/\/officetransportspoetik.com\/wp-content\/uploads\/2026\/03\/image-1.png","width":1600,"height":1200},{"@type":"BreadcrumbList","@id":"https:\/\/officetransportspoetik.com\/index.php\/mardi-16-juin-2026-joel-vernet\/#breadcrumb","itemListElement":[{"@type":"ListItem","position":1,"name":"Accueil","item":"https:\/\/officetransportspoetik.com\/"},{"@type":"ListItem","position":2,"name":"MARDI 16 JUIN 2026 &#8211; Jo\u00ebl VERNET"}]},{"@type":"WebSite","@id":"https:\/\/officetransportspoetik.com\/#website","url":"https:\/\/officetransportspoetik.com\/","name":"Office des Transports Po\u00e9tik","description":"autour des \u00e9critures po\u00e9tiques contemporaines","publisher":{"@id":"https:\/\/officetransportspoetik.com\/#organization"},"potentialAction":[{"@type":"SearchAction","target":{"@type":"EntryPoint","urlTemplate":"https:\/\/officetransportspoetik.com\/?s={search_term_string}"},"query-input":{"@type":"PropertyValueSpecification","valueRequired":true,"valueName":"search_term_string"}}],"inLanguage":"fr-FR"},{"@type":"Organization","@id":"https:\/\/officetransportspoetik.com\/#organization","name":"Office des Transports Po\u00e9tik","url":"https:\/\/officetransportspoetik.com\/","logo":{"@type":"ImageObject","inLanguage":"fr-FR","@id":"https:\/\/officetransportspoetik.com\/#\/schema\/logo\/image\/","url":"https:\/\/officetransportspoetik.com\/wp-content\/uploads\/2023\/01\/logo-Office-rouge-pour-programme-festival-2022.jpg","contentUrl":"https:\/\/officetransportspoetik.com\/wp-content\/uploads\/2023\/01\/logo-Office-rouge-pour-programme-festival-2022.jpg","width":1200,"height":500,"caption":"Office des Transports Po\u00e9tik"},"image":{"@id":"https:\/\/officetransportspoetik.com\/#\/schema\/logo\/image\/"},"sameAs":["https:\/\/www.facebook.com\/officedestransportspoetik","https:\/\/www.instagram.com\/office_des_transports_poetik\/"]}]}},"_links":{"self":[{"href":"https:\/\/officetransportspoetik.com\/index.php\/wp-json\/wp\/v2\/pages\/5562","targetHints":{"allow":["GET"]}}],"collection":[{"href":"https:\/\/officetransportspoetik.com\/index.php\/wp-json\/wp\/v2\/pages"}],"about":[{"href":"https:\/\/officetransportspoetik.com\/index.php\/wp-json\/wp\/v2\/types\/page"}],"author":[{"embeddable":true,"href":"https:\/\/officetransportspoetik.com\/index.php\/wp-json\/wp\/v2\/users\/1"}],"replies":[{"embeddable":true,"href":"https:\/\/officetransportspoetik.com\/index.php\/wp-json\/wp\/v2\/comments?post=5562"}],"version-history":[{"count":19,"href":"https:\/\/officetransportspoetik.com\/index.php\/wp-json\/wp\/v2\/pages\/5562\/revisions"}],"predecessor-version":[{"id":5730,"href":"https:\/\/officetransportspoetik.com\/index.php\/wp-json\/wp\/v2\/pages\/5562\/revisions\/5730"}],"wp:attachment":[{"href":"https:\/\/officetransportspoetik.com\/index.php\/wp-json\/wp\/v2\/media?parent=5562"}],"curies":[{"name":"wp","href":"https:\/\/api.w.org\/{rel}","templated":true}]}}