{"id":5541,"date":"2026-04-13T15:33:44","date_gmt":"2026-04-13T13:33:44","guid":{"rendered":"https:\/\/officetransportspoetik.com\/?page_id=5541"},"modified":"2026-04-13T15:45:03","modified_gmt":"2026-04-13T13:45:03","slug":"dimanche-14-juin-2026-elisabeth-chabuel","status":"publish","type":"page","link":"https:\/\/officetransportspoetik.com\/index.php\/dimanche-14-juin-2026-elisabeth-chabuel\/","title":{"rendered":"DIMANCHE 14 JUIN 2026 &#8211; ELISABETH CHABUEL"},"content":{"rendered":"\t\t<div data-elementor-type=\"wp-page\" data-elementor-id=\"5541\" class=\"elementor elementor-5541\">\n\t\t\t\t\t\t<section class=\"elementor-section elementor-top-section elementor-element elementor-element-28272b1e elementor-section-boxed elementor-section-height-default elementor-section-height-default\" data-id=\"28272b1e\" data-element_type=\"section\" data-e-type=\"section\">\n\t\t\t\t\t\t<div class=\"elementor-container elementor-column-gap-default\">\n\t\t\t\t\t<div class=\"elementor-column elementor-col-100 elementor-top-column elementor-element elementor-element-590a53c1\" data-id=\"590a53c1\" data-element_type=\"column\" data-e-type=\"column\">\n\t\t\t<div class=\"elementor-widget-wrap elementor-element-populated\">\n\t\t\t\t\t\t<div class=\"elementor-element elementor-element-7807585f elementor-widget elementor-widget-heading\" data-id=\"7807585f\" data-element_type=\"widget\" data-e-type=\"widget\" data-widget_type=\"heading.default\">\n\t\t\t\t<div class=\"elementor-widget-container\">\n\t\t\t\t\t<h2 class=\"elementor-heading-title elementor-size-default\">DIMANCHE 14 JUIN 2026 \/ ELISABETH CHABUEL \/ L\u00c0-BAST !<\/h2>\t\t\t\t<\/div>\n\t\t\t\t<\/div>\n\t\t\t\t<div class=\"elementor-element elementor-element-51350f6e elementor-widget-divider--view-line elementor-widget elementor-widget-divider\" data-id=\"51350f6e\" data-element_type=\"widget\" data-e-type=\"widget\" data-widget_type=\"divider.default\">\n\t\t\t\t<div class=\"elementor-widget-container\">\n\t\t\t\t\t\t\t<div class=\"elementor-divider\">\n\t\t\t<span class=\"elementor-divider-separator\">\n\t\t\t\t\t\t<\/span>\n\t\t<\/div>\n\t\t\t\t\t\t<\/div>\n\t\t\t\t<\/div>\n\t\t\t\t\t<\/div>\n\t\t<\/div>\n\t\t\t\t\t<\/div>\n\t\t<\/section>\n\t\t\t\t<section class=\"elementor-section elementor-top-section elementor-element elementor-element-6c4a728c elementor-section-boxed elementor-section-height-default elementor-section-height-default\" data-id=\"6c4a728c\" data-element_type=\"section\" data-e-type=\"section\">\n\t\t\t\t\t\t<div class=\"elementor-container elementor-column-gap-default\">\n\t\t\t\t\t<div class=\"elementor-column elementor-col-50 elementor-top-column elementor-element elementor-element-43003b00\" data-id=\"43003b00\" data-element_type=\"column\" data-e-type=\"column\">\n\t\t\t<div class=\"elementor-widget-wrap elementor-element-populated\">\n\t\t\t\t\t\t<div class=\"elementor-element elementor-element-6020f9c6 elementor-widget elementor-widget-heading\" data-id=\"6020f9c6\" data-element_type=\"widget\" data-e-type=\"widget\" data-widget_type=\"heading.default\">\n\t\t\t\t<div class=\"elementor-widget-container\">\n\t\t\t\t\t<h2 class=\"elementor-heading-title elementor-size-default\">dimanche L\u00c0-BAST ! avec \u00c9lisabeth CHABUEL<\/h2>\t\t\t\t<\/div>\n\t\t\t\t<\/div>\n\t\t\t\t<div class=\"elementor-element elementor-element-2b9ffaef elementor-widget elementor-widget-text-editor\" data-id=\"2b9ffaef\" data-element_type=\"widget\" data-e-type=\"widget\" data-widget_type=\"text-editor.default\">\n\t\t\t\t<div class=\"elementor-widget-container\">\n\t\t\t\t\t\t\t\t\t<p style=\"font-variant-caps: normal; font-family: 'Open Sans', sans-serif; font-size: 14px; font-style: normal;\"><span style=\"font-family: 'Open Sans', sans-serif; font-size: 14px; font-style: normal; font-variant-caps: normal; font-weight: 600;\">en compagnie d&rsquo;Anais ESCOT de l&rsquo;association Les Machines\u00a0<\/span><\/p>\t\t\t\t\t\t\t\t<\/div>\n\t\t\t\t<\/div>\n\t\t\t\t<div class=\"elementor-element elementor-element-7307f8b0 elementor-widget elementor-widget-text-editor\" data-id=\"7307f8b0\" data-element_type=\"widget\" data-e-type=\"widget\" data-widget_type=\"text-editor.default\">\n\t\t\t\t<div class=\"elementor-widget-container\">\n\t\t\t\t\t\t\t\t\t<h2>14h &#8211; atelier d&rsquo;\u00e9criture\u00a0<\/h2><h2>16H &#8211; lecture et rencontre au Centre d&rsquo;Art Bastille<\/h2><p><em>gratuit \/ sur r\u00e9servation : transportspoetik@gmail.com<\/em><\/p>\t\t\t\t\t\t\t\t<\/div>\n\t\t\t\t<\/div>\n\t\t\t\t<div class=\"elementor-element elementor-element-1e9e7b8c elementor-widget-divider--view-line elementor-widget elementor-widget-divider\" data-id=\"1e9e7b8c\" data-element_type=\"widget\" data-e-type=\"widget\" data-widget_type=\"divider.default\">\n\t\t\t\t<div class=\"elementor-widget-container\">\n\t\t\t\t\t\t\t<div class=\"elementor-divider\">\n\t\t\t<span class=\"elementor-divider-separator\">\n\t\t\t\t\t\t<\/span>\n\t\t<\/div>\n\t\t\t\t\t\t<\/div>\n\t\t\t\t<\/div>\n\t\t\t\t<div class=\"elementor-element elementor-element-494f5dbb elementor-widget elementor-widget-text-editor\" data-id=\"494f5dbb\" data-element_type=\"widget\" data-e-type=\"widget\" data-widget_type=\"text-editor.default\">\n\t\t\t\t<div class=\"elementor-widget-container\">\n\t\t\t\t\t\t\t\t\t<p>dur\u00e9e de l&rsquo;atelier : 1h30<\/p><p>\u00a0<\/p><p>*pr\u00e9voir des bonnes chaussures, de l&rsquo;eau et de quoi se prot\u00e9ger du soleil<\/p>\t\t\t\t\t\t\t\t<\/div>\n\t\t\t\t<\/div>\n\t\t\t\t<div class=\"elementor-element elementor-element-c5f0bdd elementor-widget elementor-widget-text-editor\" data-id=\"c5f0bdd\" data-element_type=\"widget\" data-e-type=\"widget\" data-widget_type=\"text-editor.default\">\n\t\t\t\t<div class=\"elementor-widget-container\">\n\t\t\t\t\t\t\t\t\t<p style=\"margin: 0cm; font-size: medium; font-family: Calibri, sans-serif; caret-color: #000000; color: #000000; font-style: normal; font-variant-caps: normal;\"><span style=\"font-family: Calibri, sans-serif; font-size: 12pt; font-style: normal; font-variant-ligatures: normal; font-variant-caps: normal; font-weight: 400; text-align: justify;\">La Bastille est ce lieu depuis lequel, nous, les grenoblois, venons nous regarder nous-m\u00eames, o\u00f9 nous reconnaissons nos habitations miniatures, nos trajets, de fourmis. C&rsquo;est l\u00e0 o\u00f9 nous venons prendre la mesure de notre petitesse depuis la Chartreuse et face \u00e0 Belledonne. C&rsquo;est \u00e9galement cet endroit de fantasmes, de grottes, de casemates qui m\u00ealent le b\u00e2ti \u00e0 la roche grise et font surgir un imaginaire de r\u00e9sistance et de veille ! Mais enfin c&rsquo;est aussi tout son contraire, le lieu d&rsquo;une r\u00eaverie de lib\u00e9ration au-del\u00e0 des fronti\u00e8res montagneuses, appelant une relation au monde, aux cardinaux, aux levants, aux couchants, aux grandes directions. \u00c9crire l\u00e0-haut, depuis l\u00e0-haut et en chemin, c&rsquo;est l&rsquo;exp\u00e9rience que nous vous proposons. Cette ann\u00e9e, nous embo\u00eeterons les pas de la po\u00e9tesse grenobloise Elisabeth Chabuel pour nous essayer \u00e0 l\u2019\u00e9criture et d\u00e9couvrir les influences litt\u00e9raires de l\u2019autrice. La mont\u00e9e se conclura par un temps de rencontre avec la po\u00e9tesse autour de son dernier livre Je suis le mur, o\u00f9 la voix est donn\u00e9e \u00e0 un mur plac\u00e9 \u00e0 la fronti\u00e8re comme t\u00e9moin des fureurs du monde. La randonn\u00e9e se terminera par une restitution des textes \u00e9crits pendant la randonn\u00e9e.<\/span><\/p><p style=\"margin: 0cm; font-size: 12pt; font-family: Calibri, sans-serif; color: #000000; font-style: normal; font-variant-ligatures: normal; font-variant-caps: normal; font-weight: 400; text-align: justify;\">\u00a0<\/p><p style=\"margin: 0cm; font-size: 12pt; font-family: Calibri, sans-serif; color: #000000; font-style: normal; font-variant-ligatures: normal; font-variant-caps: normal; font-weight: 400; text-align: justify;\">Balade \u00e9criture \u00e0 la mont\u00e9e sur les lacets du chemin, temps de lecture et d&rsquo;\u00e9criture au Centre d\u2019art Bastille et redescente en bulles offerte par la R\u00e9gie t\u00e9l\u00e9ph\u00e9rique Bastille.<\/p>\t\t\t\t\t\t\t\t<\/div>\n\t\t\t\t<\/div>\n\t\t\t\t<div class=\"elementor-element elementor-element-65532a6f elementor-widget elementor-widget-text-editor\" data-id=\"65532a6f\" data-element_type=\"widget\" data-e-type=\"widget\" data-widget_type=\"text-editor.default\">\n\t\t\t\t<div class=\"elementor-widget-container\">\n\t\t\t\t\t\t\t\t\t<p>:\u00a0<span style=\"font-family: 'Open Sans', sans-serif; font-size: 14px; font-style: normal; font-variant-caps: normal;\">\u00a0<\/span><\/p>\t\t\t\t\t\t\t\t<\/div>\n\t\t\t\t<\/div>\n\t\t\t\t<div class=\"elementor-element elementor-element-64a51301 elementor-widget elementor-widget-text-editor\" data-id=\"64a51301\" data-element_type=\"widget\" data-e-type=\"widget\" data-widget_type=\"text-editor.default\">\n\t\t\t\t<div class=\"elementor-widget-container\">\n\t\t\t\t\t\t\t\t\t<p>6, place de Sfax, Grenoble<\/p>\t\t\t\t\t\t\t\t<\/div>\n\t\t\t\t<\/div>\n\t\t\t\t<div class=\"elementor-element elementor-element-3c5d7bf3 elementor-widget elementor-widget-text-editor\" data-id=\"3c5d7bf3\" data-element_type=\"widget\" data-e-type=\"widget\" data-widget_type=\"text-editor.default\">\n\t\t\t\t<div class=\"elementor-widget-container\">\n\t\t\t\t\t\t\t\t\t<p><strong>Partenaires associ\u00e9s : association Les Machines, Centre d&rsquo;art Bastille, T\u00e9l\u00e9ph\u00e9rique Grenoble-Bastille<\/strong><\/p><p><strong>\u00e0 lire : \u00c9lisabeth Chabuel, Je suis le mur, \u00e9d. Cheyne, 2025<\/strong><\/p>\t\t\t\t\t\t\t\t<\/div>\n\t\t\t\t<\/div>\n\t\t\t\t\t<\/div>\n\t\t<\/div>\n\t\t\t\t<div class=\"elementor-column elementor-col-50 elementor-top-column elementor-element elementor-element-5a683cfa\" data-id=\"5a683cfa\" data-element_type=\"column\" data-e-type=\"column\">\n\t\t\t<div class=\"elementor-widget-wrap elementor-element-populated\">\n\t\t\t\t\t\t<section class=\"elementor-section elementor-inner-section elementor-element elementor-element-2aa5c8f9 elementor-section-boxed elementor-section-height-default elementor-section-height-default\" data-id=\"2aa5c8f9\" data-element_type=\"section\" data-e-type=\"section\">\n\t\t\t\t\t\t<div class=\"elementor-container elementor-column-gap-default\">\n\t\t\t\t\t<div class=\"elementor-column elementor-col-100 elementor-inner-column elementor-element elementor-element-1d78edda\" data-id=\"1d78edda\" data-element_type=\"column\" data-e-type=\"column\">\n\t\t\t<div class=\"elementor-widget-wrap\">\n\t\t\t\t\t\t\t<\/div>\n\t\t<\/div>\n\t\t\t\t\t<\/div>\n\t\t<\/section>\n\t\t\t\t<div class=\"elementor-element elementor-element-398c82a9 elementor-widget elementor-widget-image\" data-id=\"398c82a9\" data-element_type=\"widget\" data-e-type=\"widget\" data-widget_type=\"image.default\">\n\t\t\t\t<div class=\"elementor-widget-container\">\n\t\t\t\t\t\t\t\t\t\t\t\t\t\t\t<img fetchpriority=\"high\" decoding=\"async\" width=\"396\" height=\"360\" src=\"https:\/\/officetransportspoetik.com\/wp-content\/uploads\/2026\/03\/E.-CHABUEL-396x360.jpg\" class=\"attachment-htmega_size_396x360 size-htmega_size_396x360 wp-image-5289\" alt=\"\" \/>\t\t\t\t\t\t\t\t\t\t\t\t\t\t\t<\/div>\n\t\t\t\t<\/div>\n\t\t\t\t<div class=\"elementor-element elementor-element-7bd825a8 elementor-widget elementor-widget-heading\" data-id=\"7bd825a8\" data-element_type=\"widget\" data-e-type=\"widget\" data-widget_type=\"heading.default\">\n\t\t\t\t<div class=\"elementor-widget-container\">\n\t\t\t\t\t<h2 class=\"elementor-heading-title elementor-size-small\"><a href=\"https:\/\/www.cheyne-editeur.com\/elisabeth-chabuel\">\u00c9lisabeth CHABUEL<\/a><\/h2>\t\t\t\t<\/div>\n\t\t\t\t<\/div>\n\t\t\t\t\t<\/div>\n\t\t<\/div>\n\t\t\t\t\t<\/div>\n\t\t<\/section>\n\t\t\t\t<\/div>\n\t\t","protected":false},"excerpt":{"rendered":"<p>DIMANCHE 14 JUIN 2026 \/ ELISABETH CHABUEL \/ L\u00c0-BAST ! dimanche L\u00c0-BAST ! avec \u00c9lisabeth CHABUEL en compagnie d&rsquo;Anais ESCOT de l&rsquo;association Les Machines\u00a0 14h &#8211; atelier d&rsquo;\u00e9criture\u00a0 16H &#8211; lecture et rencontre au Centre d&rsquo;Art Bastille gratuit \/ sur r\u00e9servation : transportspoetik@gmail.com dur\u00e9e de l&rsquo;atelier : 1h30 \u00a0 *pr\u00e9voir des bonnes chaussures, de l&rsquo;eau [&hellip;]<\/p>\n","protected":false},"author":1,"featured_media":0,"parent":0,"menu_order":0,"comment_status":"closed","ping_status":"closed","template":"elementor_header_footer","meta":{"ocean_post_layout":"","ocean_both_sidebars_style":"","ocean_both_sidebars_content_width":0,"ocean_both_sidebars_sidebars_width":0,"ocean_sidebar":"","ocean_second_sidebar":"","ocean_disable_margins":"enable","ocean_add_body_class":"","ocean_shortcode_before_top_bar":"","ocean_shortcode_after_top_bar":"","ocean_shortcode_before_header":"","ocean_shortcode_after_header":"","ocean_has_shortcode":"","ocean_shortcode_after_title":"","ocean_shortcode_before_footer_widgets":"","ocean_shortcode_after_footer_widgets":"","ocean_shortcode_before_footer_bottom":"","ocean_shortcode_after_footer_bottom":"","ocean_display_top_bar":"default","ocean_display_header":"default","ocean_header_style":"","ocean_center_header_left_menu":"","ocean_custom_header_template":"","ocean_custom_logo":0,"ocean_custom_retina_logo":0,"ocean_custom_logo_max_width":0,"ocean_custom_logo_tablet_max_width":0,"ocean_custom_logo_mobile_max_width":0,"ocean_custom_logo_max_height":0,"ocean_custom_logo_tablet_max_height":0,"ocean_custom_logo_mobile_max_height":0,"ocean_header_custom_menu":"","ocean_menu_typo_font_family":"","ocean_menu_typo_font_subset":"","ocean_menu_typo_font_size":0,"ocean_menu_typo_font_size_tablet":0,"ocean_menu_typo_font_size_mobile":0,"ocean_menu_typo_font_size_unit":"px","ocean_menu_typo_font_weight":"","ocean_menu_typo_font_weight_tablet":"","ocean_menu_typo_font_weight_mobile":"","ocean_menu_typo_transform":"","ocean_menu_typo_transform_tablet":"","ocean_menu_typo_transform_mobile":"","ocean_menu_typo_line_height":0,"ocean_menu_typo_line_height_tablet":0,"ocean_menu_typo_line_height_mobile":0,"ocean_menu_typo_line_height_unit":"","ocean_menu_typo_spacing":0,"ocean_menu_typo_spacing_tablet":0,"ocean_menu_typo_spacing_mobile":0,"ocean_menu_typo_spacing_unit":"","ocean_menu_link_color":"","ocean_menu_link_color_hover":"","ocean_menu_link_color_active":"","ocean_menu_link_background":"","ocean_menu_link_hover_background":"","ocean_menu_link_active_background":"","ocean_menu_social_links_bg":"","ocean_menu_social_hover_links_bg":"","ocean_menu_social_links_color":"","ocean_menu_social_hover_links_color":"","ocean_disable_title":"default","ocean_disable_heading":"default","ocean_post_title":"","ocean_post_subheading":"","ocean_post_title_style":"","ocean_post_title_background_color":"","ocean_post_title_background":0,"ocean_post_title_bg_image_position":"","ocean_post_title_bg_image_attachment":"","ocean_post_title_bg_image_repeat":"","ocean_post_title_bg_image_size":"","ocean_post_title_height":0,"ocean_post_title_bg_overlay":0.5,"ocean_post_title_bg_overlay_color":"","ocean_disable_breadcrumbs":"default","ocean_breadcrumbs_color":"","ocean_breadcrumbs_separator_color":"","ocean_breadcrumbs_links_color":"","ocean_breadcrumbs_links_hover_color":"","ocean_display_footer_widgets":"default","ocean_display_footer_bottom":"default","ocean_custom_footer_template":"","footnotes":""},"class_list":["post-5541","page","type-page","status-publish","hentry","entry"],"yoast_head":"<!-- This site is optimized with the Yoast SEO plugin v27.4 - https:\/\/yoast.com\/product\/yoast-seo-wordpress\/ -->\n<title>DIMANCHE 14 JUIN 2026 - ELISABETH CHABUEL - Office des Transports Po\u00e9tik<\/title>\n<meta name=\"robots\" content=\"index, follow, max-snippet:-1, max-image-preview:large, max-video-preview:-1\" \/>\n<link rel=\"canonical\" href=\"https:\/\/officetransportspoetik.com\/index.php\/dimanche-14-juin-2026-elisabeth-chabuel\/\" \/>\n<meta property=\"og:locale\" content=\"fr_FR\" \/>\n<meta property=\"og:type\" content=\"article\" \/>\n<meta property=\"og:title\" content=\"DIMANCHE 14 JUIN 2026 - ELISABETH CHABUEL - Office des Transports Po\u00e9tik\" \/>\n<meta property=\"og:description\" content=\"DIMANCHE 14 JUIN 2026 \/ ELISABETH CHABUEL \/ L\u00c0-BAST ! dimanche L\u00c0-BAST ! avec \u00c9lisabeth CHABUEL en compagnie d&rsquo;Anais ESCOT de l&rsquo;association Les Machines\u00a0 14h &#8211; atelier d&rsquo;\u00e9criture\u00a0 16H &#8211; lecture et rencontre au Centre d&rsquo;Art Bastille gratuit \/ sur r\u00e9servation : transportspoetik@gmail.com dur\u00e9e de l&rsquo;atelier : 1h30 \u00a0 *pr\u00e9voir des bonnes chaussures, de l&rsquo;eau [&hellip;]\" \/>\n<meta property=\"og:url\" content=\"https:\/\/officetransportspoetik.com\/index.php\/dimanche-14-juin-2026-elisabeth-chabuel\/\" \/>\n<meta property=\"og:site_name\" content=\"Office des Transports Po\u00e9tik\" \/>\n<meta property=\"article:publisher\" content=\"https:\/\/www.facebook.com\/officedestransportspoetik\" \/>\n<meta property=\"article:modified_time\" content=\"2026-04-13T13:45:03+00:00\" \/>\n<meta property=\"og:image\" content=\"https:\/\/officetransportspoetik.com\/wp-content\/uploads\/2026\/03\/E.-CHABUEL-scaled.jpg\" \/>\n\t<meta property=\"og:image:width\" content=\"1811\" \/>\n\t<meta property=\"og:image:height\" content=\"2560\" \/>\n\t<meta property=\"og:image:type\" content=\"image\/jpeg\" \/>\n<meta name=\"twitter:card\" content=\"summary_large_image\" \/>\n<meta name=\"twitter:label1\" content=\"Dur\u00e9e de lecture estim\u00e9e\" \/>\n\t<meta name=\"twitter:data1\" content=\"2 minutes\" \/>\n<script type=\"application\/ld+json\" class=\"yoast-schema-graph\">{\"@context\":\"https:\\\/\\\/schema.org\",\"@graph\":[{\"@type\":\"WebPage\",\"@id\":\"https:\\\/\\\/officetransportspoetik.com\\\/index.php\\\/dimanche-14-juin-2026-elisabeth-chabuel\\\/\",\"url\":\"https:\\\/\\\/officetransportspoetik.com\\\/index.php\\\/dimanche-14-juin-2026-elisabeth-chabuel\\\/\",\"name\":\"DIMANCHE 14 JUIN 2026 - ELISABETH CHABUEL - Office des Transports Po\u00e9tik\",\"isPartOf\":{\"@id\":\"https:\\\/\\\/officetransportspoetik.com\\\/#website\"},\"primaryImageOfPage\":{\"@id\":\"https:\\\/\\\/officetransportspoetik.com\\\/index.php\\\/dimanche-14-juin-2026-elisabeth-chabuel\\\/#primaryimage\"},\"image\":{\"@id\":\"https:\\\/\\\/officetransportspoetik.com\\\/index.php\\\/dimanche-14-juin-2026-elisabeth-chabuel\\\/#primaryimage\"},\"thumbnailUrl\":\"https:\\\/\\\/officetransportspoetik.com\\\/wp-content\\\/uploads\\\/2026\\\/03\\\/E.-CHABUEL-396x360.jpg\",\"datePublished\":\"2026-04-13T13:33:44+00:00\",\"dateModified\":\"2026-04-13T13:45:03+00:00\",\"breadcrumb\":{\"@id\":\"https:\\\/\\\/officetransportspoetik.com\\\/index.php\\\/dimanche-14-juin-2026-elisabeth-chabuel\\\/#breadcrumb\"},\"inLanguage\":\"fr-FR\",\"potentialAction\":[{\"@type\":\"ReadAction\",\"target\":[\"https:\\\/\\\/officetransportspoetik.com\\\/index.php\\\/dimanche-14-juin-2026-elisabeth-chabuel\\\/\"]}]},{\"@type\":\"ImageObject\",\"inLanguage\":\"fr-FR\",\"@id\":\"https:\\\/\\\/officetransportspoetik.com\\\/index.php\\\/dimanche-14-juin-2026-elisabeth-chabuel\\\/#primaryimage\",\"url\":\"https:\\\/\\\/officetransportspoetik.com\\\/wp-content\\\/uploads\\\/2026\\\/03\\\/E.-CHABUEL-scaled.jpg\",\"contentUrl\":\"https:\\\/\\\/officetransportspoetik.com\\\/wp-content\\\/uploads\\\/2026\\\/03\\\/E.-CHABUEL-scaled.jpg\",\"width\":1811,\"height\":2560},{\"@type\":\"BreadcrumbList\",\"@id\":\"https:\\\/\\\/officetransportspoetik.com\\\/index.php\\\/dimanche-14-juin-2026-elisabeth-chabuel\\\/#breadcrumb\",\"itemListElement\":[{\"@type\":\"ListItem\",\"position\":1,\"name\":\"Accueil\",\"item\":\"https:\\\/\\\/officetransportspoetik.com\\\/\"},{\"@type\":\"ListItem\",\"position\":2,\"name\":\"DIMANCHE 14 JUIN 2026 &#8211; ELISABETH CHABUEL\"}]},{\"@type\":\"WebSite\",\"@id\":\"https:\\\/\\\/officetransportspoetik.com\\\/#website\",\"url\":\"https:\\\/\\\/officetransportspoetik.com\\\/\",\"name\":\"Office des Transports Po\u00e9tik\",\"description\":\"autour des \u00e9critures po\u00e9tiques contemporaines\",\"publisher\":{\"@id\":\"https:\\\/\\\/officetransportspoetik.com\\\/#organization\"},\"potentialAction\":[{\"@type\":\"SearchAction\",\"target\":{\"@type\":\"EntryPoint\",\"urlTemplate\":\"https:\\\/\\\/officetransportspoetik.com\\\/?s={search_term_string}\"},\"query-input\":{\"@type\":\"PropertyValueSpecification\",\"valueRequired\":true,\"valueName\":\"search_term_string\"}}],\"inLanguage\":\"fr-FR\"},{\"@type\":\"Organization\",\"@id\":\"https:\\\/\\\/officetransportspoetik.com\\\/#organization\",\"name\":\"Office des Transports Po\u00e9tik\",\"url\":\"https:\\\/\\\/officetransportspoetik.com\\\/\",\"logo\":{\"@type\":\"ImageObject\",\"inLanguage\":\"fr-FR\",\"@id\":\"https:\\\/\\\/officetransportspoetik.com\\\/#\\\/schema\\\/logo\\\/image\\\/\",\"url\":\"https:\\\/\\\/officetransportspoetik.com\\\/wp-content\\\/uploads\\\/2023\\\/01\\\/logo-Office-rouge-pour-programme-festival-2022.jpg\",\"contentUrl\":\"https:\\\/\\\/officetransportspoetik.com\\\/wp-content\\\/uploads\\\/2023\\\/01\\\/logo-Office-rouge-pour-programme-festival-2022.jpg\",\"width\":1200,\"height\":500,\"caption\":\"Office des Transports Po\u00e9tik\"},\"image\":{\"@id\":\"https:\\\/\\\/officetransportspoetik.com\\\/#\\\/schema\\\/logo\\\/image\\\/\"},\"sameAs\":[\"https:\\\/\\\/www.facebook.com\\\/officedestransportspoetik\",\"https:\\\/\\\/www.instagram.com\\\/office_des_transports_poetik\\\/\"]}]}<\/script>\n<!-- \/ Yoast SEO plugin. -->","yoast_head_json":{"title":"DIMANCHE 14 JUIN 2026 - ELISABETH CHABUEL - Office des Transports Po\u00e9tik","robots":{"index":"index","follow":"follow","max-snippet":"max-snippet:-1","max-image-preview":"max-image-preview:large","max-video-preview":"max-video-preview:-1"},"canonical":"https:\/\/officetransportspoetik.com\/index.php\/dimanche-14-juin-2026-elisabeth-chabuel\/","og_locale":"fr_FR","og_type":"article","og_title":"DIMANCHE 14 JUIN 2026 - ELISABETH CHABUEL - Office des Transports Po\u00e9tik","og_description":"DIMANCHE 14 JUIN 2026 \/ ELISABETH CHABUEL \/ L\u00c0-BAST ! dimanche L\u00c0-BAST ! avec \u00c9lisabeth CHABUEL en compagnie d&rsquo;Anais ESCOT de l&rsquo;association Les Machines\u00a0 14h &#8211; atelier d&rsquo;\u00e9criture\u00a0 16H &#8211; lecture et rencontre au Centre d&rsquo;Art Bastille gratuit \/ sur r\u00e9servation : transportspoetik@gmail.com dur\u00e9e de l&rsquo;atelier : 1h30 \u00a0 *pr\u00e9voir des bonnes chaussures, de l&rsquo;eau [&hellip;]","og_url":"https:\/\/officetransportspoetik.com\/index.php\/dimanche-14-juin-2026-elisabeth-chabuel\/","og_site_name":"Office des Transports Po\u00e9tik","article_publisher":"https:\/\/www.facebook.com\/officedestransportspoetik","article_modified_time":"2026-04-13T13:45:03+00:00","og_image":[{"width":1811,"height":2560,"url":"https:\/\/officetransportspoetik.com\/wp-content\/uploads\/2026\/03\/E.-CHABUEL-scaled.jpg","type":"image\/jpeg"}],"twitter_card":"summary_large_image","twitter_misc":{"Dur\u00e9e de lecture estim\u00e9e":"2 minutes"},"schema":{"@context":"https:\/\/schema.org","@graph":[{"@type":"WebPage","@id":"https:\/\/officetransportspoetik.com\/index.php\/dimanche-14-juin-2026-elisabeth-chabuel\/","url":"https:\/\/officetransportspoetik.com\/index.php\/dimanche-14-juin-2026-elisabeth-chabuel\/","name":"DIMANCHE 14 JUIN 2026 - ELISABETH CHABUEL - Office des Transports Po\u00e9tik","isPartOf":{"@id":"https:\/\/officetransportspoetik.com\/#website"},"primaryImageOfPage":{"@id":"https:\/\/officetransportspoetik.com\/index.php\/dimanche-14-juin-2026-elisabeth-chabuel\/#primaryimage"},"image":{"@id":"https:\/\/officetransportspoetik.com\/index.php\/dimanche-14-juin-2026-elisabeth-chabuel\/#primaryimage"},"thumbnailUrl":"https:\/\/officetransportspoetik.com\/wp-content\/uploads\/2026\/03\/E.-CHABUEL-396x360.jpg","datePublished":"2026-04-13T13:33:44+00:00","dateModified":"2026-04-13T13:45:03+00:00","breadcrumb":{"@id":"https:\/\/officetransportspoetik.com\/index.php\/dimanche-14-juin-2026-elisabeth-chabuel\/#breadcrumb"},"inLanguage":"fr-FR","potentialAction":[{"@type":"ReadAction","target":["https:\/\/officetransportspoetik.com\/index.php\/dimanche-14-juin-2026-elisabeth-chabuel\/"]}]},{"@type":"ImageObject","inLanguage":"fr-FR","@id":"https:\/\/officetransportspoetik.com\/index.php\/dimanche-14-juin-2026-elisabeth-chabuel\/#primaryimage","url":"https:\/\/officetransportspoetik.com\/wp-content\/uploads\/2026\/03\/E.-CHABUEL-scaled.jpg","contentUrl":"https:\/\/officetransportspoetik.com\/wp-content\/uploads\/2026\/03\/E.-CHABUEL-scaled.jpg","width":1811,"height":2560},{"@type":"BreadcrumbList","@id":"https:\/\/officetransportspoetik.com\/index.php\/dimanche-14-juin-2026-elisabeth-chabuel\/#breadcrumb","itemListElement":[{"@type":"ListItem","position":1,"name":"Accueil","item":"https:\/\/officetransportspoetik.com\/"},{"@type":"ListItem","position":2,"name":"DIMANCHE 14 JUIN 2026 &#8211; ELISABETH CHABUEL"}]},{"@type":"WebSite","@id":"https:\/\/officetransportspoetik.com\/#website","url":"https:\/\/officetransportspoetik.com\/","name":"Office des Transports Po\u00e9tik","description":"autour des \u00e9critures po\u00e9tiques contemporaines","publisher":{"@id":"https:\/\/officetransportspoetik.com\/#organization"},"potentialAction":[{"@type":"SearchAction","target":{"@type":"EntryPoint","urlTemplate":"https:\/\/officetransportspoetik.com\/?s={search_term_string}"},"query-input":{"@type":"PropertyValueSpecification","valueRequired":true,"valueName":"search_term_string"}}],"inLanguage":"fr-FR"},{"@type":"Organization","@id":"https:\/\/officetransportspoetik.com\/#organization","name":"Office des Transports Po\u00e9tik","url":"https:\/\/officetransportspoetik.com\/","logo":{"@type":"ImageObject","inLanguage":"fr-FR","@id":"https:\/\/officetransportspoetik.com\/#\/schema\/logo\/image\/","url":"https:\/\/officetransportspoetik.com\/wp-content\/uploads\/2023\/01\/logo-Office-rouge-pour-programme-festival-2022.jpg","contentUrl":"https:\/\/officetransportspoetik.com\/wp-content\/uploads\/2023\/01\/logo-Office-rouge-pour-programme-festival-2022.jpg","width":1200,"height":500,"caption":"Office des Transports Po\u00e9tik"},"image":{"@id":"https:\/\/officetransportspoetik.com\/#\/schema\/logo\/image\/"},"sameAs":["https:\/\/www.facebook.com\/officedestransportspoetik","https:\/\/www.instagram.com\/office_des_transports_poetik\/"]}]}},"_links":{"self":[{"href":"https:\/\/officetransportspoetik.com\/index.php\/wp-json\/wp\/v2\/pages\/5541","targetHints":{"allow":["GET"]}}],"collection":[{"href":"https:\/\/officetransportspoetik.com\/index.php\/wp-json\/wp\/v2\/pages"}],"about":[{"href":"https:\/\/officetransportspoetik.com\/index.php\/wp-json\/wp\/v2\/types\/page"}],"author":[{"embeddable":true,"href":"https:\/\/officetransportspoetik.com\/index.php\/wp-json\/wp\/v2\/users\/1"}],"replies":[{"embeddable":true,"href":"https:\/\/officetransportspoetik.com\/index.php\/wp-json\/wp\/v2\/comments?post=5541"}],"version-history":[{"count":22,"href":"https:\/\/officetransportspoetik.com\/index.php\/wp-json\/wp\/v2\/pages\/5541\/revisions"}],"predecessor-version":[{"id":5566,"href":"https:\/\/officetransportspoetik.com\/index.php\/wp-json\/wp\/v2\/pages\/5541\/revisions\/5566"}],"wp:attachment":[{"href":"https:\/\/officetransportspoetik.com\/index.php\/wp-json\/wp\/v2\/media?parent=5541"}],"curies":[{"name":"wp","href":"https:\/\/api.w.org\/{rel}","templated":true}]}}