{"id":5504,"date":"2026-04-13T12:47:58","date_gmt":"2026-04-13T10:47:58","guid":{"rendered":"https:\/\/officetransportspoetik.com\/?page_id=5504"},"modified":"2026-04-13T14:23:58","modified_gmt":"2026-04-13T12:23:58","slug":"vendredi-12-juin-2026-flora-bonfanti-alexandre-gouttard-helene-gratet","status":"publish","type":"page","link":"https:\/\/officetransportspoetik.com\/index.php\/vendredi-12-juin-2026-flora-bonfanti-alexandre-gouttard-helene-gratet\/","title":{"rendered":"VENDREDI 12 JUIN 2026 &#8211; FLORA BONFANTI &amp; ALEXANDRE GOUTTARD &amp; H\u00c9L\u00c8NE GRATET"},"content":{"rendered":"\t\t<div data-elementor-type=\"wp-page\" data-elementor-id=\"5504\" class=\"elementor elementor-5504\">\n\t\t\t\t\t\t<section class=\"elementor-section elementor-top-section elementor-element elementor-element-355ab87c elementor-section-boxed elementor-section-height-default elementor-section-height-default\" data-id=\"355ab87c\" data-element_type=\"section\" data-e-type=\"section\">\n\t\t\t\t\t\t<div class=\"elementor-container elementor-column-gap-default\">\n\t\t\t\t\t<div class=\"elementor-column elementor-col-100 elementor-top-column elementor-element elementor-element-dbfb8c9\" data-id=\"dbfb8c9\" data-element_type=\"column\" data-e-type=\"column\">\n\t\t\t<div class=\"elementor-widget-wrap elementor-element-populated\">\n\t\t\t\t\t\t<div class=\"elementor-element elementor-element-5de8cfee elementor-widget elementor-widget-heading\" data-id=\"5de8cfee\" data-element_type=\"widget\" data-e-type=\"widget\" data-widget_type=\"heading.default\">\n\t\t\t\t<div class=\"elementor-widget-container\">\n\t\t\t\t\t<h2 class=\"elementor-heading-title elementor-size-default\">VENDREDI 12 JUIN 2026 \/ librairie LA NOUVELLE D\u00c9RIVE \/ Grenoble<\/h2>\t\t\t\t<\/div>\n\t\t\t\t<\/div>\n\t\t\t\t<div class=\"elementor-element elementor-element-5c9432fd elementor-widget-divider--view-line elementor-widget elementor-widget-divider\" data-id=\"5c9432fd\" data-element_type=\"widget\" data-e-type=\"widget\" data-widget_type=\"divider.default\">\n\t\t\t\t<div class=\"elementor-widget-container\">\n\t\t\t\t\t\t\t<div class=\"elementor-divider\">\n\t\t\t<span class=\"elementor-divider-separator\">\n\t\t\t\t\t\t<\/span>\n\t\t<\/div>\n\t\t\t\t\t\t<\/div>\n\t\t\t\t<\/div>\n\t\t\t\t\t<\/div>\n\t\t<\/div>\n\t\t\t\t\t<\/div>\n\t\t<\/section>\n\t\t\t\t<section class=\"elementor-section elementor-top-section elementor-element elementor-element-6f400c6c elementor-section-boxed elementor-section-height-default elementor-section-height-default\" data-id=\"6f400c6c\" data-element_type=\"section\" data-e-type=\"section\">\n\t\t\t\t\t\t<div class=\"elementor-container elementor-column-gap-default\">\n\t\t\t\t\t<div class=\"elementor-column elementor-col-50 elementor-top-column elementor-element elementor-element-317c65b5\" data-id=\"317c65b5\" data-element_type=\"column\" data-e-type=\"column\">\n\t\t\t<div class=\"elementor-widget-wrap elementor-element-populated\">\n\t\t\t\t\t\t<div class=\"elementor-element elementor-element-12989236 elementor-widget elementor-widget-heading\" data-id=\"12989236\" data-element_type=\"widget\" data-e-type=\"widget\" data-widget_type=\"heading.default\">\n\t\t\t\t<div class=\"elementor-widget-container\">\n\t\t\t\t\t<h2 class=\"elementor-heading-title elementor-size-default\"><h1 style=\", sans-serif;font-style: normal\">FLORA BONFANTI &amp; ALEXANDRE GOUTTARD &amp; H\u00c9L\u00c8NE GRATE<span style=\"font-size: 20px;font-weight: 600\"><\/span><\/h1><\/h2>\t\t\t\t<\/div>\n\t\t\t\t<\/div>\n\t\t\t\t<div class=\"elementor-element elementor-element-27e22ef elementor-widget elementor-widget-text-editor\" data-id=\"27e22ef\" data-element_type=\"widget\" data-e-type=\"widget\" data-widget_type=\"text-editor.default\">\n\t\t\t\t<div class=\"elementor-widget-container\">\n\t\t\t\t\t\t\t\t\t<h2>17h30 &#8211; atelier de lecture collective pour plonger ensemble dans les textes des invit\u00e9es et comprendre comment ils sont construits<\/h2><h2>19H &#8211; lecture &amp; renconttre<\/h2><p><em>gratuit \/ sur r\u00e9servation : laderive@aol.com<\/em><\/p>\t\t\t\t\t\t\t\t<\/div>\n\t\t\t\t<\/div>\n\t\t\t\t<div class=\"elementor-element elementor-element-505b38dc elementor-widget-divider--view-line elementor-widget elementor-widget-divider\" data-id=\"505b38dc\" data-element_type=\"widget\" data-e-type=\"widget\" data-widget_type=\"divider.default\">\n\t\t\t\t<div class=\"elementor-widget-container\">\n\t\t\t\t\t\t\t<div class=\"elementor-divider\">\n\t\t\t<span class=\"elementor-divider-separator\">\n\t\t\t\t\t\t<\/span>\n\t\t<\/div>\n\t\t\t\t\t\t<\/div>\n\t\t\t\t<\/div>\n\t\t\t\t<div class=\"elementor-element elementor-element-6ffe4b69 elementor-widget elementor-widget-text-editor\" data-id=\"6ffe4b69\" data-element_type=\"widget\" data-e-type=\"widget\" data-widget_type=\"text-editor.default\">\n\t\t\t\t<div class=\"elementor-widget-container\">\n\t\t\t\t\t\t\t\t\t<p>Rencontre et \u00e9changes autour des \u00e9ditions bilingues arabe-fran\u00e7ais&nbsp;<a style=\"font-size: 14px;\" href=\"http:\/\/www.leportajauni.fr\" target=\"_blank\" rel=\"noopener\">LE PORT A JAUNI<\/a><\/p>\t\t\t\t\t\t\t\t<\/div>\n\t\t\t\t<\/div>\n\t\t\t\t<div class=\"elementor-element elementor-element-3bbc8bdb elementor-widget__width-initial elementor-widget elementor-widget-text-editor\" data-id=\"3bbc8bdb\" data-element_type=\"widget\" data-e-type=\"widget\" data-widget_type=\"text-editor.default\">\n\t\t\t\t<div class=\"elementor-widget-container\">\n\t\t\t\t\t\t\t\t\t<p style=\"margin: 0cm; font-size: 12pt; font-family: Calibri, sans-serif; color: #000000; font-style: normal; font-variant-ligatures: normal; font-variant-caps: normal; text-align: justify;\"><b>Alexandre Gouttard <\/b>et <b>Flora Bonfanti<\/b> ne se connaissent pas \u2013 et c\u2019est pr\u00e9cis\u00e9ment l\u00e0 que r\u00e9side tout l\u2019int\u00e9r\u00eat de leur rencontre. Rien ne les rapproche a priori : ni les circuits \u00e9ditoriaux, ni les cercles. Et pourtant, une rencontre aura lieu. Priorit\u00e9 est donn\u00e9e \u00e0 la surprise et \u00e0 l\u2019inconnu, mais aussi au regard de libraire, celui \u2013 fin et g\u00e9n\u00e9reux \u2013 d\u2019Anne Gaudel-Langdorf, qui fera trait d\u2019union entre leurs mondes. D\u2019un c\u00f4t\u00e9, Flora Bonfanti : une \u00e9criture \u00e0 la crois\u00e9e de la po\u00e9sie et de la pens\u00e9e, entre pr\u00e9cision, ouverture, pulsion et rigueur. De l\u2019autre, Alexandre Gouttard : une langue plus brute, parfois impulsive, mais toujours au plus pr\u00e8s de la justesse de la langue, pour rendre les mots aussi vivants que possible. Quels fils se tisseront entre ces deux voix ? Nous le d\u00e9couvrions lors de cette soir\u00e9e. La com\u00e9dienne H\u00e9l\u00e8ne Gratet sera parmi nous pour partager la lecture des ouvrages de Flora Bonfanti.<\/p>\t\t\t\t\t\t\t\t<\/div>\n\t\t\t\t<\/div>\n\t\t\t\t<div class=\"elementor-element elementor-element-1e120a40 elementor-widget elementor-widget-text-editor\" data-id=\"1e120a40\" data-element_type=\"widget\" data-e-type=\"widget\" data-widget_type=\"text-editor.default\">\n\t\t\t\t<div class=\"elementor-widget-container\">\n\t\t\t\t\t\t\t\t\t<p>animation\u00a0: <b>Anne Gaudel-Langdorf <\/b>et <b>Katia Bouchoueva<\/b><\/p><p>\u00e0 lire :<b>\u00a0 Flora Bonfanti, Lieux exemplaires, \u00e9d. Unes, 2028<\/b><\/p><p><b>Alexandre Gouttard, Dommage, \u00e9d. de la Crypte, 2024<\/b><\/p>\t\t\t\t\t\t\t\t<\/div>\n\t\t\t\t<\/div>\n\t\t\t\t<div class=\"elementor-element elementor-element-356994d1 elementor-widget elementor-widget-text-editor\" data-id=\"356994d1\" data-element_type=\"widget\" data-e-type=\"widget\" data-widget_type=\"text-editor.default\">\n\t\t\t\t<div class=\"elementor-widget-container\">\n\t\t\t\t\t\t\t\t\t<p>10, place Sainte-Claire, Grenoble<\/p>\t\t\t\t\t\t\t\t<\/div>\n\t\t\t\t<\/div>\n\t\t\t\t\t<\/div>\n\t\t<\/div>\n\t\t\t\t<div class=\"elementor-column elementor-col-50 elementor-top-column elementor-element elementor-element-3d468420\" data-id=\"3d468420\" data-element_type=\"column\" data-e-type=\"column\">\n\t\t\t<div class=\"elementor-widget-wrap elementor-element-populated\">\n\t\t\t\t\t\t<section class=\"elementor-section elementor-inner-section elementor-element elementor-element-4a6685f3 elementor-section-boxed elementor-section-height-default elementor-section-height-default\" data-id=\"4a6685f3\" data-element_type=\"section\" data-e-type=\"section\">\n\t\t\t\t\t\t<div class=\"elementor-container elementor-column-gap-default\">\n\t\t\t\t\t<div class=\"elementor-column elementor-col-50 elementor-inner-column elementor-element elementor-element-79b83754\" data-id=\"79b83754\" data-element_type=\"column\" data-e-type=\"column\">\n\t\t\t<div class=\"elementor-widget-wrap elementor-element-populated\">\n\t\t\t\t\t\t<div class=\"elementor-element elementor-element-304c1e13 elementor-widget elementor-widget-image\" data-id=\"304c1e13\" data-element_type=\"widget\" data-e-type=\"widget\" data-widget_type=\"image.default\">\n\t\t\t\t<div class=\"elementor-widget-container\">\n\t\t\t\t\t\t\t\t\t\t\t\t\t\t\t<img fetchpriority=\"high\" decoding=\"async\" width=\"200\" height=\"300\" src=\"https:\/\/officetransportspoetik.com\/wp-content\/uploads\/2026\/03\/1688553511325-200x300.jpg\" class=\"attachment-medium size-medium wp-image-5318\" alt=\"\" srcset=\"https:\/\/officetransportspoetik.com\/wp-content\/uploads\/2026\/03\/1688553511325-200x300.jpg 200w, https:\/\/officetransportspoetik.com\/wp-content\/uploads\/2026\/03\/1688553511325-683x1024.jpg 683w, https:\/\/officetransportspoetik.com\/wp-content\/uploads\/2026\/03\/1688553511325-768x1152.jpg 768w, https:\/\/officetransportspoetik.com\/wp-content\/uploads\/2026\/03\/1688553511325-1024x1536.jpg 1024w, https:\/\/officetransportspoetik.com\/wp-content\/uploads\/2026\/03\/1688553511325-1365x2048.jpg 1365w, https:\/\/officetransportspoetik.com\/wp-content\/uploads\/2026\/03\/1688553511325-scaled.jpg 1707w\" sizes=\"(max-width: 200px) 100vw, 200px\" \/>\t\t\t\t\t\t\t\t\t\t\t\t\t\t\t<\/div>\n\t\t\t\t<\/div>\n\t\t\t\t<div class=\"elementor-element elementor-element-5c30b6cb elementor-widget elementor-widget-heading\" data-id=\"5c30b6cb\" data-element_type=\"widget\" data-e-type=\"widget\" data-widget_type=\"heading.default\">\n\t\t\t\t<div class=\"elementor-widget-container\">\n\t\t\t\t\t<h2 class=\"elementor-heading-title elementor-size-small\"><a href=\"https:\/\/www.editionsunes.fr\/flora-bonfanti\/\">Flora BONFANTI<\/a><\/h2>\t\t\t\t<\/div>\n\t\t\t\t<\/div>\n\t\t\t\t<div class=\"elementor-element elementor-element-550ffed8 elementor-widget elementor-widget-image\" data-id=\"550ffed8\" data-element_type=\"widget\" data-e-type=\"widget\" data-widget_type=\"image.default\">\n\t\t\t\t<div class=\"elementor-widget-container\">\n\t\t\t\t\t\t\t\t\t\t\t\t\t\t\t<img decoding=\"async\" width=\"945\" height=\"945\" src=\"https:\/\/officetransportspoetik.com\/wp-content\/uploads\/2026\/04\/helene-gratet.png\" class=\"attachment-2048x2048 size-2048x2048 wp-image-5507\" alt=\"\" srcset=\"https:\/\/officetransportspoetik.com\/wp-content\/uploads\/2026\/04\/helene-gratet.png 945w, https:\/\/officetransportspoetik.com\/wp-content\/uploads\/2026\/04\/helene-gratet-300x300.png 300w, https:\/\/officetransportspoetik.com\/wp-content\/uploads\/2026\/04\/helene-gratet-150x150.png 150w, https:\/\/officetransportspoetik.com\/wp-content\/uploads\/2026\/04\/helene-gratet-768x768.png 768w, https:\/\/officetransportspoetik.com\/wp-content\/uploads\/2026\/04\/helene-gratet-600x600.png 600w\" sizes=\"(max-width: 945px) 100vw, 945px\" \/>\t\t\t\t\t\t\t\t\t\t\t\t\t\t\t<\/div>\n\t\t\t\t<\/div>\n\t\t\t\t<div class=\"elementor-element elementor-element-78d8337d elementor-widget elementor-widget-heading\" data-id=\"78d8337d\" data-element_type=\"widget\" data-e-type=\"widget\" data-widget_type=\"heading.default\">\n\t\t\t\t<div class=\"elementor-widget-container\">\n\t\t\t\t\t<h2 class=\"elementor-heading-title elementor-size-small\"><a href=\"https:\/\/www.instagram.com\/helenegratet\/\">H\u00e9l\u00e8ne GRATET<\/a><\/h2>\t\t\t\t<\/div>\n\t\t\t\t<\/div>\n\t\t\t\t\t<\/div>\n\t\t<\/div>\n\t\t\t\t<div class=\"elementor-column elementor-col-50 elementor-inner-column elementor-element elementor-element-34cb525d\" data-id=\"34cb525d\" data-element_type=\"column\" data-e-type=\"column\">\n\t\t\t<div class=\"elementor-widget-wrap elementor-element-populated\">\n\t\t\t\t\t\t<div class=\"elementor-element elementor-element-18113a0a elementor-widget elementor-widget-image\" data-id=\"18113a0a\" data-element_type=\"widget\" data-e-type=\"widget\" data-widget_type=\"image.default\">\n\t\t\t\t<div class=\"elementor-widget-container\">\n\t\t\t\t\t\t\t\t\t\t\t\t\t\t\t<img decoding=\"async\" width=\"600\" height=\"600\" src=\"https:\/\/officetransportspoetik.com\/wp-content\/uploads\/2026\/03\/BA73E219-0CA2-448F-9112-8CC247026319_1_105_c-1-600x600.jpeg\" class=\"attachment-ocean-thumb-m size-ocean-thumb-m wp-image-5291\" alt=\"\" srcset=\"https:\/\/officetransportspoetik.com\/wp-content\/uploads\/2026\/03\/BA73E219-0CA2-448F-9112-8CC247026319_1_105_c-1-600x600.jpeg 600w, https:\/\/officetransportspoetik.com\/wp-content\/uploads\/2026\/03\/BA73E219-0CA2-448F-9112-8CC247026319_1_105_c-1-150x150.jpeg 150w\" sizes=\"(max-width: 600px) 100vw, 600px\" \/>\t\t\t\t\t\t\t\t\t\t\t\t\t\t\t<\/div>\n\t\t\t\t<\/div>\n\t\t\t\t<div class=\"elementor-element elementor-element-366e9858 elementor-widget elementor-widget-heading\" data-id=\"366e9858\" data-element_type=\"widget\" data-e-type=\"widget\" data-widget_type=\"heading.default\">\n\t\t\t\t<div class=\"elementor-widget-container\">\n\t\t\t\t\t<h2 class=\"elementor-heading-title elementor-size-small\"><a href=\"https:\/\/www.recoursaupoeme.fr\/auteurs\/alexandre-gouttard\/\">Alexandre GOUTTARD<\/a><\/h2>\t\t\t\t<\/div>\n\t\t\t\t<\/div>\n\t\t\t\t\t<\/div>\n\t\t<\/div>\n\t\t\t\t\t<\/div>\n\t\t<\/section>\n\t\t\t\t\t<\/div>\n\t\t<\/div>\n\t\t\t\t\t<\/div>\n\t\t<\/section>\n\t\t\t\t<\/div>\n\t\t","protected":false},"excerpt":{"rendered":"<p>VENDREDI 12 JUIN 2026 \/ librairie LA NOUVELLE D\u00c9RIVE \/ Grenoble FLORA BONFANTI &amp; ALEXANDRE GOUTTARD &amp; H\u00c9L\u00c8NE GRATE 17h30 &#8211; atelier de lecture collective pour plonger ensemble dans les textes des invit\u00e9es et comprendre comment ils sont construits 19H &#8211; lecture &amp; renconttre gratuit \/ sur r\u00e9servation : laderive@aol.com Rencontre et \u00e9changes autour des [&hellip;]<\/p>\n","protected":false},"author":1,"featured_media":0,"parent":0,"menu_order":0,"comment_status":"closed","ping_status":"closed","template":"elementor_header_footer","meta":{"ocean_post_layout":"","ocean_both_sidebars_style":"","ocean_both_sidebars_content_width":0,"ocean_both_sidebars_sidebars_width":0,"ocean_sidebar":"","ocean_second_sidebar":"","ocean_disable_margins":"enable","ocean_add_body_class":"","ocean_shortcode_before_top_bar":"","ocean_shortcode_after_top_bar":"","ocean_shortcode_before_header":"","ocean_shortcode_after_header":"","ocean_has_shortcode":"","ocean_shortcode_after_title":"","ocean_shortcode_before_footer_widgets":"","ocean_shortcode_after_footer_widgets":"","ocean_shortcode_before_footer_bottom":"","ocean_shortcode_after_footer_bottom":"","ocean_display_top_bar":"default","ocean_display_header":"default","ocean_header_style":"","ocean_center_header_left_menu":"","ocean_custom_header_template":"","ocean_custom_logo":0,"ocean_custom_retina_logo":0,"ocean_custom_logo_max_width":0,"ocean_custom_logo_tablet_max_width":0,"ocean_custom_logo_mobile_max_width":0,"ocean_custom_logo_max_height":0,"ocean_custom_logo_tablet_max_height":0,"ocean_custom_logo_mobile_max_height":0,"ocean_header_custom_menu":"","ocean_menu_typo_font_family":"","ocean_menu_typo_font_subset":"","ocean_menu_typo_font_size":0,"ocean_menu_typo_font_size_tablet":0,"ocean_menu_typo_font_size_mobile":0,"ocean_menu_typo_font_size_unit":"px","ocean_menu_typo_font_weight":"","ocean_menu_typo_font_weight_tablet":"","ocean_menu_typo_font_weight_mobile":"","ocean_menu_typo_transform":"","ocean_menu_typo_transform_tablet":"","ocean_menu_typo_transform_mobile":"","ocean_menu_typo_line_height":0,"ocean_menu_typo_line_height_tablet":0,"ocean_menu_typo_line_height_mobile":0,"ocean_menu_typo_line_height_unit":"","ocean_menu_typo_spacing":0,"ocean_menu_typo_spacing_tablet":0,"ocean_menu_typo_spacing_mobile":0,"ocean_menu_typo_spacing_unit":"","ocean_menu_link_color":"","ocean_menu_link_color_hover":"","ocean_menu_link_color_active":"","ocean_menu_link_background":"","ocean_menu_link_hover_background":"","ocean_menu_link_active_background":"","ocean_menu_social_links_bg":"","ocean_menu_social_hover_links_bg":"","ocean_menu_social_links_color":"","ocean_menu_social_hover_links_color":"","ocean_disable_title":"default","ocean_disable_heading":"default","ocean_post_title":"","ocean_post_subheading":"","ocean_post_title_style":"","ocean_post_title_background_color":"","ocean_post_title_background":0,"ocean_post_title_bg_image_position":"","ocean_post_title_bg_image_attachment":"","ocean_post_title_bg_image_repeat":"","ocean_post_title_bg_image_size":"","ocean_post_title_height":0,"ocean_post_title_bg_overlay":0.5,"ocean_post_title_bg_overlay_color":"","ocean_disable_breadcrumbs":"default","ocean_breadcrumbs_color":"","ocean_breadcrumbs_separator_color":"","ocean_breadcrumbs_links_color":"","ocean_breadcrumbs_links_hover_color":"","ocean_display_footer_widgets":"default","ocean_display_footer_bottom":"default","ocean_custom_footer_template":"","footnotes":""},"class_list":["post-5504","page","type-page","status-publish","hentry","entry"],"yoast_head":"<!-- This site is optimized with the Yoast SEO plugin v27.4 - https:\/\/yoast.com\/product\/yoast-seo-wordpress\/ -->\n<title>VENDREDI 12 JUIN 2026 - FLORA BONFANTI &amp; ALEXANDRE GOUTTARD &amp; H\u00c9L\u00c8NE GRATET - Office des Transports Po\u00e9tik<\/title>\n<meta name=\"robots\" content=\"index, follow, max-snippet:-1, max-image-preview:large, max-video-preview:-1\" \/>\n<link rel=\"canonical\" href=\"https:\/\/officetransportspoetik.com\/index.php\/vendredi-12-juin-2026-flora-bonfanti-alexandre-gouttard-helene-gratet\/\" \/>\n<meta property=\"og:locale\" content=\"fr_FR\" \/>\n<meta property=\"og:type\" content=\"article\" \/>\n<meta property=\"og:title\" content=\"VENDREDI 12 JUIN 2026 - FLORA BONFANTI &amp; ALEXANDRE GOUTTARD &amp; H\u00c9L\u00c8NE GRATET - Office des Transports Po\u00e9tik\" \/>\n<meta property=\"og:description\" content=\"VENDREDI 12 JUIN 2026 \/ librairie LA NOUVELLE D\u00c9RIVE \/ Grenoble FLORA BONFANTI &amp; ALEXANDRE GOUTTARD &amp; H\u00c9L\u00c8NE GRATE 17h30 &#8211; atelier de lecture collective pour plonger ensemble dans les textes des invit\u00e9es et comprendre comment ils sont construits 19H &#8211; lecture &amp; renconttre gratuit \/ sur r\u00e9servation : laderive@aol.com Rencontre et \u00e9changes autour des [&hellip;]\" \/>\n<meta property=\"og:url\" content=\"https:\/\/officetransportspoetik.com\/index.php\/vendredi-12-juin-2026-flora-bonfanti-alexandre-gouttard-helene-gratet\/\" \/>\n<meta property=\"og:site_name\" content=\"Office des Transports Po\u00e9tik\" \/>\n<meta property=\"article:publisher\" content=\"https:\/\/www.facebook.com\/officedestransportspoetik\" \/>\n<meta property=\"article:modified_time\" content=\"2026-04-13T12:23:58+00:00\" \/>\n<meta property=\"og:image\" content=\"https:\/\/officetransportspoetik.com\/wp-content\/uploads\/2026\/03\/1688553511325-scaled.jpg\" \/>\n\t<meta property=\"og:image:width\" content=\"1707\" \/>\n\t<meta property=\"og:image:height\" content=\"2560\" \/>\n\t<meta property=\"og:image:type\" content=\"image\/jpeg\" \/>\n<meta name=\"twitter:card\" content=\"summary_large_image\" \/>\n<meta name=\"twitter:label1\" content=\"Dur\u00e9e de lecture estim\u00e9e\" \/>\n\t<meta name=\"twitter:data1\" content=\"2 minutes\" \/>\n<script type=\"application\/ld+json\" class=\"yoast-schema-graph\">{\"@context\":\"https:\\\/\\\/schema.org\",\"@graph\":[{\"@type\":\"WebPage\",\"@id\":\"https:\\\/\\\/officetransportspoetik.com\\\/index.php\\\/vendredi-12-juin-2026-flora-bonfanti-alexandre-gouttard-helene-gratet\\\/\",\"url\":\"https:\\\/\\\/officetransportspoetik.com\\\/index.php\\\/vendredi-12-juin-2026-flora-bonfanti-alexandre-gouttard-helene-gratet\\\/\",\"name\":\"VENDREDI 12 JUIN 2026 - FLORA BONFANTI &amp; ALEXANDRE GOUTTARD &amp; H\u00c9L\u00c8NE GRATET - Office des Transports Po\u00e9tik\",\"isPartOf\":{\"@id\":\"https:\\\/\\\/officetransportspoetik.com\\\/#website\"},\"primaryImageOfPage\":{\"@id\":\"https:\\\/\\\/officetransportspoetik.com\\\/index.php\\\/vendredi-12-juin-2026-flora-bonfanti-alexandre-gouttard-helene-gratet\\\/#primaryimage\"},\"image\":{\"@id\":\"https:\\\/\\\/officetransportspoetik.com\\\/index.php\\\/vendredi-12-juin-2026-flora-bonfanti-alexandre-gouttard-helene-gratet\\\/#primaryimage\"},\"thumbnailUrl\":\"https:\\\/\\\/officetransportspoetik.com\\\/wp-content\\\/uploads\\\/2026\\\/03\\\/1688553511325-200x300.jpg\",\"datePublished\":\"2026-04-13T10:47:58+00:00\",\"dateModified\":\"2026-04-13T12:23:58+00:00\",\"breadcrumb\":{\"@id\":\"https:\\\/\\\/officetransportspoetik.com\\\/index.php\\\/vendredi-12-juin-2026-flora-bonfanti-alexandre-gouttard-helene-gratet\\\/#breadcrumb\"},\"inLanguage\":\"fr-FR\",\"potentialAction\":[{\"@type\":\"ReadAction\",\"target\":[\"https:\\\/\\\/officetransportspoetik.com\\\/index.php\\\/vendredi-12-juin-2026-flora-bonfanti-alexandre-gouttard-helene-gratet\\\/\"]}]},{\"@type\":\"ImageObject\",\"inLanguage\":\"fr-FR\",\"@id\":\"https:\\\/\\\/officetransportspoetik.com\\\/index.php\\\/vendredi-12-juin-2026-flora-bonfanti-alexandre-gouttard-helene-gratet\\\/#primaryimage\",\"url\":\"https:\\\/\\\/officetransportspoetik.com\\\/wp-content\\\/uploads\\\/2026\\\/03\\\/1688553511325-scaled.jpg\",\"contentUrl\":\"https:\\\/\\\/officetransportspoetik.com\\\/wp-content\\\/uploads\\\/2026\\\/03\\\/1688553511325-scaled.jpg\",\"width\":1707,\"height\":2560},{\"@type\":\"BreadcrumbList\",\"@id\":\"https:\\\/\\\/officetransportspoetik.com\\\/index.php\\\/vendredi-12-juin-2026-flora-bonfanti-alexandre-gouttard-helene-gratet\\\/#breadcrumb\",\"itemListElement\":[{\"@type\":\"ListItem\",\"position\":1,\"name\":\"Accueil\",\"item\":\"https:\\\/\\\/officetransportspoetik.com\\\/\"},{\"@type\":\"ListItem\",\"position\":2,\"name\":\"VENDREDI 12 JUIN 2026 &#8211; FLORA BONFANTI &amp; ALEXANDRE GOUTTARD &amp; H\u00c9L\u00c8NE GRATET\"}]},{\"@type\":\"WebSite\",\"@id\":\"https:\\\/\\\/officetransportspoetik.com\\\/#website\",\"url\":\"https:\\\/\\\/officetransportspoetik.com\\\/\",\"name\":\"Office des Transports Po\u00e9tik\",\"description\":\"autour des \u00e9critures po\u00e9tiques contemporaines\",\"publisher\":{\"@id\":\"https:\\\/\\\/officetransportspoetik.com\\\/#organization\"},\"potentialAction\":[{\"@type\":\"SearchAction\",\"target\":{\"@type\":\"EntryPoint\",\"urlTemplate\":\"https:\\\/\\\/officetransportspoetik.com\\\/?s={search_term_string}\"},\"query-input\":{\"@type\":\"PropertyValueSpecification\",\"valueRequired\":true,\"valueName\":\"search_term_string\"}}],\"inLanguage\":\"fr-FR\"},{\"@type\":\"Organization\",\"@id\":\"https:\\\/\\\/officetransportspoetik.com\\\/#organization\",\"name\":\"Office des Transports Po\u00e9tik\",\"url\":\"https:\\\/\\\/officetransportspoetik.com\\\/\",\"logo\":{\"@type\":\"ImageObject\",\"inLanguage\":\"fr-FR\",\"@id\":\"https:\\\/\\\/officetransportspoetik.com\\\/#\\\/schema\\\/logo\\\/image\\\/\",\"url\":\"https:\\\/\\\/officetransportspoetik.com\\\/wp-content\\\/uploads\\\/2023\\\/01\\\/logo-Office-rouge-pour-programme-festival-2022.jpg\",\"contentUrl\":\"https:\\\/\\\/officetransportspoetik.com\\\/wp-content\\\/uploads\\\/2023\\\/01\\\/logo-Office-rouge-pour-programme-festival-2022.jpg\",\"width\":1200,\"height\":500,\"caption\":\"Office des Transports Po\u00e9tik\"},\"image\":{\"@id\":\"https:\\\/\\\/officetransportspoetik.com\\\/#\\\/schema\\\/logo\\\/image\\\/\"},\"sameAs\":[\"https:\\\/\\\/www.facebook.com\\\/officedestransportspoetik\",\"https:\\\/\\\/www.instagram.com\\\/office_des_transports_poetik\\\/\"]}]}<\/script>\n<!-- \/ Yoast SEO plugin. -->","yoast_head_json":{"title":"VENDREDI 12 JUIN 2026 - FLORA BONFANTI &amp; ALEXANDRE GOUTTARD &amp; H\u00c9L\u00c8NE GRATET - Office des Transports Po\u00e9tik","robots":{"index":"index","follow":"follow","max-snippet":"max-snippet:-1","max-image-preview":"max-image-preview:large","max-video-preview":"max-video-preview:-1"},"canonical":"https:\/\/officetransportspoetik.com\/index.php\/vendredi-12-juin-2026-flora-bonfanti-alexandre-gouttard-helene-gratet\/","og_locale":"fr_FR","og_type":"article","og_title":"VENDREDI 12 JUIN 2026 - FLORA BONFANTI &amp; ALEXANDRE GOUTTARD &amp; H\u00c9L\u00c8NE GRATET - Office des Transports Po\u00e9tik","og_description":"VENDREDI 12 JUIN 2026 \/ librairie LA NOUVELLE D\u00c9RIVE \/ Grenoble FLORA BONFANTI &amp; ALEXANDRE GOUTTARD &amp; H\u00c9L\u00c8NE GRATE 17h30 &#8211; atelier de lecture collective pour plonger ensemble dans les textes des invit\u00e9es et comprendre comment ils sont construits 19H &#8211; lecture &amp; renconttre gratuit \/ sur r\u00e9servation : laderive@aol.com Rencontre et \u00e9changes autour des [&hellip;]","og_url":"https:\/\/officetransportspoetik.com\/index.php\/vendredi-12-juin-2026-flora-bonfanti-alexandre-gouttard-helene-gratet\/","og_site_name":"Office des Transports Po\u00e9tik","article_publisher":"https:\/\/www.facebook.com\/officedestransportspoetik","article_modified_time":"2026-04-13T12:23:58+00:00","og_image":[{"width":1707,"height":2560,"url":"https:\/\/officetransportspoetik.com\/wp-content\/uploads\/2026\/03\/1688553511325-scaled.jpg","type":"image\/jpeg"}],"twitter_card":"summary_large_image","twitter_misc":{"Dur\u00e9e de lecture estim\u00e9e":"2 minutes"},"schema":{"@context":"https:\/\/schema.org","@graph":[{"@type":"WebPage","@id":"https:\/\/officetransportspoetik.com\/index.php\/vendredi-12-juin-2026-flora-bonfanti-alexandre-gouttard-helene-gratet\/","url":"https:\/\/officetransportspoetik.com\/index.php\/vendredi-12-juin-2026-flora-bonfanti-alexandre-gouttard-helene-gratet\/","name":"VENDREDI 12 JUIN 2026 - FLORA BONFANTI &amp; ALEXANDRE GOUTTARD &amp; H\u00c9L\u00c8NE GRATET - Office des Transports Po\u00e9tik","isPartOf":{"@id":"https:\/\/officetransportspoetik.com\/#website"},"primaryImageOfPage":{"@id":"https:\/\/officetransportspoetik.com\/index.php\/vendredi-12-juin-2026-flora-bonfanti-alexandre-gouttard-helene-gratet\/#primaryimage"},"image":{"@id":"https:\/\/officetransportspoetik.com\/index.php\/vendredi-12-juin-2026-flora-bonfanti-alexandre-gouttard-helene-gratet\/#primaryimage"},"thumbnailUrl":"https:\/\/officetransportspoetik.com\/wp-content\/uploads\/2026\/03\/1688553511325-200x300.jpg","datePublished":"2026-04-13T10:47:58+00:00","dateModified":"2026-04-13T12:23:58+00:00","breadcrumb":{"@id":"https:\/\/officetransportspoetik.com\/index.php\/vendredi-12-juin-2026-flora-bonfanti-alexandre-gouttard-helene-gratet\/#breadcrumb"},"inLanguage":"fr-FR","potentialAction":[{"@type":"ReadAction","target":["https:\/\/officetransportspoetik.com\/index.php\/vendredi-12-juin-2026-flora-bonfanti-alexandre-gouttard-helene-gratet\/"]}]},{"@type":"ImageObject","inLanguage":"fr-FR","@id":"https:\/\/officetransportspoetik.com\/index.php\/vendredi-12-juin-2026-flora-bonfanti-alexandre-gouttard-helene-gratet\/#primaryimage","url":"https:\/\/officetransportspoetik.com\/wp-content\/uploads\/2026\/03\/1688553511325-scaled.jpg","contentUrl":"https:\/\/officetransportspoetik.com\/wp-content\/uploads\/2026\/03\/1688553511325-scaled.jpg","width":1707,"height":2560},{"@type":"BreadcrumbList","@id":"https:\/\/officetransportspoetik.com\/index.php\/vendredi-12-juin-2026-flora-bonfanti-alexandre-gouttard-helene-gratet\/#breadcrumb","itemListElement":[{"@type":"ListItem","position":1,"name":"Accueil","item":"https:\/\/officetransportspoetik.com\/"},{"@type":"ListItem","position":2,"name":"VENDREDI 12 JUIN 2026 &#8211; FLORA BONFANTI &amp; ALEXANDRE GOUTTARD &amp; H\u00c9L\u00c8NE GRATET"}]},{"@type":"WebSite","@id":"https:\/\/officetransportspoetik.com\/#website","url":"https:\/\/officetransportspoetik.com\/","name":"Office des Transports Po\u00e9tik","description":"autour des \u00e9critures po\u00e9tiques contemporaines","publisher":{"@id":"https:\/\/officetransportspoetik.com\/#organization"},"potentialAction":[{"@type":"SearchAction","target":{"@type":"EntryPoint","urlTemplate":"https:\/\/officetransportspoetik.com\/?s={search_term_string}"},"query-input":{"@type":"PropertyValueSpecification","valueRequired":true,"valueName":"search_term_string"}}],"inLanguage":"fr-FR"},{"@type":"Organization","@id":"https:\/\/officetransportspoetik.com\/#organization","name":"Office des Transports Po\u00e9tik","url":"https:\/\/officetransportspoetik.com\/","logo":{"@type":"ImageObject","inLanguage":"fr-FR","@id":"https:\/\/officetransportspoetik.com\/#\/schema\/logo\/image\/","url":"https:\/\/officetransportspoetik.com\/wp-content\/uploads\/2023\/01\/logo-Office-rouge-pour-programme-festival-2022.jpg","contentUrl":"https:\/\/officetransportspoetik.com\/wp-content\/uploads\/2023\/01\/logo-Office-rouge-pour-programme-festival-2022.jpg","width":1200,"height":500,"caption":"Office des Transports Po\u00e9tik"},"image":{"@id":"https:\/\/officetransportspoetik.com\/#\/schema\/logo\/image\/"},"sameAs":["https:\/\/www.facebook.com\/officedestransportspoetik","https:\/\/www.instagram.com\/office_des_transports_poetik\/"]}]}},"_links":{"self":[{"href":"https:\/\/officetransportspoetik.com\/index.php\/wp-json\/wp\/v2\/pages\/5504","targetHints":{"allow":["GET"]}}],"collection":[{"href":"https:\/\/officetransportspoetik.com\/index.php\/wp-json\/wp\/v2\/pages"}],"about":[{"href":"https:\/\/officetransportspoetik.com\/index.php\/wp-json\/wp\/v2\/types\/page"}],"author":[{"embeddable":true,"href":"https:\/\/officetransportspoetik.com\/index.php\/wp-json\/wp\/v2\/users\/1"}],"replies":[{"embeddable":true,"href":"https:\/\/officetransportspoetik.com\/index.php\/wp-json\/wp\/v2\/comments?post=5504"}],"version-history":[{"count":19,"href":"https:\/\/officetransportspoetik.com\/index.php\/wp-json\/wp\/v2\/pages\/5504\/revisions"}],"predecessor-version":[{"id":5527,"href":"https:\/\/officetransportspoetik.com\/index.php\/wp-json\/wp\/v2\/pages\/5504\/revisions\/5527"}],"wp:attachment":[{"href":"https:\/\/officetransportspoetik.com\/index.php\/wp-json\/wp\/v2\/media?parent=5504"}],"curies":[{"name":"wp","href":"https:\/\/api.w.org\/{rel}","templated":true}]}}