{"id":5467,"date":"2026-04-13T12:12:51","date_gmt":"2026-04-13T10:12:51","guid":{"rendered":"https:\/\/officetransportspoetik.com\/?page_id=5467"},"modified":"2026-04-13T12:26:41","modified_gmt":"2026-04-13T10:26:41","slug":"jeudi-11-juin-2026-auguste-ne-sais-plus-grand-chose-de-monde-de-pierre-soletti","status":"publish","type":"page","link":"https:\/\/officetransportspoetik.com\/index.php\/jeudi-11-juin-2026-auguste-ne-sais-plus-grand-chose-de-monde-de-pierre-soletti\/","title":{"rendered":"JEUDI 11 JUIN 2026 &#8211; Auguste ne sais plus grand chose de monde de PIERRE SOLETTI"},"content":{"rendered":"\t\t<div data-elementor-type=\"wp-page\" data-elementor-id=\"5467\" class=\"elementor elementor-5467\">\n\t\t\t\t\t\t<section class=\"elementor-section elementor-top-section elementor-element elementor-element-420c06c8 elementor-section-boxed elementor-section-height-default elementor-section-height-default\" data-id=\"420c06c8\" data-element_type=\"section\" data-e-type=\"section\">\n\t\t\t\t\t\t<div class=\"elementor-container elementor-column-gap-default\">\n\t\t\t\t\t<div class=\"elementor-column elementor-col-100 elementor-top-column elementor-element elementor-element-5c527cc3\" data-id=\"5c527cc3\" data-element_type=\"column\" data-e-type=\"column\">\n\t\t\t<div class=\"elementor-widget-wrap elementor-element-populated\">\n\t\t\t\t\t\t<div class=\"elementor-element elementor-element-162455d4 elementor-widget elementor-widget-heading\" data-id=\"162455d4\" data-element_type=\"widget\" data-e-type=\"widget\" data-widget_type=\"heading.default\">\n\t\t\t\t<div class=\"elementor-widget-container\">\n\t\t\t\t\t<h2 class=\"elementor-heading-title elementor-size-default\">JEUDI 11 JUIN 2026 \/ LA HALLE DES IRIS \/ VILLENEUVE DE GRENOBLE<\/h2>\t\t\t\t<\/div>\n\t\t\t\t<\/div>\n\t\t\t\t<div class=\"elementor-element elementor-element-3393723 elementor-widget-divider--view-line elementor-widget elementor-widget-divider\" data-id=\"3393723\" data-element_type=\"widget\" data-e-type=\"widget\" data-widget_type=\"divider.default\">\n\t\t\t\t<div class=\"elementor-widget-container\">\n\t\t\t\t\t\t\t<div class=\"elementor-divider\">\n\t\t\t<span class=\"elementor-divider-separator\">\n\t\t\t\t\t\t<\/span>\n\t\t<\/div>\n\t\t\t\t\t\t<\/div>\n\t\t\t\t<\/div>\n\t\t\t\t\t<\/div>\n\t\t<\/div>\n\t\t\t\t\t<\/div>\n\t\t<\/section>\n\t\t\t\t<section class=\"elementor-section elementor-top-section elementor-element elementor-element-2621a03d elementor-section-boxed elementor-section-height-default elementor-section-height-default\" data-id=\"2621a03d\" data-element_type=\"section\" data-e-type=\"section\">\n\t\t\t\t\t\t<div class=\"elementor-container elementor-column-gap-default\">\n\t\t\t\t\t<div class=\"elementor-column elementor-col-50 elementor-top-column elementor-element elementor-element-193712c8\" data-id=\"193712c8\" data-element_type=\"column\" data-e-type=\"column\">\n\t\t\t<div class=\"elementor-widget-wrap elementor-element-populated\">\n\t\t\t\t\t\t<div class=\"elementor-element elementor-element-4828f1d9 elementor-widget elementor-widget-heading\" data-id=\"4828f1d9\" data-element_type=\"widget\" data-e-type=\"widget\" data-widget_type=\"heading.default\">\n\t\t\t\t<div class=\"elementor-widget-container\">\n\t\t\t\t\t<h2 class=\"elementor-heading-title elementor-size-default\">Auguste ne sait plus grand chose de monde de PIERRE SOLETTI <\/h2>\t\t\t\t<\/div>\n\t\t\t\t<\/div>\n\t\t\t\t<div class=\"elementor-element elementor-element-65865f74 elementor-widget elementor-widget-text-editor\" data-id=\"65865f74\" data-element_type=\"widget\" data-e-type=\"widget\" data-widget_type=\"text-editor.default\">\n\t\t\t\t<div class=\"elementor-widget-container\">\n\t\t\t\t\t\t\t\t\t<p style=\"font-variant-caps: normal; font-family: 'Open Sans', sans-serif; font-size: 14px; font-style: normal;\"><span style=\"font-size: 14px; font-weight: 600;\">lecture musicale :<\/span><\/p><p style=\"font-variant-caps: normal; font-family: 'Open Sans', sans-serif; font-size: 14px; font-style: normal;\"><span style=\"font-size: 14px; font-weight: 600;\">\u00a0<\/span><\/p><p style=\"font-variant-caps: normal; font-family: 'Open Sans', sans-serif; font-size: 14px; font-style: normal;\"><span style=\"font-size: 14px; font-weight: 600;\">H\u00e9l\u00e8ne Bertrand<\/span>, voix<\/p><p style=\"font-variant-caps: normal; font-family: 'Open Sans', sans-serif; font-size: 14px; font-style: normal;\"><span style=\"font-size: 14px; font-weight: 600;\">Eric Bertrand<\/span>, guitare<\/p>\t\t\t\t\t\t\t\t<\/div>\n\t\t\t\t<\/div>\n\t\t\t\t<div class=\"elementor-element elementor-element-156f16f0 elementor-widget elementor-widget-text-editor\" data-id=\"156f16f0\" data-element_type=\"widget\" data-e-type=\"widget\" data-widget_type=\"text-editor.default\">\n\t\t\t\t<div class=\"elementor-widget-container\">\n\t\t\t\t\t\t\t\t\t<h2>19H<\/h2><p><em>gratuit \/\u00a0<\/em><i style=\"color: #000000; font-family: Calibri, sans-serif; font-size: 12pt; font-variant-ligatures: normal; font-variant-caps: normal; font-weight: 400; text-align: justify;\"><span style=\"font-size: 10pt; font-family: 'Open Sans', sans-serif;\">sur inscription : la.halle.des.iris@gresille.org<\/span><\/i><\/p>\t\t\t\t\t\t\t\t<\/div>\n\t\t\t\t<\/div>\n\t\t\t\t<div class=\"elementor-element elementor-element-700a0fd8 elementor-widget-divider--view-line elementor-widget elementor-widget-divider\" data-id=\"700a0fd8\" data-element_type=\"widget\" data-e-type=\"widget\" data-widget_type=\"divider.default\">\n\t\t\t\t<div class=\"elementor-widget-container\">\n\t\t\t\t\t\t\t<div class=\"elementor-divider\">\n\t\t\t<span class=\"elementor-divider-separator\">\n\t\t\t\t\t\t<\/span>\n\t\t<\/div>\n\t\t\t\t\t\t<\/div>\n\t\t\t\t<\/div>\n\t\t\t\t<div class=\"elementor-element elementor-element-4431ed25 elementor-widget elementor-widget-text-editor\" data-id=\"4431ed25\" data-element_type=\"widget\" data-e-type=\"widget\" data-widget_type=\"text-editor.default\">\n\t\t\t\t<div class=\"elementor-widget-container\">\n\t\t\t\t\t\t\t\t\t<p>Rencontre et \u00e9changes autour des \u00e9ditions bilingues arabe-fran\u00e7ais&nbsp;<a style=\"font-size: 14px;\" href=\"http:\/\/www.leportajauni.fr\" target=\"_blank\" rel=\"noopener\">LE PORT A JAUNI<\/a><\/p>\t\t\t\t\t\t\t\t<\/div>\n\t\t\t\t<\/div>\n\t\t\t\t<div class=\"elementor-element elementor-element-5f4d4195 elementor-widget elementor-widget-text-editor\" data-id=\"5f4d4195\" data-element_type=\"widget\" data-e-type=\"widget\" data-widget_type=\"text-editor.default\">\n\t\t\t\t<div class=\"elementor-widget-container\">\n\t\t\t\t\t\t\t\t\t<p style=\"margin: 0cm; font-size: 12pt; font-family: Calibri, sans-serif; color: #000000; font-variant-ligatures: normal; font-variant-caps: normal; font-weight: 400; text-align: justify;\"><span style=\"font-style: normal;\">\u00ab<\/span><i>Auguste est debout devant sa fen\u00eatre. Il regarde dehors un nuage arriver sur lui. Il se prend les pieds dans les branches. Il chute. Il est si jeune pour mourir. Si vieux. Va. Il ferme les yeux un instant. Rembobine la bande fragile de ses souvenirs. Appuie sur stop. Fait play. C\u2019est l\u00e0. Ils sont tous l\u00e0&#8230; Le temps semble s\u2019\u00eatre arr\u00eat\u00e9 en cet endroit, abandonnant pour l\u2019heure ses affaires courantes. On dirait un film de Charlie Chaplin o\u00f9 les vieux tombent au ralenti.\u00bb<\/i><\/p><p style=\"margin: 0cm; font-size: 12pt; font-family: Calibri, sans-serif; color: #000000; font-style: normal; font-variant-ligatures: normal; font-variant-caps: normal; font-weight: 400; text-align: justify;\">\u00a0<\/p><p style=\"margin: 0cm; font-size: 12pt; font-family: Calibri, sans-serif; color: #000000; font-style: normal; font-variant-ligatures: normal; font-variant-caps: normal; font-weight: 400; text-align: justify;\">Le texte Auguste ne sat plus grand chose du monde, \u00e9crit par Pierre Soletti, prend la forme d\u2019un monologue po\u00e9tique. Il \u00e9voque la fragilit\u00e9 de la vie \u00e0 travers la voix d\u2019un vieil homme qui avance dans un brouillard de souvenirs et de fragments du quotidien, au sein de la maison de retraite o\u00f9 il vit depuis la disparition de sa femme, Blanche. Ce texte interroge le temps et la m\u00e9moire, dont les \u00e9clats \u00e9pars se tranfsorment en un terrain de jeu d\u2019enfant. Pass\u00e9 et pr\u00e9sent s\u2019y entrem\u00ealent, port\u00e9s par un mouvement empreint de tendresse et de sagesse int\u00e9rieure.<\/p>\t\t\t\t\t\t\t\t<\/div>\n\t\t\t\t<\/div>\n\t\t\t\t<div class=\"elementor-element elementor-element-2bb3dabd elementor-widget elementor-widget-text-editor\" data-id=\"2bb3dabd\" data-element_type=\"widget\" data-e-type=\"widget\" data-widget_type=\"text-editor.default\">\n\t\t\t\t<div class=\"elementor-widget-container\">\n\t\t\t\t\t\t\t\t\t<p>165,\u00a0 galerie de l&rsquo;Arlequin, Grenoble<\/p>\t\t\t\t\t\t\t\t<\/div>\n\t\t\t\t<\/div>\n\t\t\t\t<div class=\"elementor-element elementor-element-245ce4f9 elementor-widget elementor-widget-text-editor\" data-id=\"245ce4f9\" data-element_type=\"widget\" data-e-type=\"widget\" data-widget_type=\"text-editor.default\">\n\t\t\t\t<div class=\"elementor-widget-container\">\n\t\t\t\t\t\t\t\t\t<p><strong>\u00e0 lire : Pierre Soletti, Auguste ne sait pas grand chose du monde, \u00e9d. \u00c9crits du forge, collection D\u00e9placements, 2017<\/strong><\/p>\t\t\t\t\t\t\t\t<\/div>\n\t\t\t\t<\/div>\n\t\t\t\t\t<\/div>\n\t\t<\/div>\n\t\t\t\t<div class=\"elementor-column elementor-col-50 elementor-top-column elementor-element elementor-element-1df84575\" data-id=\"1df84575\" data-element_type=\"column\" data-e-type=\"column\">\n\t\t\t<div class=\"elementor-widget-wrap elementor-element-populated\">\n\t\t\t\t\t\t<section class=\"elementor-section elementor-inner-section elementor-element elementor-element-6eb39320 elementor-section-boxed elementor-section-height-default elementor-section-height-default\" data-id=\"6eb39320\" data-element_type=\"section\" data-e-type=\"section\">\n\t\t\t\t\t\t<div class=\"elementor-container elementor-column-gap-default\">\n\t\t\t\t\t<div class=\"elementor-column elementor-col-50 elementor-inner-column elementor-element elementor-element-214a8ac9\" data-id=\"214a8ac9\" data-element_type=\"column\" data-e-type=\"column\">\n\t\t\t<div class=\"elementor-widget-wrap elementor-element-populated\">\n\t\t\t\t\t\t<div class=\"elementor-element elementor-element-676c623d elementor-widget elementor-widget-image\" data-id=\"676c623d\" data-element_type=\"widget\" data-e-type=\"widget\" data-widget_type=\"image.default\">\n\t\t\t\t<div class=\"elementor-widget-container\">\n\t\t\t\t\t\t\t\t\t\t\t\t\t\t\t<img fetchpriority=\"high\" decoding=\"async\" width=\"1448\" height=\"2048\" src=\"https:\/\/officetransportspoetik.com\/wp-content\/uploads\/2026\/03\/Pierre-Soletti_PHOTO_2-1448x2048.jpg\" class=\"attachment-2048x2048 size-2048x2048 wp-image-5300\" alt=\"\" srcset=\"https:\/\/officetransportspoetik.com\/wp-content\/uploads\/2026\/03\/Pierre-Soletti_PHOTO_2-1448x2048.jpg 1448w, https:\/\/officetransportspoetik.com\/wp-content\/uploads\/2026\/03\/Pierre-Soletti_PHOTO_2-212x300.jpg 212w, https:\/\/officetransportspoetik.com\/wp-content\/uploads\/2026\/03\/Pierre-Soletti_PHOTO_2-724x1024.jpg 724w, https:\/\/officetransportspoetik.com\/wp-content\/uploads\/2026\/03\/Pierre-Soletti_PHOTO_2-768x1086.jpg 768w, https:\/\/officetransportspoetik.com\/wp-content\/uploads\/2026\/03\/Pierre-Soletti_PHOTO_2-1086x1536.jpg 1086w, https:\/\/officetransportspoetik.com\/wp-content\/uploads\/2026\/03\/Pierre-Soletti_PHOTO_2-scaled.jpg 1811w\" sizes=\"(max-width: 1448px) 100vw, 1448px\" \/>\t\t\t\t\t\t\t\t\t\t\t\t\t\t\t<\/div>\n\t\t\t\t<\/div>\n\t\t\t\t<div class=\"elementor-element elementor-element-1c691032 elementor-widget elementor-widget-heading\" data-id=\"1c691032\" data-element_type=\"widget\" data-e-type=\"widget\" data-widget_type=\"heading.default\">\n\t\t\t\t<div class=\"elementor-widget-container\">\n\t\t\t\t\t<h2 class=\"elementor-heading-title elementor-size-small\">Pierre SOLETTI<\/h2>\t\t\t\t<\/div>\n\t\t\t\t<\/div>\n\t\t\t\t\t<\/div>\n\t\t<\/div>\n\t\t\t\t<div class=\"elementor-column elementor-col-50 elementor-inner-column elementor-element elementor-element-1c60df78\" data-id=\"1c60df78\" data-element_type=\"column\" data-e-type=\"column\">\n\t\t\t<div class=\"elementor-widget-wrap elementor-element-populated\">\n\t\t\t\t\t\t<div class=\"elementor-element elementor-element-1adc1f22 elementor-widget elementor-widget-image\" data-id=\"1adc1f22\" data-element_type=\"widget\" data-e-type=\"widget\" data-widget_type=\"image.default\">\n\t\t\t\t<div class=\"elementor-widget-container\">\n\t\t\t\t\t\t\t\t\t\t\t\t\t\t\t<img decoding=\"async\" width=\"2048\" height=\"2048\" src=\"https:\/\/officetransportspoetik.com\/wp-content\/uploads\/2026\/04\/IMG_2556-2048x2048.jpeg\" class=\"attachment-2048x2048 size-2048x2048 wp-image-5475\" alt=\"\" srcset=\"https:\/\/officetransportspoetik.com\/wp-content\/uploads\/2026\/04\/IMG_2556-2048x2048.jpeg 2048w, https:\/\/officetransportspoetik.com\/wp-content\/uploads\/2026\/04\/IMG_2556-300x300.jpeg 300w, https:\/\/officetransportspoetik.com\/wp-content\/uploads\/2026\/04\/IMG_2556-1024x1024.jpeg 1024w, https:\/\/officetransportspoetik.com\/wp-content\/uploads\/2026\/04\/IMG_2556-150x150.jpeg 150w, https:\/\/officetransportspoetik.com\/wp-content\/uploads\/2026\/04\/IMG_2556-768x768.jpeg 768w, https:\/\/officetransportspoetik.com\/wp-content\/uploads\/2026\/04\/IMG_2556-1536x1536.jpeg 1536w, https:\/\/officetransportspoetik.com\/wp-content\/uploads\/2026\/04\/IMG_2556-600x600.jpeg 600w\" sizes=\"(max-width: 2048px) 100vw, 2048px\" \/>\t\t\t\t\t\t\t\t\t\t\t\t\t\t\t<\/div>\n\t\t\t\t<\/div>\n\t\t\t\t\t<\/div>\n\t\t<\/div>\n\t\t\t\t\t<\/div>\n\t\t<\/section>\n\t\t\t\t\t<\/div>\n\t\t<\/div>\n\t\t\t\t\t<\/div>\n\t\t<\/section>\n\t\t\t\t<\/div>\n\t\t","protected":false},"excerpt":{"rendered":"<p>JEUDI 11 JUIN 2026 \/ LA HALLE DES IRIS \/ VILLENEUVE DE GRENOBLE Auguste ne sait plus grand chose de monde de PIERRE SOLETTI lecture musicale : \u00a0 H\u00e9l\u00e8ne Bertrand, voix Eric Bertrand, guitare 19H gratuit \/\u00a0sur inscription : la.halle.des.iris@gresille.org Rencontre et \u00e9changes autour des \u00e9ditions bilingues arabe-fran\u00e7ais&nbsp;LE PORT A JAUNI \u00abAuguste est debout devant [&hellip;]<\/p>\n","protected":false},"author":1,"featured_media":0,"parent":0,"menu_order":0,"comment_status":"closed","ping_status":"closed","template":"elementor_header_footer","meta":{"ocean_post_layout":"","ocean_both_sidebars_style":"","ocean_both_sidebars_content_width":0,"ocean_both_sidebars_sidebars_width":0,"ocean_sidebar":"","ocean_second_sidebar":"","ocean_disable_margins":"enable","ocean_add_body_class":"","ocean_shortcode_before_top_bar":"","ocean_shortcode_after_top_bar":"","ocean_shortcode_before_header":"","ocean_shortcode_after_header":"","ocean_has_shortcode":"","ocean_shortcode_after_title":"","ocean_shortcode_before_footer_widgets":"","ocean_shortcode_after_footer_widgets":"","ocean_shortcode_before_footer_bottom":"","ocean_shortcode_after_footer_bottom":"","ocean_display_top_bar":"default","ocean_display_header":"default","ocean_header_style":"","ocean_center_header_left_menu":"","ocean_custom_header_template":"","ocean_custom_logo":0,"ocean_custom_retina_logo":0,"ocean_custom_logo_max_width":0,"ocean_custom_logo_tablet_max_width":0,"ocean_custom_logo_mobile_max_width":0,"ocean_custom_logo_max_height":0,"ocean_custom_logo_tablet_max_height":0,"ocean_custom_logo_mobile_max_height":0,"ocean_header_custom_menu":"","ocean_menu_typo_font_family":"","ocean_menu_typo_font_subset":"","ocean_menu_typo_font_size":0,"ocean_menu_typo_font_size_tablet":0,"ocean_menu_typo_font_size_mobile":0,"ocean_menu_typo_font_size_unit":"px","ocean_menu_typo_font_weight":"","ocean_menu_typo_font_weight_tablet":"","ocean_menu_typo_font_weight_mobile":"","ocean_menu_typo_transform":"","ocean_menu_typo_transform_tablet":"","ocean_menu_typo_transform_mobile":"","ocean_menu_typo_line_height":0,"ocean_menu_typo_line_height_tablet":0,"ocean_menu_typo_line_height_mobile":0,"ocean_menu_typo_line_height_unit":"","ocean_menu_typo_spacing":0,"ocean_menu_typo_spacing_tablet":0,"ocean_menu_typo_spacing_mobile":0,"ocean_menu_typo_spacing_unit":"","ocean_menu_link_color":"","ocean_menu_link_color_hover":"","ocean_menu_link_color_active":"","ocean_menu_link_background":"","ocean_menu_link_hover_background":"","ocean_menu_link_active_background":"","ocean_menu_social_links_bg":"","ocean_menu_social_hover_links_bg":"","ocean_menu_social_links_color":"","ocean_menu_social_hover_links_color":"","ocean_disable_title":"default","ocean_disable_heading":"default","ocean_post_title":"","ocean_post_subheading":"","ocean_post_title_style":"","ocean_post_title_background_color":"","ocean_post_title_background":0,"ocean_post_title_bg_image_position":"","ocean_post_title_bg_image_attachment":"","ocean_post_title_bg_image_repeat":"","ocean_post_title_bg_image_size":"","ocean_post_title_height":0,"ocean_post_title_bg_overlay":0.5,"ocean_post_title_bg_overlay_color":"","ocean_disable_breadcrumbs":"default","ocean_breadcrumbs_color":"","ocean_breadcrumbs_separator_color":"","ocean_breadcrumbs_links_color":"","ocean_breadcrumbs_links_hover_color":"","ocean_display_footer_widgets":"default","ocean_display_footer_bottom":"default","ocean_custom_footer_template":"","footnotes":""},"class_list":["post-5467","page","type-page","status-publish","hentry","entry"],"yoast_head":"<!-- This site is optimized with the Yoast SEO plugin v27.4 - https:\/\/yoast.com\/product\/yoast-seo-wordpress\/ -->\n<title>JEUDI 11 JUIN 2026 - Auguste ne sais plus grand chose de monde de PIERRE SOLETTI - Office des Transports Po\u00e9tik<\/title>\n<meta name=\"robots\" content=\"index, follow, max-snippet:-1, max-image-preview:large, max-video-preview:-1\" \/>\n<link rel=\"canonical\" href=\"https:\/\/officetransportspoetik.com\/index.php\/jeudi-11-juin-2026-auguste-ne-sais-plus-grand-chose-de-monde-de-pierre-soletti\/\" \/>\n<meta property=\"og:locale\" content=\"fr_FR\" \/>\n<meta property=\"og:type\" content=\"article\" \/>\n<meta property=\"og:title\" content=\"JEUDI 11 JUIN 2026 - Auguste ne sais plus grand chose de monde de PIERRE SOLETTI - Office des Transports Po\u00e9tik\" \/>\n<meta property=\"og:description\" content=\"JEUDI 11 JUIN 2026 \/ LA HALLE DES IRIS \/ VILLENEUVE DE GRENOBLE Auguste ne sait plus grand chose de monde de PIERRE SOLETTI lecture musicale : \u00a0 H\u00e9l\u00e8ne Bertrand, voix Eric Bertrand, guitare 19H gratuit \/\u00a0sur inscription : la.halle.des.iris@gresille.org Rencontre et \u00e9changes autour des \u00e9ditions bilingues arabe-fran\u00e7ais&nbsp;LE PORT A JAUNI \u00abAuguste est debout devant [&hellip;]\" \/>\n<meta property=\"og:url\" content=\"https:\/\/officetransportspoetik.com\/index.php\/jeudi-11-juin-2026-auguste-ne-sais-plus-grand-chose-de-monde-de-pierre-soletti\/\" \/>\n<meta property=\"og:site_name\" content=\"Office des Transports Po\u00e9tik\" \/>\n<meta property=\"article:publisher\" content=\"https:\/\/www.facebook.com\/officedestransportspoetik\" \/>\n<meta property=\"article:modified_time\" content=\"2026-04-13T10:26:41+00:00\" \/>\n<meta property=\"og:image\" content=\"https:\/\/officetransportspoetik.com\/wp-content\/uploads\/2026\/03\/Pierre-Soletti_PHOTO_2-scaled.jpg\" \/>\n\t<meta property=\"og:image:width\" content=\"1811\" \/>\n\t<meta property=\"og:image:height\" content=\"2560\" \/>\n\t<meta property=\"og:image:type\" content=\"image\/jpeg\" \/>\n<meta name=\"twitter:card\" content=\"summary_large_image\" \/>\n<meta name=\"twitter:label1\" content=\"Dur\u00e9e de lecture estim\u00e9e\" \/>\n\t<meta name=\"twitter:data1\" content=\"2 minutes\" \/>\n<script type=\"application\/ld+json\" class=\"yoast-schema-graph\">{\"@context\":\"https:\\\/\\\/schema.org\",\"@graph\":[{\"@type\":\"WebPage\",\"@id\":\"https:\\\/\\\/officetransportspoetik.com\\\/index.php\\\/jeudi-11-juin-2026-auguste-ne-sais-plus-grand-chose-de-monde-de-pierre-soletti\\\/\",\"url\":\"https:\\\/\\\/officetransportspoetik.com\\\/index.php\\\/jeudi-11-juin-2026-auguste-ne-sais-plus-grand-chose-de-monde-de-pierre-soletti\\\/\",\"name\":\"JEUDI 11 JUIN 2026 - Auguste ne sais plus grand chose de monde de PIERRE SOLETTI - Office des Transports Po\u00e9tik\",\"isPartOf\":{\"@id\":\"https:\\\/\\\/officetransportspoetik.com\\\/#website\"},\"primaryImageOfPage\":{\"@id\":\"https:\\\/\\\/officetransportspoetik.com\\\/index.php\\\/jeudi-11-juin-2026-auguste-ne-sais-plus-grand-chose-de-monde-de-pierre-soletti\\\/#primaryimage\"},\"image\":{\"@id\":\"https:\\\/\\\/officetransportspoetik.com\\\/index.php\\\/jeudi-11-juin-2026-auguste-ne-sais-plus-grand-chose-de-monde-de-pierre-soletti\\\/#primaryimage\"},\"thumbnailUrl\":\"https:\\\/\\\/officetransportspoetik.com\\\/wp-content\\\/uploads\\\/2026\\\/03\\\/Pierre-Soletti_PHOTO_2-1448x2048.jpg\",\"datePublished\":\"2026-04-13T10:12:51+00:00\",\"dateModified\":\"2026-04-13T10:26:41+00:00\",\"breadcrumb\":{\"@id\":\"https:\\\/\\\/officetransportspoetik.com\\\/index.php\\\/jeudi-11-juin-2026-auguste-ne-sais-plus-grand-chose-de-monde-de-pierre-soletti\\\/#breadcrumb\"},\"inLanguage\":\"fr-FR\",\"potentialAction\":[{\"@type\":\"ReadAction\",\"target\":[\"https:\\\/\\\/officetransportspoetik.com\\\/index.php\\\/jeudi-11-juin-2026-auguste-ne-sais-plus-grand-chose-de-monde-de-pierre-soletti\\\/\"]}]},{\"@type\":\"ImageObject\",\"inLanguage\":\"fr-FR\",\"@id\":\"https:\\\/\\\/officetransportspoetik.com\\\/index.php\\\/jeudi-11-juin-2026-auguste-ne-sais-plus-grand-chose-de-monde-de-pierre-soletti\\\/#primaryimage\",\"url\":\"https:\\\/\\\/officetransportspoetik.com\\\/wp-content\\\/uploads\\\/2026\\\/03\\\/Pierre-Soletti_PHOTO_2-scaled.jpg\",\"contentUrl\":\"https:\\\/\\\/officetransportspoetik.com\\\/wp-content\\\/uploads\\\/2026\\\/03\\\/Pierre-Soletti_PHOTO_2-scaled.jpg\",\"width\":1811,\"height\":2560},{\"@type\":\"BreadcrumbList\",\"@id\":\"https:\\\/\\\/officetransportspoetik.com\\\/index.php\\\/jeudi-11-juin-2026-auguste-ne-sais-plus-grand-chose-de-monde-de-pierre-soletti\\\/#breadcrumb\",\"itemListElement\":[{\"@type\":\"ListItem\",\"position\":1,\"name\":\"Accueil\",\"item\":\"https:\\\/\\\/officetransportspoetik.com\\\/\"},{\"@type\":\"ListItem\",\"position\":2,\"name\":\"JEUDI 11 JUIN 2026 &#8211; Auguste ne sais plus grand chose de monde de PIERRE SOLETTI\"}]},{\"@type\":\"WebSite\",\"@id\":\"https:\\\/\\\/officetransportspoetik.com\\\/#website\",\"url\":\"https:\\\/\\\/officetransportspoetik.com\\\/\",\"name\":\"Office des Transports Po\u00e9tik\",\"description\":\"autour des \u00e9critures po\u00e9tiques contemporaines\",\"publisher\":{\"@id\":\"https:\\\/\\\/officetransportspoetik.com\\\/#organization\"},\"potentialAction\":[{\"@type\":\"SearchAction\",\"target\":{\"@type\":\"EntryPoint\",\"urlTemplate\":\"https:\\\/\\\/officetransportspoetik.com\\\/?s={search_term_string}\"},\"query-input\":{\"@type\":\"PropertyValueSpecification\",\"valueRequired\":true,\"valueName\":\"search_term_string\"}}],\"inLanguage\":\"fr-FR\"},{\"@type\":\"Organization\",\"@id\":\"https:\\\/\\\/officetransportspoetik.com\\\/#organization\",\"name\":\"Office des Transports Po\u00e9tik\",\"url\":\"https:\\\/\\\/officetransportspoetik.com\\\/\",\"logo\":{\"@type\":\"ImageObject\",\"inLanguage\":\"fr-FR\",\"@id\":\"https:\\\/\\\/officetransportspoetik.com\\\/#\\\/schema\\\/logo\\\/image\\\/\",\"url\":\"https:\\\/\\\/officetransportspoetik.com\\\/wp-content\\\/uploads\\\/2023\\\/01\\\/logo-Office-rouge-pour-programme-festival-2022.jpg\",\"contentUrl\":\"https:\\\/\\\/officetransportspoetik.com\\\/wp-content\\\/uploads\\\/2023\\\/01\\\/logo-Office-rouge-pour-programme-festival-2022.jpg\",\"width\":1200,\"height\":500,\"caption\":\"Office des Transports Po\u00e9tik\"},\"image\":{\"@id\":\"https:\\\/\\\/officetransportspoetik.com\\\/#\\\/schema\\\/logo\\\/image\\\/\"},\"sameAs\":[\"https:\\\/\\\/www.facebook.com\\\/officedestransportspoetik\",\"https:\\\/\\\/www.instagram.com\\\/office_des_transports_poetik\\\/\"]}]}<\/script>\n<!-- \/ Yoast SEO plugin. -->","yoast_head_json":{"title":"JEUDI 11 JUIN 2026 - Auguste ne sais plus grand chose de monde de PIERRE SOLETTI - Office des Transports Po\u00e9tik","robots":{"index":"index","follow":"follow","max-snippet":"max-snippet:-1","max-image-preview":"max-image-preview:large","max-video-preview":"max-video-preview:-1"},"canonical":"https:\/\/officetransportspoetik.com\/index.php\/jeudi-11-juin-2026-auguste-ne-sais-plus-grand-chose-de-monde-de-pierre-soletti\/","og_locale":"fr_FR","og_type":"article","og_title":"JEUDI 11 JUIN 2026 - Auguste ne sais plus grand chose de monde de PIERRE SOLETTI - Office des Transports Po\u00e9tik","og_description":"JEUDI 11 JUIN 2026 \/ LA HALLE DES IRIS \/ VILLENEUVE DE GRENOBLE Auguste ne sait plus grand chose de monde de PIERRE SOLETTI lecture musicale : \u00a0 H\u00e9l\u00e8ne Bertrand, voix Eric Bertrand, guitare 19H gratuit \/\u00a0sur inscription : la.halle.des.iris@gresille.org Rencontre et \u00e9changes autour des \u00e9ditions bilingues arabe-fran\u00e7ais&nbsp;LE PORT A JAUNI \u00abAuguste est debout devant [&hellip;]","og_url":"https:\/\/officetransportspoetik.com\/index.php\/jeudi-11-juin-2026-auguste-ne-sais-plus-grand-chose-de-monde-de-pierre-soletti\/","og_site_name":"Office des Transports Po\u00e9tik","article_publisher":"https:\/\/www.facebook.com\/officedestransportspoetik","article_modified_time":"2026-04-13T10:26:41+00:00","og_image":[{"width":1811,"height":2560,"url":"https:\/\/officetransportspoetik.com\/wp-content\/uploads\/2026\/03\/Pierre-Soletti_PHOTO_2-scaled.jpg","type":"image\/jpeg"}],"twitter_card":"summary_large_image","twitter_misc":{"Dur\u00e9e de lecture estim\u00e9e":"2 minutes"},"schema":{"@context":"https:\/\/schema.org","@graph":[{"@type":"WebPage","@id":"https:\/\/officetransportspoetik.com\/index.php\/jeudi-11-juin-2026-auguste-ne-sais-plus-grand-chose-de-monde-de-pierre-soletti\/","url":"https:\/\/officetransportspoetik.com\/index.php\/jeudi-11-juin-2026-auguste-ne-sais-plus-grand-chose-de-monde-de-pierre-soletti\/","name":"JEUDI 11 JUIN 2026 - Auguste ne sais plus grand chose de monde de PIERRE SOLETTI - Office des Transports Po\u00e9tik","isPartOf":{"@id":"https:\/\/officetransportspoetik.com\/#website"},"primaryImageOfPage":{"@id":"https:\/\/officetransportspoetik.com\/index.php\/jeudi-11-juin-2026-auguste-ne-sais-plus-grand-chose-de-monde-de-pierre-soletti\/#primaryimage"},"image":{"@id":"https:\/\/officetransportspoetik.com\/index.php\/jeudi-11-juin-2026-auguste-ne-sais-plus-grand-chose-de-monde-de-pierre-soletti\/#primaryimage"},"thumbnailUrl":"https:\/\/officetransportspoetik.com\/wp-content\/uploads\/2026\/03\/Pierre-Soletti_PHOTO_2-1448x2048.jpg","datePublished":"2026-04-13T10:12:51+00:00","dateModified":"2026-04-13T10:26:41+00:00","breadcrumb":{"@id":"https:\/\/officetransportspoetik.com\/index.php\/jeudi-11-juin-2026-auguste-ne-sais-plus-grand-chose-de-monde-de-pierre-soletti\/#breadcrumb"},"inLanguage":"fr-FR","potentialAction":[{"@type":"ReadAction","target":["https:\/\/officetransportspoetik.com\/index.php\/jeudi-11-juin-2026-auguste-ne-sais-plus-grand-chose-de-monde-de-pierre-soletti\/"]}]},{"@type":"ImageObject","inLanguage":"fr-FR","@id":"https:\/\/officetransportspoetik.com\/index.php\/jeudi-11-juin-2026-auguste-ne-sais-plus-grand-chose-de-monde-de-pierre-soletti\/#primaryimage","url":"https:\/\/officetransportspoetik.com\/wp-content\/uploads\/2026\/03\/Pierre-Soletti_PHOTO_2-scaled.jpg","contentUrl":"https:\/\/officetransportspoetik.com\/wp-content\/uploads\/2026\/03\/Pierre-Soletti_PHOTO_2-scaled.jpg","width":1811,"height":2560},{"@type":"BreadcrumbList","@id":"https:\/\/officetransportspoetik.com\/index.php\/jeudi-11-juin-2026-auguste-ne-sais-plus-grand-chose-de-monde-de-pierre-soletti\/#breadcrumb","itemListElement":[{"@type":"ListItem","position":1,"name":"Accueil","item":"https:\/\/officetransportspoetik.com\/"},{"@type":"ListItem","position":2,"name":"JEUDI 11 JUIN 2026 &#8211; Auguste ne sais plus grand chose de monde de PIERRE SOLETTI"}]},{"@type":"WebSite","@id":"https:\/\/officetransportspoetik.com\/#website","url":"https:\/\/officetransportspoetik.com\/","name":"Office des Transports Po\u00e9tik","description":"autour des \u00e9critures po\u00e9tiques contemporaines","publisher":{"@id":"https:\/\/officetransportspoetik.com\/#organization"},"potentialAction":[{"@type":"SearchAction","target":{"@type":"EntryPoint","urlTemplate":"https:\/\/officetransportspoetik.com\/?s={search_term_string}"},"query-input":{"@type":"PropertyValueSpecification","valueRequired":true,"valueName":"search_term_string"}}],"inLanguage":"fr-FR"},{"@type":"Organization","@id":"https:\/\/officetransportspoetik.com\/#organization","name":"Office des Transports Po\u00e9tik","url":"https:\/\/officetransportspoetik.com\/","logo":{"@type":"ImageObject","inLanguage":"fr-FR","@id":"https:\/\/officetransportspoetik.com\/#\/schema\/logo\/image\/","url":"https:\/\/officetransportspoetik.com\/wp-content\/uploads\/2023\/01\/logo-Office-rouge-pour-programme-festival-2022.jpg","contentUrl":"https:\/\/officetransportspoetik.com\/wp-content\/uploads\/2023\/01\/logo-Office-rouge-pour-programme-festival-2022.jpg","width":1200,"height":500,"caption":"Office des Transports Po\u00e9tik"},"image":{"@id":"https:\/\/officetransportspoetik.com\/#\/schema\/logo\/image\/"},"sameAs":["https:\/\/www.facebook.com\/officedestransportspoetik","https:\/\/www.instagram.com\/office_des_transports_poetik\/"]}]}},"_links":{"self":[{"href":"https:\/\/officetransportspoetik.com\/index.php\/wp-json\/wp\/v2\/pages\/5467","targetHints":{"allow":["GET"]}}],"collection":[{"href":"https:\/\/officetransportspoetik.com\/index.php\/wp-json\/wp\/v2\/pages"}],"about":[{"href":"https:\/\/officetransportspoetik.com\/index.php\/wp-json\/wp\/v2\/types\/page"}],"author":[{"embeddable":true,"href":"https:\/\/officetransportspoetik.com\/index.php\/wp-json\/wp\/v2\/users\/1"}],"replies":[{"embeddable":true,"href":"https:\/\/officetransportspoetik.com\/index.php\/wp-json\/wp\/v2\/comments?post=5467"}],"version-history":[{"count":28,"href":"https:\/\/officetransportspoetik.com\/index.php\/wp-json\/wp\/v2\/pages\/5467\/revisions"}],"predecessor-version":[{"id":5496,"href":"https:\/\/officetransportspoetik.com\/index.php\/wp-json\/wp\/v2\/pages\/5467\/revisions\/5496"}],"wp:attachment":[{"href":"https:\/\/officetransportspoetik.com\/index.php\/wp-json\/wp\/v2\/media?parent=5467"}],"curies":[{"name":"wp","href":"https:\/\/api.w.org\/{rel}","templated":true}]}}