{"id":5354,"date":"2026-04-12T23:01:10","date_gmt":"2026-04-12T21:01:10","guid":{"rendered":"https:\/\/officetransportspoetik.com\/?page_id=5354"},"modified":"2026-04-13T10:40:40","modified_gmt":"2026-04-13T08:40:40","slug":"samedi-30-mai-2026-severine-daucourt-camille-sova-lenaig-cariou-poesie-commune-editions-mf","status":"publish","type":"page","link":"https:\/\/officetransportspoetik.com\/index.php\/samedi-30-mai-2026-severine-daucourt-camille-sova-lenaig-cariou-poesie-commune-editions-mf\/","title":{"rendered":"SAMEDI 30 MAI 2026 &#8211; S\u00e9verine Daucourt &amp; Camille Sova &amp; L\u00e9naig Cariou &#8211; Po\u00e9sie commune \/ \u00e9ditions MF"},"content":{"rendered":"\t\t<div data-elementor-type=\"wp-page\" data-elementor-id=\"5354\" class=\"elementor elementor-5354\">\n\t\t\t\t\t\t<section class=\"elementor-section elementor-top-section elementor-element elementor-element-77d318b2 elementor-section-boxed elementor-section-height-default elementor-section-height-default\" data-id=\"77d318b2\" data-element_type=\"section\" data-e-type=\"section\">\n\t\t\t\t\t\t<div class=\"elementor-container elementor-column-gap-default\">\n\t\t\t\t\t<div class=\"elementor-column elementor-col-100 elementor-top-column elementor-element elementor-element-59df3299\" data-id=\"59df3299\" data-element_type=\"column\" data-e-type=\"column\" data-settings=\"{&quot;background_background&quot;:&quot;classic&quot;}\">\n\t\t\t<div class=\"elementor-widget-wrap elementor-element-populated\">\n\t\t\t\t\t<div class=\"elementor-background-overlay\"><\/div>\n\t\t\t\t\t\t<div class=\"elementor-element elementor-element-71723474 elementor-widget elementor-widget-heading\" data-id=\"71723474\" data-element_type=\"widget\" data-e-type=\"widget\" data-widget_type=\"heading.default\">\n\t\t\t\t<div class=\"elementor-widget-container\">\n\t\t\t\t\t<h2 class=\"elementor-heading-title elementor-size-default\">SAM 30 MAI 2026 \u00e0 19h \/ Librairie La Nouvelle D\u00e9rive \/ Grenoble<\/h2>\t\t\t\t<\/div>\n\t\t\t\t<\/div>\n\t\t\t\t<div class=\"elementor-element elementor-element-6534246e elementor-widget-divider--view-line elementor-widget elementor-widget-divider\" data-id=\"6534246e\" data-element_type=\"widget\" data-e-type=\"widget\" data-widget_type=\"divider.default\">\n\t\t\t\t<div class=\"elementor-widget-container\">\n\t\t\t\t\t\t\t<div class=\"elementor-divider\">\n\t\t\t<span class=\"elementor-divider-separator\">\n\t\t\t\t\t\t<\/span>\n\t\t<\/div>\n\t\t\t\t\t\t<\/div>\n\t\t\t\t<\/div>\n\t\t\t\t\t<\/div>\n\t\t<\/div>\n\t\t\t\t\t<\/div>\n\t\t<\/section>\n\t\t\t\t<section class=\"elementor-section elementor-top-section elementor-element elementor-element-e0e509a elementor-section-boxed elementor-section-height-default elementor-section-height-default\" data-id=\"e0e509a\" data-element_type=\"section\" data-e-type=\"section\">\n\t\t\t\t\t\t<div class=\"elementor-container elementor-column-gap-default\">\n\t\t\t\t\t<div class=\"elementor-column elementor-col-50 elementor-top-column elementor-element elementor-element-3a661612\" data-id=\"3a661612\" data-element_type=\"column\" data-e-type=\"column\">\n\t\t\t<div class=\"elementor-widget-wrap elementor-element-populated\">\n\t\t\t\t\t\t<div class=\"elementor-element elementor-element-7289657f elementor-widget elementor-widget-heading\" data-id=\"7289657f\" data-element_type=\"widget\" data-e-type=\"widget\" data-widget_type=\"heading.default\">\n\t\t\t\t<div class=\"elementor-widget-container\">\n\t\t\t\t\t<h2 class=\"elementor-heading-title elementor-size-default\">S\u00c9VERINE DAUCOURT &amp; CAMILLE SOVA &amp; L\u00c9NAIG CARIOU<br>autour de la collection Po\u00e9sie commune des \u00e9ditions MF<\/h2>\t\t\t\t<\/div>\n\t\t\t\t<\/div>\n\t\t\t\t<div class=\"elementor-element elementor-element-215ff041 elementor-widget elementor-widget-text-editor\" data-id=\"215ff041\" data-element_type=\"widget\" data-e-type=\"widget\" data-widget_type=\"text-editor.default\">\n\t\t\t\t<div class=\"elementor-widget-container\">\n\t\t\t\t\t\t\t\t\t<h2><em style=\"font-size: 14px; color: #4a4a4a;\">gratuit \/ r\u00e9servation :\u00a0<\/em><span style=\"color: #4a4a4a;\"><span style=\"font-size: 14px;\"><i>laderive@aol.com<\/i><\/span><\/span><\/h2>\t\t\t\t\t\t\t\t<\/div>\n\t\t\t\t<\/div>\n\t\t\t\t<div class=\"elementor-element elementor-element-3cfb8f2d elementor-widget-divider--view-line elementor-widget elementor-widget-divider\" data-id=\"3cfb8f2d\" data-element_type=\"widget\" data-e-type=\"widget\" data-widget_type=\"divider.default\">\n\t\t\t\t<div class=\"elementor-widget-container\">\n\t\t\t\t\t\t\t<div class=\"elementor-divider\">\n\t\t\t<span class=\"elementor-divider-separator\">\n\t\t\t\t\t\t<\/span>\n\t\t<\/div>\n\t\t\t\t\t\t<\/div>\n\t\t\t\t<\/div>\n\t\t\t\t<div class=\"elementor-element elementor-element-5c6663c2 elementor-widget elementor-widget-text-editor\" data-id=\"5c6663c2\" data-element_type=\"widget\" data-e-type=\"widget\" data-widget_type=\"text-editor.default\">\n\t\t\t\t<div class=\"elementor-widget-container\">\n\t\t\t\t\t\t\t\t\t<p class=\"MsoNormal\" style=\"margin: 0cm; font-size: 12pt; font-family: Calibri, sans-serif; color: #000000; font-style: normal; font-variant-ligatures: normal; font-variant-caps: normal; font-weight: 400; text-align: justify; background-image: initial; background-position: initial; background-size: initial; background-repeat: initial; background-attachment: initial; background-origin: initial; background-clip: initial;\"><span style=\"font-family: 'Open Sans', sans-serif;\">Avec quatre recueils au format ultra-poche publi\u00e9s chaque printemps, la nouvelle collection Po\u00e9sie commune des \u00e9ditions MF constitue un espace d\u00e9di\u00e9 aux voix po\u00e9tiques contemporaines qui cherchent \u00e0 d\u00e9passer les vieilles antinomies \u2014 lyrisme et formalisme, individu et soci\u00e9t\u00e9, langue ordinaire et langue imaginaire \u2014 au profit d\u2019une \u00e9criture o\u00f9 ces termes se mettent en tension. \u00c0 l\u2019occasion de cette soir\u00e9e, nous accueillons deux voix de la collection : <strong>S\u00e9verine Daucourt,<\/strong> autour du livre <em>La poudreuse<\/em>, et <strong>Camille Sova<\/strong>, autour de <em>Les branches des autres.<\/em> Deux textes qui prennent naissance dans la dislocation de la soci\u00e9t\u00e9 contemporaine, qu\u2019elle soit psychique ou sociale. Dans <em>La poudreuse<\/em> de <strong>S\u00e9verine Daucourt<\/strong>, le personnage principal est multiple, il s\u2019appelle \u00ab<\/span><span style=\"font-family: Arial, sans-serif;\">\u202f<\/span><span style=\"font-family: 'Open Sans', sans-serif;\">les gens<\/span><span style=\"font-family: Arial, sans-serif;\">\u202f<\/span><span style=\"font-family: 'Open Sans', sans-serif;\">\u00bb et ploie sous le poids des injonctions paradoxales. Peu \u00e0 peu, un paysage se dessine : un monde enneig\u00e9, opaque, qui brouille les regards et dissimule un syst\u00e8me agissant comme une drogue. Dans Les branches des autres, Camille Sova explore la singularit\u00e9 et le droit \u00e0 la fragilit\u00e9, aux antipodes de la toute-puissance psychique vant\u00e9e par les magazines et revues de d\u00e9veloppement personnel, qu\u2019elle d\u00e9coupe fa\u00e7on cut-up. <strong>L\u00e9naig Cariou,<\/strong> po\u00e9tesse et membre du comit\u00e9 \u00e9ditorial de la collection, nous rejoindra pour relier ces deux voix majeures et pr\u00e9senter plus largement la collection <em>Po\u00e9sie commune.<\/em><\/span><\/p>\t\t\t\t\t\t\t\t<\/div>\n\t\t\t\t<\/div>\n\t\t\t\t<div class=\"elementor-element elementor-element-68783e6d elementor-widget elementor-widget-text-editor\" data-id=\"68783e6d\" data-element_type=\"widget\" data-e-type=\"widget\" data-widget_type=\"text-editor.default\">\n\t\t\t\t<div class=\"elementor-widget-container\">\n\t\t\t\t\t\t\t\t\t<p>10, place Sainte, Grenoble<\/p>\t\t\t\t\t\t\t\t<\/div>\n\t\t\t\t<\/div>\n\t\t\t\t<div class=\"elementor-element elementor-element-75de1a3e elementor-widget elementor-widget-text-editor\" data-id=\"75de1a3e\" data-element_type=\"widget\" data-e-type=\"widget\" data-widget_type=\"text-editor.default\">\n\t\t\t\t<div class=\"elementor-widget-container\">\n\t\t\t\t\t\t\t\t\t<p>animation :&nbsp;<span style=\"font-family: 'Open Sans', sans-serif; font-size: 14px; font-style: normal; font-variant-caps: normal;\">&nbsp;<b>Katia Bouchoueva &amp; Anne Gaudel-Langdorf<\/b><\/span><\/p>\n<p><span style=\"font-family: &quot;Open Sans&quot;, sans-serif; font-size: 14px; font-style: normal; font-variant-caps: normal;\">\u00e0<\/span><span style=\"font-family: &quot;Open Sans&quot;, sans-serif; font-size: 14px; font-style: normal; font-variant-caps: normal;\"> lire<\/span><span style=\"font-family: &quot;Open Sans&quot;, sans-serif; font-size: 14px; font-style: normal; font-variant-caps: normal;\"> <\/span><b style=\"font-family: &quot;Open Sans&quot;, sans-serif; font-size: 14px; font-style: normal; font-variant-caps: normal;\">: S\u00e9verine Daucourt, <a href=\"https:\/\/www.editions-mf.com\/produit\/150\/9782378040871\/poudreuse\">La Poudreuse<\/a>, \u00e9d. MF, 2025<\/b><\/p>\n<p><span style=\"font-family: 'Open Sans', sans-serif; font-size: 14px; font-style: normal; font-variant-caps: normal;\"><b>Camille Sova, <a href=\"https:\/\/www.editions-mf.com\/produit\/151\/9782378040901\/les-branches-des-autres\">Les Branches des autres<\/a>, \u00e9d. MF, 2025<\/b><\/span><\/p>\t\t\t\t\t\t\t\t<\/div>\n\t\t\t\t<\/div>\n\t\t\t\t\t<\/div>\n\t\t<\/div>\n\t\t\t\t<div class=\"elementor-column elementor-col-50 elementor-top-column elementor-element elementor-element-83a9a43\" data-id=\"83a9a43\" data-element_type=\"column\" data-e-type=\"column\">\n\t\t\t<div class=\"elementor-widget-wrap elementor-element-populated\">\n\t\t\t\t\t\t<section class=\"elementor-section elementor-inner-section elementor-element elementor-element-492a093d elementor-section-boxed elementor-section-height-default elementor-section-height-default\" data-id=\"492a093d\" data-element_type=\"section\" data-e-type=\"section\">\n\t\t\t\t\t\t<div class=\"elementor-container elementor-column-gap-default\">\n\t\t\t\t\t<div class=\"elementor-column elementor-col-50 elementor-inner-column elementor-element elementor-element-1bea87dc\" data-id=\"1bea87dc\" data-element_type=\"column\" data-e-type=\"column\">\n\t\t\t<div class=\"elementor-widget-wrap elementor-element-populated\">\n\t\t\t\t\t\t<div class=\"elementor-element elementor-element-53bb0a66 elementor-widget elementor-widget-image\" data-id=\"53bb0a66\" data-element_type=\"widget\" data-e-type=\"widget\" data-widget_type=\"image.default\">\n\t\t\t\t<div class=\"elementor-widget-container\">\n\t\t\t\t\t\t\t\t\t\t\t\t\t\t\t<img fetchpriority=\"high\" decoding=\"async\" width=\"600\" height=\"600\" src=\"https:\/\/officetransportspoetik.com\/wp-content\/uploads\/2026\/03\/Daucourt-Severine-\u00a9-Frank-Loriou-703x1024-1-600x600.jpg\" class=\"attachment-ocean-thumb-m size-ocean-thumb-m wp-image-5290\" alt=\"\" srcset=\"https:\/\/officetransportspoetik.com\/wp-content\/uploads\/2026\/03\/Daucourt-Severine-\u00a9-Frank-Loriou-703x1024-1-600x600.jpg 600w, https:\/\/officetransportspoetik.com\/wp-content\/uploads\/2026\/03\/Daucourt-Severine-\u00a9-Frank-Loriou-703x1024-1-150x150.jpg 150w\" sizes=\"(max-width: 600px) 100vw, 600px\" \/>\t\t\t\t\t\t\t\t\t\t\t\t\t\t\t<\/div>\n\t\t\t\t<\/div>\n\t\t\t\t<div class=\"elementor-element elementor-element-9f8253d elementor-widget elementor-widget-heading\" data-id=\"9f8253d\" data-element_type=\"widget\" data-e-type=\"widget\" data-widget_type=\"heading.default\">\n\t\t\t\t<div class=\"elementor-widget-container\">\n\t\t\t\t\t<h2 class=\"elementor-heading-title elementor-size-small\"><a href=\"https:\/\/severine-daucourt.com\/\">S\u00e9verine DAUCOURT<\/a><\/h2>\t\t\t\t<\/div>\n\t\t\t\t<\/div>\n\t\t\t\t<div class=\"elementor-element elementor-element-50e450f9 elementor-widget elementor-widget-image\" data-id=\"50e450f9\" data-element_type=\"widget\" data-e-type=\"widget\" data-widget_type=\"image.default\">\n\t\t\t\t<div class=\"elementor-widget-container\">\n\t\t\t\t\t\t\t\t\t\t\t\t\t\t\t<img decoding=\"async\" width=\"600\" height=\"600\" src=\"https:\/\/officetransportspoetik.com\/wp-content\/uploads\/2026\/03\/Portrait-Lenaig-Cariou-credit-Carole-Deseulles-noir-et-blanc-600x600.jpg\" class=\"attachment-ocean-thumb-m size-ocean-thumb-m wp-image-5292\" alt=\"\" srcset=\"https:\/\/officetransportspoetik.com\/wp-content\/uploads\/2026\/03\/Portrait-Lenaig-Cariou-credit-Carole-Deseulles-noir-et-blanc-600x600.jpg 600w, https:\/\/officetransportspoetik.com\/wp-content\/uploads\/2026\/03\/Portrait-Lenaig-Cariou-credit-Carole-Deseulles-noir-et-blanc-150x150.jpg 150w\" sizes=\"(max-width: 600px) 100vw, 600px\" \/>\t\t\t\t\t\t\t\t\t\t\t\t\t\t\t<\/div>\n\t\t\t\t<\/div>\n\t\t\t\t<div class=\"elementor-element elementor-element-407d9749 elementor-widget elementor-widget-heading\" data-id=\"407d9749\" data-element_type=\"widget\" data-e-type=\"widget\" data-widget_type=\"heading.default\">\n\t\t\t\t<div class=\"elementor-widget-container\">\n\t\t\t\t\t<h2 class=\"elementor-heading-title elementor-size-small\"><a href=\"https:\/\/kunsthallemulhouse.com\/evenement\/ecrire-lart-lenaig-cariou\/\">L\u00e9naig CARIOU<\/a><\/h2>\t\t\t\t<\/div>\n\t\t\t\t<\/div>\n\t\t\t\t\t<\/div>\n\t\t<\/div>\n\t\t\t\t<div class=\"elementor-column elementor-col-50 elementor-inner-column elementor-element elementor-element-27b94feb\" data-id=\"27b94feb\" data-element_type=\"column\" data-e-type=\"column\">\n\t\t\t<div class=\"elementor-widget-wrap elementor-element-populated\">\n\t\t\t\t\t\t<div class=\"elementor-element elementor-element-1c3f0540 elementor-widget elementor-widget-image\" data-id=\"1c3f0540\" data-element_type=\"widget\" data-e-type=\"widget\" data-widget_type=\"image.default\">\n\t\t\t\t<div class=\"elementor-widget-container\">\n\t\t\t\t\t\t\t\t\t\t\t\t\t\t\t<img decoding=\"async\" width=\"600\" height=\"600\" src=\"https:\/\/officetransportspoetik.com\/wp-content\/uploads\/2026\/03\/17-2-600x600.jpg\" class=\"attachment-ocean-thumb-m size-ocean-thumb-m wp-image-5327\" alt=\"\" srcset=\"https:\/\/officetransportspoetik.com\/wp-content\/uploads\/2026\/03\/17-2-600x600.jpg 600w, https:\/\/officetransportspoetik.com\/wp-content\/uploads\/2026\/03\/17-2-150x150.jpg 150w\" sizes=\"(max-width: 600px) 100vw, 600px\" \/>\t\t\t\t\t\t\t\t\t\t\t\t\t\t\t<\/div>\n\t\t\t\t<\/div>\n\t\t\t\t<div class=\"elementor-element elementor-element-d7af36c elementor-widget elementor-widget-heading\" data-id=\"d7af36c\" data-element_type=\"widget\" data-e-type=\"widget\" data-widget_type=\"heading.default\">\n\t\t\t\t<div class=\"elementor-widget-container\">\n\t\t\t\t\t<h2 class=\"elementor-heading-title elementor-size-small\"><a href=\"https:\/\/camillesova.com\/\">Camille SOVA<\/a><\/h2>\t\t\t\t<\/div>\n\t\t\t\t<\/div>\n\t\t\t\t<div class=\"elementor-element elementor-element-832878b elementor-widget elementor-widget-image\" data-id=\"832878b\" data-element_type=\"widget\" data-e-type=\"widget\" data-widget_type=\"image.default\">\n\t\t\t\t<div class=\"elementor-widget-container\">\n\t\t\t\t\t\t\t\t\t\t\t\t\t\t\t<img loading=\"lazy\" decoding=\"async\" width=\"157\" height=\"104\" src=\"https:\/\/officetransportspoetik.com\/wp-content\/uploads\/2026\/04\/logo_mf.png\" class=\"attachment-2048x2048 size-2048x2048 wp-image-5402\" alt=\"\" \/>\t\t\t\t\t\t\t\t\t\t\t\t\t\t\t<\/div>\n\t\t\t\t<\/div>\n\t\t\t\t<div class=\"elementor-element elementor-element-a19657b elementor-widget elementor-widget-heading\" data-id=\"a19657b\" data-element_type=\"widget\" data-e-type=\"widget\" data-widget_type=\"heading.default\">\n\t\t\t\t<div class=\"elementor-widget-container\">\n\t\t\t\t\t<h2 class=\"elementor-heading-title elementor-size-small\"><a href=\"https:\/\/www.editions-mf.com\/\">\u00e9ditions MF<\/a><\/h2>\t\t\t\t<\/div>\n\t\t\t\t<\/div>\n\t\t\t\t\t<\/div>\n\t\t<\/div>\n\t\t\t\t\t<\/div>\n\t\t<\/section>\n\t\t\t\t\t<\/div>\n\t\t<\/div>\n\t\t\t\t\t<\/div>\n\t\t<\/section>\n\t\t\t\t<\/div>\n\t\t","protected":false},"excerpt":{"rendered":"<p>SAM 30 MAI 2026 \u00e0 19h \/ Librairie La Nouvelle D\u00e9rive \/ Grenoble S\u00c9VERINE DAUCOURT &amp; CAMILLE SOVA &amp; L\u00c9NAIG CARIOUautour de la collection Po\u00e9sie commune des \u00e9ditions MF gratuit \/ r\u00e9servation :\u00a0laderive@aol.com Avec quatre recueils au format ultra-poche publi\u00e9s chaque printemps, la nouvelle collection Po\u00e9sie commune des \u00e9ditions MF constitue un espace d\u00e9di\u00e9 aux [&hellip;]<\/p>\n","protected":false},"author":1,"featured_media":0,"parent":0,"menu_order":0,"comment_status":"closed","ping_status":"closed","template":"elementor_header_footer","meta":{"ocean_post_layout":"","ocean_both_sidebars_style":"","ocean_both_sidebars_content_width":0,"ocean_both_sidebars_sidebars_width":0,"ocean_sidebar":"","ocean_second_sidebar":"","ocean_disable_margins":"enable","ocean_add_body_class":"","ocean_shortcode_before_top_bar":"","ocean_shortcode_after_top_bar":"","ocean_shortcode_before_header":"","ocean_shortcode_after_header":"","ocean_has_shortcode":"","ocean_shortcode_after_title":"","ocean_shortcode_before_footer_widgets":"","ocean_shortcode_after_footer_widgets":"","ocean_shortcode_before_footer_bottom":"","ocean_shortcode_after_footer_bottom":"","ocean_display_top_bar":"default","ocean_display_header":"default","ocean_header_style":"","ocean_center_header_left_menu":"","ocean_custom_header_template":"","ocean_custom_logo":0,"ocean_custom_retina_logo":0,"ocean_custom_logo_max_width":0,"ocean_custom_logo_tablet_max_width":0,"ocean_custom_logo_mobile_max_width":0,"ocean_custom_logo_max_height":0,"ocean_custom_logo_tablet_max_height":0,"ocean_custom_logo_mobile_max_height":0,"ocean_header_custom_menu":"","ocean_menu_typo_font_family":"","ocean_menu_typo_font_subset":"","ocean_menu_typo_font_size":0,"ocean_menu_typo_font_size_tablet":0,"ocean_menu_typo_font_size_mobile":0,"ocean_menu_typo_font_size_unit":"px","ocean_menu_typo_font_weight":"","ocean_menu_typo_font_weight_tablet":"","ocean_menu_typo_font_weight_mobile":"","ocean_menu_typo_transform":"","ocean_menu_typo_transform_tablet":"","ocean_menu_typo_transform_mobile":"","ocean_menu_typo_line_height":0,"ocean_menu_typo_line_height_tablet":0,"ocean_menu_typo_line_height_mobile":0,"ocean_menu_typo_line_height_unit":"","ocean_menu_typo_spacing":0,"ocean_menu_typo_spacing_tablet":0,"ocean_menu_typo_spacing_mobile":0,"ocean_menu_typo_spacing_unit":"","ocean_menu_link_color":"","ocean_menu_link_color_hover":"","ocean_menu_link_color_active":"","ocean_menu_link_background":"","ocean_menu_link_hover_background":"","ocean_menu_link_active_background":"","ocean_menu_social_links_bg":"","ocean_menu_social_hover_links_bg":"","ocean_menu_social_links_color":"","ocean_menu_social_hover_links_color":"","ocean_disable_title":"default","ocean_disable_heading":"default","ocean_post_title":"","ocean_post_subheading":"","ocean_post_title_style":"","ocean_post_title_background_color":"","ocean_post_title_background":0,"ocean_post_title_bg_image_position":"","ocean_post_title_bg_image_attachment":"","ocean_post_title_bg_image_repeat":"","ocean_post_title_bg_image_size":"","ocean_post_title_height":0,"ocean_post_title_bg_overlay":0.5,"ocean_post_title_bg_overlay_color":"","ocean_disable_breadcrumbs":"default","ocean_breadcrumbs_color":"","ocean_breadcrumbs_separator_color":"","ocean_breadcrumbs_links_color":"","ocean_breadcrumbs_links_hover_color":"","ocean_display_footer_widgets":"default","ocean_display_footer_bottom":"default","ocean_custom_footer_template":"","footnotes":""},"class_list":["post-5354","page","type-page","status-publish","hentry","entry"],"yoast_head":"<!-- This site is optimized with the Yoast SEO plugin v27.4 - https:\/\/yoast.com\/product\/yoast-seo-wordpress\/ -->\n<title>SAMEDI 30 MAI 2026 - S\u00e9verine Daucourt &amp; Camille Sova &amp; L\u00e9naig Cariou - Po\u00e9sie commune \/ \u00e9ditions MF - Office des Transports Po\u00e9tik<\/title>\n<meta name=\"robots\" content=\"index, follow, max-snippet:-1, max-image-preview:large, max-video-preview:-1\" \/>\n<link rel=\"canonical\" href=\"https:\/\/officetransportspoetik.com\/index.php\/samedi-30-mai-2026-severine-daucourt-camille-sova-lenaig-cariou-poesie-commune-editions-mf\/\" \/>\n<meta property=\"og:locale\" content=\"fr_FR\" \/>\n<meta property=\"og:type\" content=\"article\" \/>\n<meta property=\"og:title\" content=\"SAMEDI 30 MAI 2026 - S\u00e9verine Daucourt &amp; Camille Sova &amp; L\u00e9naig Cariou - Po\u00e9sie commune \/ \u00e9ditions MF - Office des Transports Po\u00e9tik\" \/>\n<meta property=\"og:description\" content=\"SAM 30 MAI 2026 \u00e0 19h \/ Librairie La Nouvelle D\u00e9rive \/ Grenoble S\u00c9VERINE DAUCOURT &amp; CAMILLE SOVA &amp; L\u00c9NAIG CARIOUautour de la collection Po\u00e9sie commune des \u00e9ditions MF gratuit \/ r\u00e9servation :\u00a0laderive@aol.com Avec quatre recueils au format ultra-poche publi\u00e9s chaque printemps, la nouvelle collection Po\u00e9sie commune des \u00e9ditions MF constitue un espace d\u00e9di\u00e9 aux [&hellip;]\" \/>\n<meta property=\"og:url\" content=\"https:\/\/officetransportspoetik.com\/index.php\/samedi-30-mai-2026-severine-daucourt-camille-sova-lenaig-cariou-poesie-commune-editions-mf\/\" \/>\n<meta property=\"og:site_name\" content=\"Office des Transports Po\u00e9tik\" \/>\n<meta property=\"article:publisher\" content=\"https:\/\/www.facebook.com\/officedestransportspoetik\" \/>\n<meta property=\"article:modified_time\" content=\"2026-04-13T08:40:40+00:00\" \/>\n<meta property=\"og:image\" content=\"https:\/\/officetransportspoetik.com\/wp-content\/uploads\/2026\/03\/Portrait-Lenaig-Cariou-credit-Carole-Deseulles-noir-et-blanc-600x600.jpg\" \/>\n<meta name=\"twitter:card\" content=\"summary_large_image\" \/>\n<meta name=\"twitter:label1\" content=\"Dur\u00e9e de lecture estim\u00e9e\" \/>\n\t<meta name=\"twitter:data1\" content=\"3 minutes\" \/>\n<script type=\"application\/ld+json\" class=\"yoast-schema-graph\">{\"@context\":\"https:\\\/\\\/schema.org\",\"@graph\":[{\"@type\":\"WebPage\",\"@id\":\"https:\\\/\\\/officetransportspoetik.com\\\/index.php\\\/samedi-30-mai-2026-severine-daucourt-camille-sova-lenaig-cariou-poesie-commune-editions-mf\\\/\",\"url\":\"https:\\\/\\\/officetransportspoetik.com\\\/index.php\\\/samedi-30-mai-2026-severine-daucourt-camille-sova-lenaig-cariou-poesie-commune-editions-mf\\\/\",\"name\":\"SAMEDI 30 MAI 2026 - S\u00e9verine Daucourt &amp; Camille Sova &amp; L\u00e9naig Cariou - Po\u00e9sie commune \\\/ \u00e9ditions MF - Office des Transports Po\u00e9tik\",\"isPartOf\":{\"@id\":\"https:\\\/\\\/officetransportspoetik.com\\\/#website\"},\"primaryImageOfPage\":{\"@id\":\"https:\\\/\\\/officetransportspoetik.com\\\/index.php\\\/samedi-30-mai-2026-severine-daucourt-camille-sova-lenaig-cariou-poesie-commune-editions-mf\\\/#primaryimage\"},\"image\":{\"@id\":\"https:\\\/\\\/officetransportspoetik.com\\\/index.php\\\/samedi-30-mai-2026-severine-daucourt-camille-sova-lenaig-cariou-poesie-commune-editions-mf\\\/#primaryimage\"},\"thumbnailUrl\":\"https:\\\/\\\/officetransportspoetik.com\\\/wp-content\\\/uploads\\\/2026\\\/03\\\/Portrait-Lenaig-Cariou-credit-Carole-Deseulles-noir-et-blanc-600x600.jpg\",\"datePublished\":\"2026-04-12T21:01:10+00:00\",\"dateModified\":\"2026-04-13T08:40:40+00:00\",\"breadcrumb\":{\"@id\":\"https:\\\/\\\/officetransportspoetik.com\\\/index.php\\\/samedi-30-mai-2026-severine-daucourt-camille-sova-lenaig-cariou-poesie-commune-editions-mf\\\/#breadcrumb\"},\"inLanguage\":\"fr-FR\",\"potentialAction\":[{\"@type\":\"ReadAction\",\"target\":[\"https:\\\/\\\/officetransportspoetik.com\\\/index.php\\\/samedi-30-mai-2026-severine-daucourt-camille-sova-lenaig-cariou-poesie-commune-editions-mf\\\/\"]}]},{\"@type\":\"ImageObject\",\"inLanguage\":\"fr-FR\",\"@id\":\"https:\\\/\\\/officetransportspoetik.com\\\/index.php\\\/samedi-30-mai-2026-severine-daucourt-camille-sova-lenaig-cariou-poesie-commune-editions-mf\\\/#primaryimage\",\"url\":\"https:\\\/\\\/officetransportspoetik.com\\\/wp-content\\\/uploads\\\/2026\\\/03\\\/Portrait-Lenaig-Cariou-credit-Carole-Deseulles-noir-et-blanc.jpg\",\"contentUrl\":\"https:\\\/\\\/officetransportspoetik.com\\\/wp-content\\\/uploads\\\/2026\\\/03\\\/Portrait-Lenaig-Cariou-credit-Carole-Deseulles-noir-et-blanc.jpg\",\"width\":1704,\"height\":1340,\"caption\":\"?????????????????\"},{\"@type\":\"BreadcrumbList\",\"@id\":\"https:\\\/\\\/officetransportspoetik.com\\\/index.php\\\/samedi-30-mai-2026-severine-daucourt-camille-sova-lenaig-cariou-poesie-commune-editions-mf\\\/#breadcrumb\",\"itemListElement\":[{\"@type\":\"ListItem\",\"position\":1,\"name\":\"Accueil\",\"item\":\"https:\\\/\\\/officetransportspoetik.com\\\/\"},{\"@type\":\"ListItem\",\"position\":2,\"name\":\"SAMEDI 30 MAI 2026 &#8211; S\u00e9verine Daucourt &amp; Camille Sova &amp; L\u00e9naig Cariou &#8211; Po\u00e9sie commune \\\/ \u00e9ditions MF\"}]},{\"@type\":\"WebSite\",\"@id\":\"https:\\\/\\\/officetransportspoetik.com\\\/#website\",\"url\":\"https:\\\/\\\/officetransportspoetik.com\\\/\",\"name\":\"Office des Transports Po\u00e9tik\",\"description\":\"autour des \u00e9critures po\u00e9tiques contemporaines\",\"publisher\":{\"@id\":\"https:\\\/\\\/officetransportspoetik.com\\\/#organization\"},\"potentialAction\":[{\"@type\":\"SearchAction\",\"target\":{\"@type\":\"EntryPoint\",\"urlTemplate\":\"https:\\\/\\\/officetransportspoetik.com\\\/?s={search_term_string}\"},\"query-input\":{\"@type\":\"PropertyValueSpecification\",\"valueRequired\":true,\"valueName\":\"search_term_string\"}}],\"inLanguage\":\"fr-FR\"},{\"@type\":\"Organization\",\"@id\":\"https:\\\/\\\/officetransportspoetik.com\\\/#organization\",\"name\":\"Office des Transports Po\u00e9tik\",\"url\":\"https:\\\/\\\/officetransportspoetik.com\\\/\",\"logo\":{\"@type\":\"ImageObject\",\"inLanguage\":\"fr-FR\",\"@id\":\"https:\\\/\\\/officetransportspoetik.com\\\/#\\\/schema\\\/logo\\\/image\\\/\",\"url\":\"https:\\\/\\\/officetransportspoetik.com\\\/wp-content\\\/uploads\\\/2023\\\/01\\\/logo-Office-rouge-pour-programme-festival-2022.jpg\",\"contentUrl\":\"https:\\\/\\\/officetransportspoetik.com\\\/wp-content\\\/uploads\\\/2023\\\/01\\\/logo-Office-rouge-pour-programme-festival-2022.jpg\",\"width\":1200,\"height\":500,\"caption\":\"Office des Transports Po\u00e9tik\"},\"image\":{\"@id\":\"https:\\\/\\\/officetransportspoetik.com\\\/#\\\/schema\\\/logo\\\/image\\\/\"},\"sameAs\":[\"https:\\\/\\\/www.facebook.com\\\/officedestransportspoetik\",\"https:\\\/\\\/www.instagram.com\\\/office_des_transports_poetik\\\/\"]}]}<\/script>\n<!-- \/ Yoast SEO plugin. -->","yoast_head_json":{"title":"SAMEDI 30 MAI 2026 - S\u00e9verine Daucourt &amp; Camille Sova &amp; L\u00e9naig Cariou - Po\u00e9sie commune \/ \u00e9ditions MF - Office des Transports Po\u00e9tik","robots":{"index":"index","follow":"follow","max-snippet":"max-snippet:-1","max-image-preview":"max-image-preview:large","max-video-preview":"max-video-preview:-1"},"canonical":"https:\/\/officetransportspoetik.com\/index.php\/samedi-30-mai-2026-severine-daucourt-camille-sova-lenaig-cariou-poesie-commune-editions-mf\/","og_locale":"fr_FR","og_type":"article","og_title":"SAMEDI 30 MAI 2026 - S\u00e9verine Daucourt &amp; Camille Sova &amp; L\u00e9naig Cariou - Po\u00e9sie commune \/ \u00e9ditions MF - Office des Transports Po\u00e9tik","og_description":"SAM 30 MAI 2026 \u00e0 19h \/ Librairie La Nouvelle D\u00e9rive \/ Grenoble S\u00c9VERINE DAUCOURT &amp; CAMILLE SOVA &amp; L\u00c9NAIG CARIOUautour de la collection Po\u00e9sie commune des \u00e9ditions MF gratuit \/ r\u00e9servation :\u00a0laderive@aol.com Avec quatre recueils au format ultra-poche publi\u00e9s chaque printemps, la nouvelle collection Po\u00e9sie commune des \u00e9ditions MF constitue un espace d\u00e9di\u00e9 aux [&hellip;]","og_url":"https:\/\/officetransportspoetik.com\/index.php\/samedi-30-mai-2026-severine-daucourt-camille-sova-lenaig-cariou-poesie-commune-editions-mf\/","og_site_name":"Office des Transports Po\u00e9tik","article_publisher":"https:\/\/www.facebook.com\/officedestransportspoetik","article_modified_time":"2026-04-13T08:40:40+00:00","og_image":[{"url":"https:\/\/officetransportspoetik.com\/wp-content\/uploads\/2026\/03\/Portrait-Lenaig-Cariou-credit-Carole-Deseulles-noir-et-blanc-600x600.jpg","type":"","width":"","height":""}],"twitter_card":"summary_large_image","twitter_misc":{"Dur\u00e9e de lecture estim\u00e9e":"3 minutes"},"schema":{"@context":"https:\/\/schema.org","@graph":[{"@type":"WebPage","@id":"https:\/\/officetransportspoetik.com\/index.php\/samedi-30-mai-2026-severine-daucourt-camille-sova-lenaig-cariou-poesie-commune-editions-mf\/","url":"https:\/\/officetransportspoetik.com\/index.php\/samedi-30-mai-2026-severine-daucourt-camille-sova-lenaig-cariou-poesie-commune-editions-mf\/","name":"SAMEDI 30 MAI 2026 - S\u00e9verine Daucourt &amp; Camille Sova &amp; L\u00e9naig Cariou - Po\u00e9sie commune \/ \u00e9ditions MF - Office des Transports Po\u00e9tik","isPartOf":{"@id":"https:\/\/officetransportspoetik.com\/#website"},"primaryImageOfPage":{"@id":"https:\/\/officetransportspoetik.com\/index.php\/samedi-30-mai-2026-severine-daucourt-camille-sova-lenaig-cariou-poesie-commune-editions-mf\/#primaryimage"},"image":{"@id":"https:\/\/officetransportspoetik.com\/index.php\/samedi-30-mai-2026-severine-daucourt-camille-sova-lenaig-cariou-poesie-commune-editions-mf\/#primaryimage"},"thumbnailUrl":"https:\/\/officetransportspoetik.com\/wp-content\/uploads\/2026\/03\/Portrait-Lenaig-Cariou-credit-Carole-Deseulles-noir-et-blanc-600x600.jpg","datePublished":"2026-04-12T21:01:10+00:00","dateModified":"2026-04-13T08:40:40+00:00","breadcrumb":{"@id":"https:\/\/officetransportspoetik.com\/index.php\/samedi-30-mai-2026-severine-daucourt-camille-sova-lenaig-cariou-poesie-commune-editions-mf\/#breadcrumb"},"inLanguage":"fr-FR","potentialAction":[{"@type":"ReadAction","target":["https:\/\/officetransportspoetik.com\/index.php\/samedi-30-mai-2026-severine-daucourt-camille-sova-lenaig-cariou-poesie-commune-editions-mf\/"]}]},{"@type":"ImageObject","inLanguage":"fr-FR","@id":"https:\/\/officetransportspoetik.com\/index.php\/samedi-30-mai-2026-severine-daucourt-camille-sova-lenaig-cariou-poesie-commune-editions-mf\/#primaryimage","url":"https:\/\/officetransportspoetik.com\/wp-content\/uploads\/2026\/03\/Portrait-Lenaig-Cariou-credit-Carole-Deseulles-noir-et-blanc.jpg","contentUrl":"https:\/\/officetransportspoetik.com\/wp-content\/uploads\/2026\/03\/Portrait-Lenaig-Cariou-credit-Carole-Deseulles-noir-et-blanc.jpg","width":1704,"height":1340,"caption":"?????????????????"},{"@type":"BreadcrumbList","@id":"https:\/\/officetransportspoetik.com\/index.php\/samedi-30-mai-2026-severine-daucourt-camille-sova-lenaig-cariou-poesie-commune-editions-mf\/#breadcrumb","itemListElement":[{"@type":"ListItem","position":1,"name":"Accueil","item":"https:\/\/officetransportspoetik.com\/"},{"@type":"ListItem","position":2,"name":"SAMEDI 30 MAI 2026 &#8211; S\u00e9verine Daucourt &amp; Camille Sova &amp; L\u00e9naig Cariou &#8211; Po\u00e9sie commune \/ \u00e9ditions MF"}]},{"@type":"WebSite","@id":"https:\/\/officetransportspoetik.com\/#website","url":"https:\/\/officetransportspoetik.com\/","name":"Office des Transports Po\u00e9tik","description":"autour des \u00e9critures po\u00e9tiques contemporaines","publisher":{"@id":"https:\/\/officetransportspoetik.com\/#organization"},"potentialAction":[{"@type":"SearchAction","target":{"@type":"EntryPoint","urlTemplate":"https:\/\/officetransportspoetik.com\/?s={search_term_string}"},"query-input":{"@type":"PropertyValueSpecification","valueRequired":true,"valueName":"search_term_string"}}],"inLanguage":"fr-FR"},{"@type":"Organization","@id":"https:\/\/officetransportspoetik.com\/#organization","name":"Office des Transports Po\u00e9tik","url":"https:\/\/officetransportspoetik.com\/","logo":{"@type":"ImageObject","inLanguage":"fr-FR","@id":"https:\/\/officetransportspoetik.com\/#\/schema\/logo\/image\/","url":"https:\/\/officetransportspoetik.com\/wp-content\/uploads\/2023\/01\/logo-Office-rouge-pour-programme-festival-2022.jpg","contentUrl":"https:\/\/officetransportspoetik.com\/wp-content\/uploads\/2023\/01\/logo-Office-rouge-pour-programme-festival-2022.jpg","width":1200,"height":500,"caption":"Office des Transports Po\u00e9tik"},"image":{"@id":"https:\/\/officetransportspoetik.com\/#\/schema\/logo\/image\/"},"sameAs":["https:\/\/www.facebook.com\/officedestransportspoetik","https:\/\/www.instagram.com\/office_des_transports_poetik\/"]}]}},"_links":{"self":[{"href":"https:\/\/officetransportspoetik.com\/index.php\/wp-json\/wp\/v2\/pages\/5354","targetHints":{"allow":["GET"]}}],"collection":[{"href":"https:\/\/officetransportspoetik.com\/index.php\/wp-json\/wp\/v2\/pages"}],"about":[{"href":"https:\/\/officetransportspoetik.com\/index.php\/wp-json\/wp\/v2\/types\/page"}],"author":[{"embeddable":true,"href":"https:\/\/officetransportspoetik.com\/index.php\/wp-json\/wp\/v2\/users\/1"}],"replies":[{"embeddable":true,"href":"https:\/\/officetransportspoetik.com\/index.php\/wp-json\/wp\/v2\/comments?post=5354"}],"version-history":[{"count":25,"href":"https:\/\/officetransportspoetik.com\/index.php\/wp-json\/wp\/v2\/pages\/5354\/revisions"}],"predecessor-version":[{"id":5408,"href":"https:\/\/officetransportspoetik.com\/index.php\/wp-json\/wp\/v2\/pages\/5354\/revisions\/5408"}],"wp:attachment":[{"href":"https:\/\/officetransportspoetik.com\/index.php\/wp-json\/wp\/v2\/media?parent=5354"}],"curies":[{"name":"wp","href":"https:\/\/api.w.org\/{rel}","templated":true}]}}