{"id":5111,"date":"2025-05-14T16:06:53","date_gmt":"2025-05-14T14:06:53","guid":{"rendered":"https:\/\/officetransportspoetik.com\/?page_id=5111"},"modified":"2025-05-15T10:49:46","modified_gmt":"2025-05-15T08:49:46","slug":"gregoire-damon-cause-de-fuego-del-fuego-poemes-damerique-latine","status":"publish","type":"page","link":"https:\/\/officetransportspoetik.com\/index.php\/gregoire-damon-cause-de-fuego-del-fuego-poemes-damerique-latine\/","title":{"rendered":"GR\u00c9GOIRE DAMON CAUSE DE FUEGO DEL FUEGO : po\u00e8mes d&rsquo;Am\u00e9rique latine"},"content":{"rendered":"\t\t<div data-elementor-type=\"wp-page\" data-elementor-id=\"5111\" class=\"elementor elementor-5111\">\n\t\t\t\t\t\t<section class=\"elementor-section elementor-top-section elementor-element elementor-element-1abbf54f elementor-section-full_width elementor-section-height-min-height elementor-section-height-default elementor-section-items-middle\" data-id=\"1abbf54f\" data-element_type=\"section\" data-e-type=\"section\">\n\t\t\t\t\t\t\t<div class=\"elementor-background-overlay\"><\/div>\n\t\t\t\t\t\t\t<div class=\"elementor-container elementor-column-gap-default\">\n\t\t\t\t\t<div class=\"elementor-column elementor-col-100 elementor-top-column elementor-element elementor-element-3806b4c1\" data-id=\"3806b4c1\" data-element_type=\"column\" data-e-type=\"column\">\n\t\t\t<div class=\"elementor-widget-wrap elementor-element-populated\">\n\t\t\t\t\t\t<div class=\"elementor-element elementor-element-693ad5f6 elementor-widget elementor-widget-heading\" data-id=\"693ad5f6\" data-element_type=\"widget\" data-e-type=\"widget\" data-widget_type=\"heading.default\">\n\t\t\t\t<div class=\"elementor-widget-container\">\n\t\t\t\t\t<h2 class=\"elementor-heading-title elementor-size-default\"><br><br><br><br><br><br><br><br><br>GR\u00c9GOIRE DAMON CAUSE DE FUEGO DEL FUEGO : <br>PO\u00c8MES D'AM\u00c9RIQUE LATINE<\/h2>\t\t\t\t<\/div>\n\t\t\t\t<\/div>\n\t\t\t\t\t<\/div>\n\t\t<\/div>\n\t\t\t\t\t<\/div>\n\t\t<\/section>\n\t\t\t\t<section class=\"elementor-section elementor-top-section elementor-element elementor-element-4b26039c elementor-section-boxed elementor-section-height-default elementor-section-height-default\" data-id=\"4b26039c\" data-element_type=\"section\" data-e-type=\"section\">\n\t\t\t\t\t\t<div class=\"elementor-container elementor-column-gap-default\">\n\t\t\t\t\t<div class=\"elementor-column elementor-col-100 elementor-top-column elementor-element elementor-element-3d40c04b\" data-id=\"3d40c04b\" data-element_type=\"column\" data-e-type=\"column\">\n\t\t\t<div class=\"elementor-widget-wrap elementor-element-populated\">\n\t\t\t\t\t\t<section class=\"elementor-section elementor-inner-section elementor-element elementor-element-60dbb9a7 elementor-section-boxed elementor-section-height-default elementor-section-height-default\" data-id=\"60dbb9a7\" data-element_type=\"section\" data-e-type=\"section\">\n\t\t\t\t\t\t<div class=\"elementor-container elementor-column-gap-default\">\n\t\t\t\t\t<div class=\"elementor-column elementor-col-100 elementor-inner-column elementor-element elementor-element-53d7b277\" data-id=\"53d7b277\" data-element_type=\"column\" data-e-type=\"column\">\n\t\t\t<div class=\"elementor-widget-wrap elementor-element-populated\">\n\t\t\t\t\t\t<div class=\"elementor-element elementor-element-2280cd4f elementor-widget elementor-widget-text-editor\" data-id=\"2280cd4f\" data-element_type=\"widget\" data-e-type=\"widget\" data-widget_type=\"text-editor.default\">\n\t\t\t\t<div class=\"elementor-widget-container\">\n\t\t\t\t\t\t\t\t\t<h3 style=\"text-align: center;\"><strong>Fuego del fuego \u2013 Po\u00e8mes d\u2019Am\u00e9rique latine<\/strong><\/h3><h3 style=\"text-align: center;\"><strong>Traduits par Laurent Bouisset<\/strong><\/h3><h3 style=\"text-align: center;\"><strong>Edition Les \u00e9taques \u2013 mars 2023<\/strong><\/h3><p>Un coup de poing de 343 pages.<\/p><p>Des deux poings en m\u00eame temps, car il s\u2019agit d\u2019une \u00e9dition bilingue.<\/p><p>Quarante-trois po\u00e8tes d\u2019Am\u00e9rique latine \u2013 pas <em>du sud<\/em>, le Mexique est en Am\u00e9rique du nord et le Guatemala en Am\u00e9rique centrale \u2013 d\u2019Am\u00e9rique latine hispanophone, \u00e0 savoir : Rodrigo Carter, Oscar Hahn, Hector Hernandez Montecinos, Nicanor Parra, Raul Zurita (Chili), Juan Carlos Olivas (Costa Rica), Humberto Ak\u2019abal, Luis Arango, Manuel Arce, Rosa Chavez, Rafael Molina, Lucia Escobar, Javier Flores, Regina Jos\u00e9 Galindo, Roberto Monzon, Francisco Morales, Mario Roberto Morales, Julio Palencia, Javier Payeras, Luis Carlos Pineda, Rafael Romero, Julio Echeverria, Vania Vargas, Eduardo Villalobos (Guatemala), Leonel Alvarado, Roberto Sosa, Clementina Suarez, Jos\u00e9 Manuel Torres (Honduras), Alberto Blanco, Jos\u00e9 Pacheco, Jonathan Ruiz, Javier Sicilia (Mexique, Alejandra Sequeira (Nicaragua), Edu Barreto (Paraguay), Montserrat Alvarez, Luis Miguel Hermoza, Mario Montalbetti (P\u00e9rou), Luis Borja, Roque Dalton, Krisma Mancia, Roxana Mendez, Miroslava Rosalez (Salvador), Eduardo Galeano (Uruguay).<\/p><p>La liste est longue mais il faut citer tout le monde, sans hi\u00e9rarchie\u00a0: c\u2019est bien la m\u00eame Am\u00e9rique qu\u2019implacablement dessinent les po\u00e8mes r\u00e9uni, marqu\u00e9e par un XX\u00e8me si\u00e8cle de dictatures, massacres, guerres, coups d\u2019Etat sigl\u00e9s CIA \u2013 le XXI\u00e8 fait avec les restes, violence, corruption, narcos, f\u00e9minicides \u00e0 dimension industrielle, expropriation, g\u00e9nocides.<\/p><p>Quantit\u00e9s des po\u00e8tes r\u00e9unis ici ont connu l\u2019exil, la torture, la mort violente de proches. Que faire de cet h\u00e9ritage\u00a0? \u00a0Comment vivre, o\u00f9 trouver des subterfuges pour exister, grandir, aimer, quand chaque geste du quotidien, chaque pens\u00e9e porte le poids d\u2019une histoire \u00e0 peu pr\u00e8s aussi terrible que les ann\u00e9es 40 en Europe, mais dont quasiment personne ne parle en occident\u00a0?<\/p><p>Comme le dit Julio C. Palencia\u00a0:<\/p><p><em>\u00a0<\/em><\/p><p><em>Nous sommes l\u00e0<\/em><\/p><p><em>les rejetons<\/em><\/p><p><em>ill\u00e9gitimes de la postmodernit\u00e9<\/em><\/p><p><em>nous autres.<\/em><\/p><p><em>\u00a0<\/em><\/p><p><em>Les fant\u00f4mes de pays saign\u00e9s \u00e0 blanc<\/em><\/p><p><em>jour apr\u00e8s jour enfant\u00e9s sans toit <\/em><\/p><p><em>nous autres.<\/em><\/p><p><em>\u00a0<\/em><\/p><p>\u00a0(p.83)<\/p><h3 style=\"text-align: center;\"><span style=\"font-size: 16px; font-weight: bold;\">\u00a0<\/span><\/h3><p class=\"Standard\" style=\"margin: 0cm; font-variant-caps: normal; line-height: 24px; font-family: 'Liberation Serif', serif; font-size: medium; font-style: normal; caret-color: #000000; color: #000000;\">\u00a0<\/p>\t\t\t\t\t\t\t\t<\/div>\n\t\t\t\t<\/div>\n\t\t\t\t<div class=\"elementor-element elementor-element-647b5d2e elementor-widget elementor-widget-image\" data-id=\"647b5d2e\" data-element_type=\"widget\" data-e-type=\"widget\" data-widget_type=\"image.default\">\n\t\t\t\t<div class=\"elementor-widget-container\">\n\t\t\t\t\t\t\t\t\t\t\t\t<figure class=\"wp-caption\">\n\t\t\t\t\t\t\t\t\t\t<img fetchpriority=\"high\" decoding=\"async\" width=\"300\" height=\"199\" src=\"https:\/\/officetransportspoetik.com\/wp-content\/uploads\/2024\/02\/Laurent-Bouisset-photo-de-300x199.jpg\" class=\"attachment-medium size-medium wp-image-3637\" alt=\"\" srcset=\"https:\/\/officetransportspoetik.com\/wp-content\/uploads\/2024\/02\/Laurent-Bouisset-photo-de-300x199.jpg 300w, https:\/\/officetransportspoetik.com\/wp-content\/uploads\/2024\/02\/Laurent-Bouisset-photo-de-1024x680.jpg 1024w, https:\/\/officetransportspoetik.com\/wp-content\/uploads\/2024\/02\/Laurent-Bouisset-photo-de-768x510.jpg 768w, https:\/\/officetransportspoetik.com\/wp-content\/uploads\/2024\/02\/Laurent-Bouisset-photo-de-1536x1020.jpg 1536w, https:\/\/officetransportspoetik.com\/wp-content\/uploads\/2024\/02\/Laurent-Bouisset-photo-de.jpg 2048w\" sizes=\"(max-width: 300px) 100vw, 300px\" \/>\t\t\t\t\t\t\t\t\t\t\t<figcaption class=\"widget-image-caption wp-caption-text\">LAURENT BOUISSET<\/figcaption>\n\t\t\t\t\t\t\t\t\t\t<\/figure>\n\t\t\t\t\t\t\t\t\t<\/div>\n\t\t\t\t<\/div>\n\t\t\t\t<div class=\"elementor-element elementor-element-9196350 elementor-widget elementor-widget-text-editor\" data-id=\"9196350\" data-element_type=\"widget\" data-e-type=\"widget\" data-widget_type=\"text-editor.default\">\n\t\t\t\t<div class=\"elementor-widget-container\">\n\t\t\t\t\t\t\t\t\t<h1 class=\"Standard\" style=\"margin: 0cm; font-variant-caps: normal; line-height: 24px; font-family: 'Liberation Serif', serif; font-size: medium; font-style: normal; color: #000000; caret-color: #000000; text-align: center;\" align=\"center\">\u00a0<\/h1><p><em>Fuego del fuego<\/em> peut se grappiller en ouvrant au hasard, mais ce n\u2019est pas la travers\u00e9e la plus gratifiante. On n\u2019a pas affaire \u00e0 une simple juxtaposition\u00a0: Laurent Bouisset, traducteur et ma\u00eetre d\u2019\u0153uvre, a fait le choix d\u2019une composition dynamique en trois grands ensembles\u00a0: \u00ab\u00a0Surmonter les d\u00e9sastres\u00a0\u00bb, \u00ab\u00a0Celles &amp; ceux qui ne sont rien\u00a0\u00bb, \u00ab\u00a0Loin des sarcophages\u00a0\u00bb. Ce qui, magiquement, transforme un catalogue de po\u00e8tes en autre chose\u00a0: une esp\u00e8ce d\u2019\u00e9pop\u00e9e, rappelant le chef-d\u2019\u0153uvre d\u2019Eduardo Galeano, <em>Les Veines ouvertes de l\u2019Am\u00e9rique latine<\/em>, \u00e9norme pav\u00e9 compos\u00e9 d\u2019une mosa\u00efque de textes tr\u00e8s courts et que, dit-on, Ugo Chavez a offert \u00e0 Barack Obama au cours d\u2019une rencontre diplomatique.<\/p><p>Geste de transmission indispensable, car c\u2019est ici le point de vue d\u2019un autre monde, d\u2019une partie du monde jamais mise au centre des cartes. C\u2019est bien l\u2019\u00e9norme int\u00e9r\u00eat de ce bouquin. Car qui donc vous aurait signal\u00e9 que Rosa Chavez a \u00e9crit\u00a0:<\/p><p>\u00a0<\/p><p><em>Le monde dit qu\u2019il est \u00e0 bout, la musique sera le silence absolu, le silence absolu ne tiendra pas dans nos poitrines et nous exploserons. Pleurer ensemble sera une r\u00e9compense, notre corps minuscule s\u2019accouplera avec l\u2019univers, nos organes g\u00e9nitaux seront des trous noirs p\u00e9n\u00e9tr\u00e9s par l\u2019infini, rien ne sera perdu, toute chose retrouvera le lieu qui est le sien, ce lieu auquel on a donn\u00e9 des noms communs parfois \u00e9tranges, ce lieu que toutes les langues du monde ont invent\u00e9, ce lieu que nous n\u2019avons jamais pu seulement imaginer.<\/em><\/p><p>(pp.268-269)<\/p><p>\u00a0<\/p><p>, que Roxana Mendez a \u00e9crit\u00a0:<\/p><p>\u00a0<\/p><p><em>J\u2019ai eu une belle vie\u00a0:<\/em><\/p><p><em>Dix ans de guerre<\/em><\/p><p><em>Et trois tremblements de terre <\/em><\/p><p><em>Qui ont jet\u00e9 la ville \u00e0 terre, <\/em><\/p><p><em>Accomplissant la proph\u00e9tie <\/em><\/p><p><em>de la grand-m\u00e8re,<\/em><\/p><p><em>qui, plusieurs mois auparavant, <\/em><\/p><p><em>nous avait annonc\u00e9<\/em><\/p><p><em>la destruction terrible<\/em><\/p><p><em>avec cette m\u00eame voix <\/em><\/p><p><em>qui nous racontait<\/em><\/p><p><em>les histoires douces<\/em><\/p><p><em>o\u00f9 tout \u00e9tait de la couleur<\/em><\/p><p><em>des noisettes s\u00e8ches.<\/em><\/p><p><em>\u00a0<\/em><\/p><p>[\u2026]<\/p><p>\u00a0<\/p><p>(pp.154-155)<\/p><p>\u00a0<\/p><p>, ou que Jos\u00e9 M. Hermoza a fond\u00e9 le groupe Corn\u00e9liste, \u00ab\u00a0pour une plan\u00e8te sans humains\u00a0\u00bb, au titre que<\/p><p>\u00a0<\/p><p>[\u2026]<\/p><p><em>JE CROIS en le spam et en le virus<\/em><\/p><p><em>JE CROIS en l\u2019humanit\u00e9 naturelle, libre de tout pr\u00e9jug\u00e9 et de toute entrave<\/em><\/p><p><em>JE CROIS en l\u2019expression sinc\u00e8re de l\u2019humanit\u00e9, authentique et sans complexes<\/em><\/p><p><em>JE CROIS en le d\u00e9vouement corps et \u00e2me \u00e0 cette humanit\u00e9, en la mani\u00e8re de vivre la plus humaine et cons\u00e9quente dont nous soyons capables, en le bonheur, l\u2019insouciance, la tranquillit\u00e9, la JOIE d\u2019\u00eatre humains comme la beaut\u00e9 des rubans dans les cheveux que le vent soul\u00e8ve<\/em><\/p><p><em>JE CROIS en tous les sentiments et sensations, en toutes les r\u00e9actions qu\u2019elles produisent, qui ont conduit, conduisent et conduiront toujours \u00e0 notre disparition comme la derni\u00e8re chaleur du feu de camp et sa fum\u00e9e qui monte se m\u00ealer au rien humain qui est notre totalit\u00e9<\/em><\/p><p>[\u2026]<\/p><p>\u00a0<\/p><p>(pp.292-301)<\/p>\t\t\t\t\t\t\t\t<\/div>\n\t\t\t\t<\/div>\n\t\t\t\t<div class=\"elementor-element elementor-element-6275e95c elementor-widget elementor-widget-image\" data-id=\"6275e95c\" data-element_type=\"widget\" data-e-type=\"widget\" data-widget_type=\"image.default\">\n\t\t\t\t<div class=\"elementor-widget-container\">\n\t\t\t\t\t\t\t\t\t\t\t\t<figure class=\"wp-caption\">\n\t\t\t\t\t\t\t\t\t\t<img decoding=\"async\" width=\"195\" height=\"300\" src=\"https:\/\/officetransportspoetik.com\/wp-content\/uploads\/2025\/05\/9782490205141-195x300.jpg\" class=\"attachment-medium size-medium wp-image-5120\" alt=\"\" srcset=\"https:\/\/officetransportspoetik.com\/wp-content\/uploads\/2025\/05\/9782490205141-195x300.jpg 195w, https:\/\/officetransportspoetik.com\/wp-content\/uploads\/2025\/05\/9782490205141.jpg 660w\" sizes=\"(max-width: 195px) 100vw, 195px\" \/>\t\t\t\t\t\t\t\t\t\t\t<figcaption class=\"widget-image-caption wp-caption-text\">Fuego del fuego : po\u00e8mes d'Am\u00e9rique latine, \u00e9d. Les \u00e9taques, 2023<\/figcaption>\n\t\t\t\t\t\t\t\t\t\t<\/figure>\n\t\t\t\t\t\t\t\t\t<\/div>\n\t\t\t\t<\/div>\n\t\t\t\t<div class=\"elementor-element elementor-element-d0999e9 elementor-widget elementor-widget-text-editor\" data-id=\"d0999e9\" data-element_type=\"widget\" data-e-type=\"widget\" data-widget_type=\"text-editor.default\">\n\t\t\t\t<div class=\"elementor-widget-container\">\n\t\t\t\t\t\t\t\t\t<p>Je m\u2019arr\u00eate avant de citer tout le bouquin. On aura compris que les textes r\u00e9unis ici partagent une ampleur, un foisonnement, une \u00e9nergie, une rage* qui sont aussi les traits de Bouisset en tant que po\u00e8te. Ce qui n\u2019est pas si \u00e9tonnant, Bouisset-po\u00e8te s\u2019\u00e9tant nourri de ces \u0153uvres \u2013 les nourrissant en retour.<\/p><p>Il y aurait une discussion passionnante \u00e0 avoir sur le traducteur comme d\u00e9fricheur, sur la fa\u00e7on dont s\u2019est op\u00e9r\u00e9 le choix des po\u00e8mes, comment tel ou tel recueil lui est parvenu, par \u00e9cho, citation de po\u00e8te \u00e0 po\u00e8te, hasard.<\/p><p>En attendant je tiens \u00e0 dire une chose : il faudrait \u00e9lever un monument aux traducteurs et aux traductrices qui \u0153uvrent, souvent pour pas un rond, et sans gants, \u00e0 la circulation de cette marchandise hautement inflammable qu\u2019est la po\u00e9sie, non sans, \u00e9ventuellement, fournir un \u00e9norme boulot de n\u00e9gociation de droits avec des \u00e9diteurs \u00e9parpill\u00e9s sur tout un continent.<\/p><p><em>Fuego del fuego <\/em>est le fruit d\u2019une douzaine d\u2019ann\u00e9es de travail. C\u2019est un concours de circonstances et une urgence interne qui a pouss\u00e9 Laurent Bouisset \u00e0 traduire, sur le tas, des po\u00e8mes qu\u2019il publiait sur le blog \u00e9ponyme. Boulot \u00e9norme d\u00e9j\u00e0\u00a0: on ne traduit pas un dictionnaire, mais un contexte historique, une cacophonie d\u2019harmoniques intimes, de l\u2019argot, des mots qui changent de sens d\u2019un pays \u00e0 l\u2019autre, voire d\u2019un po\u00e8me \u00e0 l\u2019autre. Sans compter que notre h\u00e9ros c\u2019est lanc\u00e9 dans la t\u00e2che \u2013 le sacerdoce \u2013 de la traduction avec un simple bagage d\u2019hispanisant LV2\u00a0: aussi les traductions ont-elles \u00e9t\u00e9 constamment retravaill\u00e9es au fil des ann\u00e9es, au prix d\u2019efforts que je n\u2019essaie m\u00eame pas d\u2019imaginer.<\/p><p>Et \u00e7a valait le coup, pour les lectrices et les lecteurs, pour les citoyens et citoyennes. A cet \u00e9gard, le fait que le titre d\u2019une partie soit un clin d\u2019\u0153il \u00e0 Emmanuel Macron n\u2019est pas un hasard. <em>Fuego del fuego<\/em> r\u00e9sonne comme un avertissement\u00a0: nous vivons dans un pays en paix, mais gaffe, mais gaffe, le fascisme, la narcocratie ne pointent jamais loin sous le n\u00e9olib\u00e9ralisme d\u00e9brid\u00e9.<\/p><p>Les extr\u00eames-droites sont en pleine bourre, un Bollor\u00e9 est en passe de racheter \u00e0 peu pr\u00e8s tout ce qui nous permet de nos informer, nos principaux moyens de communication quotidienne prennent une couleur trumpiste d\u00e9complex\u00e9e. La po\u00e9sie ne suffira pas \u00e0 nous sortir de l\u00e0, mais elle peut \u00eatre un lieu de rassemblement, une source d\u2019\u00e9nergie.<\/p><p>Une invitation \u00e0 taper des deux poings.<\/p><p>\u00a0<\/p><p>\u00a0<\/p><p>* <em>Rage<\/em> (Rabia) est le titre d\u2019un recueil de Regina Jos\u00e9 Galindo traduit par Bouisset et paru aux \u00e9ditions des Lisi\u00e8res en 2020. Lisez \u00e7a aussi. Vraiment.<\/p>\t\t\t\t\t\t\t\t<\/div>\n\t\t\t\t<\/div>\n\t\t\t\t\t<\/div>\n\t\t<\/div>\n\t\t\t\t\t<\/div>\n\t\t<\/section>\n\t\t\t\t\t<\/div>\n\t\t<\/div>\n\t\t\t\t\t<\/div>\n\t\t<\/section>\n\t\t\t\t<\/div>\n\t\t","protected":false},"excerpt":{"rendered":"<p>GR\u00c9GOIRE DAMON CAUSE DE FUEGO DEL FUEGO : PO\u00c8MES D&rsquo;AM\u00c9RIQUE LATINE Fuego del fuego \u2013 Po\u00e8mes d\u2019Am\u00e9rique latine Traduits par Laurent Bouisset Edition Les \u00e9taques \u2013 mars 2023 Un coup de poing de 343 pages. Des deux poings en m\u00eame temps, car il s\u2019agit d\u2019une \u00e9dition bilingue. Quarante-trois po\u00e8tes d\u2019Am\u00e9rique latine \u2013 pas du sud, [&hellip;]<\/p>\n","protected":false},"author":1,"featured_media":0,"parent":0,"menu_order":0,"comment_status":"closed","ping_status":"closed","template":"elementor_canvas","meta":{"ocean_post_layout":"","ocean_both_sidebars_style":"","ocean_both_sidebars_content_width":0,"ocean_both_sidebars_sidebars_width":0,"ocean_sidebar":"","ocean_second_sidebar":"","ocean_disable_margins":"enable","ocean_add_body_class":"","ocean_shortcode_before_top_bar":"","ocean_shortcode_after_top_bar":"","ocean_shortcode_before_header":"","ocean_shortcode_after_header":"","ocean_has_shortcode":"","ocean_shortcode_after_title":"","ocean_shortcode_before_footer_widgets":"","ocean_shortcode_after_footer_widgets":"","ocean_shortcode_before_footer_bottom":"","ocean_shortcode_after_footer_bottom":"","ocean_display_top_bar":"default","ocean_display_header":"default","ocean_header_style":"","ocean_center_header_left_menu":"","ocean_custom_header_template":"","ocean_custom_logo":0,"ocean_custom_retina_logo":0,"ocean_custom_logo_max_width":0,"ocean_custom_logo_tablet_max_width":0,"ocean_custom_logo_mobile_max_width":0,"ocean_custom_logo_max_height":0,"ocean_custom_logo_tablet_max_height":0,"ocean_custom_logo_mobile_max_height":0,"ocean_header_custom_menu":"","ocean_menu_typo_font_family":"","ocean_menu_typo_font_subset":"","ocean_menu_typo_font_size":0,"ocean_menu_typo_font_size_tablet":0,"ocean_menu_typo_font_size_mobile":0,"ocean_menu_typo_font_size_unit":"px","ocean_menu_typo_font_weight":"","ocean_menu_typo_font_weight_tablet":"","ocean_menu_typo_font_weight_mobile":"","ocean_menu_typo_transform":"","ocean_menu_typo_transform_tablet":"","ocean_menu_typo_transform_mobile":"","ocean_menu_typo_line_height":0,"ocean_menu_typo_line_height_tablet":0,"ocean_menu_typo_line_height_mobile":0,"ocean_menu_typo_line_height_unit":"","ocean_menu_typo_spacing":0,"ocean_menu_typo_spacing_tablet":0,"ocean_menu_typo_spacing_mobile":0,"ocean_menu_typo_spacing_unit":"","ocean_menu_link_color":"","ocean_menu_link_color_hover":"","ocean_menu_link_color_active":"","ocean_menu_link_background":"","ocean_menu_link_hover_background":"","ocean_menu_link_active_background":"","ocean_menu_social_links_bg":"","ocean_menu_social_hover_links_bg":"","ocean_menu_social_links_color":"","ocean_menu_social_hover_links_color":"","ocean_disable_title":"default","ocean_disable_heading":"default","ocean_post_title":"","ocean_post_subheading":"","ocean_post_title_style":"","ocean_post_title_background_color":"","ocean_post_title_background":0,"ocean_post_title_bg_image_position":"","ocean_post_title_bg_image_attachment":"","ocean_post_title_bg_image_repeat":"","ocean_post_title_bg_image_size":"","ocean_post_title_height":0,"ocean_post_title_bg_overlay":0.5,"ocean_post_title_bg_overlay_color":"","ocean_disable_breadcrumbs":"default","ocean_breadcrumbs_color":"","ocean_breadcrumbs_separator_color":"","ocean_breadcrumbs_links_color":"","ocean_breadcrumbs_links_hover_color":"","ocean_display_footer_widgets":"default","ocean_display_footer_bottom":"default","ocean_custom_footer_template":"","footnotes":""},"class_list":["post-5111","page","type-page","status-publish","hentry","entry"],"yoast_head":"<!-- This site is optimized with the Yoast SEO plugin v27.5 - https:\/\/yoast.com\/product\/yoast-seo-wordpress\/ -->\n<title>GR\u00c9GOIRE DAMON CAUSE DE FUEGO DEL FUEGO : po\u00e8mes d&#039;Am\u00e9rique latine - Office des Transports Po\u00e9tik<\/title>\n<meta name=\"robots\" content=\"index, follow, max-snippet:-1, max-image-preview:large, max-video-preview:-1\" \/>\n<link rel=\"canonical\" href=\"https:\/\/officetransportspoetik.com\/index.php\/gregoire-damon-cause-de-fuego-del-fuego-poemes-damerique-latine\/\" \/>\n<meta property=\"og:locale\" content=\"fr_FR\" \/>\n<meta property=\"og:type\" content=\"article\" \/>\n<meta property=\"og:title\" content=\"GR\u00c9GOIRE DAMON CAUSE DE FUEGO DEL FUEGO : po\u00e8mes d&#039;Am\u00e9rique latine - Office des Transports Po\u00e9tik\" \/>\n<meta property=\"og:description\" content=\"GR\u00c9GOIRE DAMON CAUSE DE FUEGO DEL FUEGO : PO\u00c8MES D&rsquo;AM\u00c9RIQUE LATINE Fuego del fuego \u2013 Po\u00e8mes d\u2019Am\u00e9rique latine Traduits par Laurent Bouisset Edition Les \u00e9taques \u2013 mars 2023 Un coup de poing de 343 pages. Des deux poings en m\u00eame temps, car il s\u2019agit d\u2019une \u00e9dition bilingue. Quarante-trois po\u00e8tes d\u2019Am\u00e9rique latine \u2013 pas du sud, [&hellip;]\" \/>\n<meta property=\"og:url\" content=\"https:\/\/officetransportspoetik.com\/index.php\/gregoire-damon-cause-de-fuego-del-fuego-poemes-damerique-latine\/\" \/>\n<meta property=\"og:site_name\" content=\"Office des Transports Po\u00e9tik\" \/>\n<meta property=\"article:publisher\" content=\"https:\/\/www.facebook.com\/officedestransportspoetik\" \/>\n<meta property=\"article:modified_time\" content=\"2025-05-15T08:49:46+00:00\" \/>\n<meta property=\"og:image\" content=\"https:\/\/officetransportspoetik.com\/wp-content\/uploads\/2024\/02\/Laurent-Bouisset-photo-de.jpg\" \/>\n\t<meta property=\"og:image:width\" content=\"2048\" \/>\n\t<meta property=\"og:image:height\" content=\"1360\" \/>\n\t<meta property=\"og:image:type\" content=\"image\/jpeg\" \/>\n<meta name=\"twitter:card\" content=\"summary_large_image\" \/>\n<meta name=\"twitter:label1\" content=\"Dur\u00e9e de lecture estim\u00e9e\" \/>\n\t<meta name=\"twitter:data1\" content=\"7 minutes\" \/>\n<script type=\"application\/ld+json\" class=\"yoast-schema-graph\">{\"@context\":\"https:\\\/\\\/schema.org\",\"@graph\":[{\"@type\":\"WebPage\",\"@id\":\"https:\\\/\\\/officetransportspoetik.com\\\/index.php\\\/gregoire-damon-cause-de-fuego-del-fuego-poemes-damerique-latine\\\/\",\"url\":\"https:\\\/\\\/officetransportspoetik.com\\\/index.php\\\/gregoire-damon-cause-de-fuego-del-fuego-poemes-damerique-latine\\\/\",\"name\":\"GR\u00c9GOIRE DAMON CAUSE DE FUEGO DEL FUEGO : po\u00e8mes d'Am\u00e9rique latine - Office des Transports Po\u00e9tik\",\"isPartOf\":{\"@id\":\"https:\\\/\\\/officetransportspoetik.com\\\/#website\"},\"primaryImageOfPage\":{\"@id\":\"https:\\\/\\\/officetransportspoetik.com\\\/index.php\\\/gregoire-damon-cause-de-fuego-del-fuego-poemes-damerique-latine\\\/#primaryimage\"},\"image\":{\"@id\":\"https:\\\/\\\/officetransportspoetik.com\\\/index.php\\\/gregoire-damon-cause-de-fuego-del-fuego-poemes-damerique-latine\\\/#primaryimage\"},\"thumbnailUrl\":\"https:\\\/\\\/officetransportspoetik.com\\\/wp-content\\\/uploads\\\/2024\\\/02\\\/Laurent-Bouisset-photo-de-300x199.jpg\",\"datePublished\":\"2025-05-14T14:06:53+00:00\",\"dateModified\":\"2025-05-15T08:49:46+00:00\",\"breadcrumb\":{\"@id\":\"https:\\\/\\\/officetransportspoetik.com\\\/index.php\\\/gregoire-damon-cause-de-fuego-del-fuego-poemes-damerique-latine\\\/#breadcrumb\"},\"inLanguage\":\"fr-FR\",\"potentialAction\":[{\"@type\":\"ReadAction\",\"target\":[\"https:\\\/\\\/officetransportspoetik.com\\\/index.php\\\/gregoire-damon-cause-de-fuego-del-fuego-poemes-damerique-latine\\\/\"]}]},{\"@type\":\"ImageObject\",\"inLanguage\":\"fr-FR\",\"@id\":\"https:\\\/\\\/officetransportspoetik.com\\\/index.php\\\/gregoire-damon-cause-de-fuego-del-fuego-poemes-damerique-latine\\\/#primaryimage\",\"url\":\"https:\\\/\\\/officetransportspoetik.com\\\/wp-content\\\/uploads\\\/2024\\\/02\\\/Laurent-Bouisset-photo-de.jpg\",\"contentUrl\":\"https:\\\/\\\/officetransportspoetik.com\\\/wp-content\\\/uploads\\\/2024\\\/02\\\/Laurent-Bouisset-photo-de.jpg\",\"width\":2048,\"height\":1360},{\"@type\":\"BreadcrumbList\",\"@id\":\"https:\\\/\\\/officetransportspoetik.com\\\/index.php\\\/gregoire-damon-cause-de-fuego-del-fuego-poemes-damerique-latine\\\/#breadcrumb\",\"itemListElement\":[{\"@type\":\"ListItem\",\"position\":1,\"name\":\"Accueil\",\"item\":\"https:\\\/\\\/officetransportspoetik.com\\\/\"},{\"@type\":\"ListItem\",\"position\":2,\"name\":\"GR\u00c9GOIRE DAMON CAUSE DE FUEGO DEL FUEGO : po\u00e8mes d&rsquo;Am\u00e9rique latine\"}]},{\"@type\":\"WebSite\",\"@id\":\"https:\\\/\\\/officetransportspoetik.com\\\/#website\",\"url\":\"https:\\\/\\\/officetransportspoetik.com\\\/\",\"name\":\"Office des Transports Po\u00e9tik\",\"description\":\"autour des \u00e9critures po\u00e9tiques contemporaines\",\"publisher\":{\"@id\":\"https:\\\/\\\/officetransportspoetik.com\\\/#organization\"},\"potentialAction\":[{\"@type\":\"SearchAction\",\"target\":{\"@type\":\"EntryPoint\",\"urlTemplate\":\"https:\\\/\\\/officetransportspoetik.com\\\/?s={search_term_string}\"},\"query-input\":{\"@type\":\"PropertyValueSpecification\",\"valueRequired\":true,\"valueName\":\"search_term_string\"}}],\"inLanguage\":\"fr-FR\"},{\"@type\":\"Organization\",\"@id\":\"https:\\\/\\\/officetransportspoetik.com\\\/#organization\",\"name\":\"Office des Transports Po\u00e9tik\",\"url\":\"https:\\\/\\\/officetransportspoetik.com\\\/\",\"logo\":{\"@type\":\"ImageObject\",\"inLanguage\":\"fr-FR\",\"@id\":\"https:\\\/\\\/officetransportspoetik.com\\\/#\\\/schema\\\/logo\\\/image\\\/\",\"url\":\"https:\\\/\\\/officetransportspoetik.com\\\/wp-content\\\/uploads\\\/2023\\\/01\\\/logo-Office-rouge-pour-programme-festival-2022.jpg\",\"contentUrl\":\"https:\\\/\\\/officetransportspoetik.com\\\/wp-content\\\/uploads\\\/2023\\\/01\\\/logo-Office-rouge-pour-programme-festival-2022.jpg\",\"width\":1200,\"height\":500,\"caption\":\"Office des Transports Po\u00e9tik\"},\"image\":{\"@id\":\"https:\\\/\\\/officetransportspoetik.com\\\/#\\\/schema\\\/logo\\\/image\\\/\"},\"sameAs\":[\"https:\\\/\\\/www.facebook.com\\\/officedestransportspoetik\",\"https:\\\/\\\/www.instagram.com\\\/office_des_transports_poetik\\\/\"]}]}<\/script>\n<!-- \/ Yoast SEO plugin. -->","yoast_head_json":{"title":"GR\u00c9GOIRE DAMON CAUSE DE FUEGO DEL FUEGO : po\u00e8mes d'Am\u00e9rique latine - Office des Transports Po\u00e9tik","robots":{"index":"index","follow":"follow","max-snippet":"max-snippet:-1","max-image-preview":"max-image-preview:large","max-video-preview":"max-video-preview:-1"},"canonical":"https:\/\/officetransportspoetik.com\/index.php\/gregoire-damon-cause-de-fuego-del-fuego-poemes-damerique-latine\/","og_locale":"fr_FR","og_type":"article","og_title":"GR\u00c9GOIRE DAMON CAUSE DE FUEGO DEL FUEGO : po\u00e8mes d'Am\u00e9rique latine - Office des Transports Po\u00e9tik","og_description":"GR\u00c9GOIRE DAMON CAUSE DE FUEGO DEL FUEGO : PO\u00c8MES D&rsquo;AM\u00c9RIQUE LATINE Fuego del fuego \u2013 Po\u00e8mes d\u2019Am\u00e9rique latine Traduits par Laurent Bouisset Edition Les \u00e9taques \u2013 mars 2023 Un coup de poing de 343 pages. Des deux poings en m\u00eame temps, car il s\u2019agit d\u2019une \u00e9dition bilingue. Quarante-trois po\u00e8tes d\u2019Am\u00e9rique latine \u2013 pas du sud, [&hellip;]","og_url":"https:\/\/officetransportspoetik.com\/index.php\/gregoire-damon-cause-de-fuego-del-fuego-poemes-damerique-latine\/","og_site_name":"Office des Transports Po\u00e9tik","article_publisher":"https:\/\/www.facebook.com\/officedestransportspoetik","article_modified_time":"2025-05-15T08:49:46+00:00","og_image":[{"width":2048,"height":1360,"url":"https:\/\/officetransportspoetik.com\/wp-content\/uploads\/2024\/02\/Laurent-Bouisset-photo-de.jpg","type":"image\/jpeg"}],"twitter_card":"summary_large_image","twitter_misc":{"Dur\u00e9e de lecture estim\u00e9e":"7 minutes"},"schema":{"@context":"https:\/\/schema.org","@graph":[{"@type":"WebPage","@id":"https:\/\/officetransportspoetik.com\/index.php\/gregoire-damon-cause-de-fuego-del-fuego-poemes-damerique-latine\/","url":"https:\/\/officetransportspoetik.com\/index.php\/gregoire-damon-cause-de-fuego-del-fuego-poemes-damerique-latine\/","name":"GR\u00c9GOIRE DAMON CAUSE DE FUEGO DEL FUEGO : po\u00e8mes d'Am\u00e9rique latine - Office des Transports Po\u00e9tik","isPartOf":{"@id":"https:\/\/officetransportspoetik.com\/#website"},"primaryImageOfPage":{"@id":"https:\/\/officetransportspoetik.com\/index.php\/gregoire-damon-cause-de-fuego-del-fuego-poemes-damerique-latine\/#primaryimage"},"image":{"@id":"https:\/\/officetransportspoetik.com\/index.php\/gregoire-damon-cause-de-fuego-del-fuego-poemes-damerique-latine\/#primaryimage"},"thumbnailUrl":"https:\/\/officetransportspoetik.com\/wp-content\/uploads\/2024\/02\/Laurent-Bouisset-photo-de-300x199.jpg","datePublished":"2025-05-14T14:06:53+00:00","dateModified":"2025-05-15T08:49:46+00:00","breadcrumb":{"@id":"https:\/\/officetransportspoetik.com\/index.php\/gregoire-damon-cause-de-fuego-del-fuego-poemes-damerique-latine\/#breadcrumb"},"inLanguage":"fr-FR","potentialAction":[{"@type":"ReadAction","target":["https:\/\/officetransportspoetik.com\/index.php\/gregoire-damon-cause-de-fuego-del-fuego-poemes-damerique-latine\/"]}]},{"@type":"ImageObject","inLanguage":"fr-FR","@id":"https:\/\/officetransportspoetik.com\/index.php\/gregoire-damon-cause-de-fuego-del-fuego-poemes-damerique-latine\/#primaryimage","url":"https:\/\/officetransportspoetik.com\/wp-content\/uploads\/2024\/02\/Laurent-Bouisset-photo-de.jpg","contentUrl":"https:\/\/officetransportspoetik.com\/wp-content\/uploads\/2024\/02\/Laurent-Bouisset-photo-de.jpg","width":2048,"height":1360},{"@type":"BreadcrumbList","@id":"https:\/\/officetransportspoetik.com\/index.php\/gregoire-damon-cause-de-fuego-del-fuego-poemes-damerique-latine\/#breadcrumb","itemListElement":[{"@type":"ListItem","position":1,"name":"Accueil","item":"https:\/\/officetransportspoetik.com\/"},{"@type":"ListItem","position":2,"name":"GR\u00c9GOIRE DAMON CAUSE DE FUEGO DEL FUEGO : po\u00e8mes d&rsquo;Am\u00e9rique latine"}]},{"@type":"WebSite","@id":"https:\/\/officetransportspoetik.com\/#website","url":"https:\/\/officetransportspoetik.com\/","name":"Office des Transports Po\u00e9tik","description":"autour des \u00e9critures po\u00e9tiques contemporaines","publisher":{"@id":"https:\/\/officetransportspoetik.com\/#organization"},"potentialAction":[{"@type":"SearchAction","target":{"@type":"EntryPoint","urlTemplate":"https:\/\/officetransportspoetik.com\/?s={search_term_string}"},"query-input":{"@type":"PropertyValueSpecification","valueRequired":true,"valueName":"search_term_string"}}],"inLanguage":"fr-FR"},{"@type":"Organization","@id":"https:\/\/officetransportspoetik.com\/#organization","name":"Office des Transports Po\u00e9tik","url":"https:\/\/officetransportspoetik.com\/","logo":{"@type":"ImageObject","inLanguage":"fr-FR","@id":"https:\/\/officetransportspoetik.com\/#\/schema\/logo\/image\/","url":"https:\/\/officetransportspoetik.com\/wp-content\/uploads\/2023\/01\/logo-Office-rouge-pour-programme-festival-2022.jpg","contentUrl":"https:\/\/officetransportspoetik.com\/wp-content\/uploads\/2023\/01\/logo-Office-rouge-pour-programme-festival-2022.jpg","width":1200,"height":500,"caption":"Office des Transports Po\u00e9tik"},"image":{"@id":"https:\/\/officetransportspoetik.com\/#\/schema\/logo\/image\/"},"sameAs":["https:\/\/www.facebook.com\/officedestransportspoetik","https:\/\/www.instagram.com\/office_des_transports_poetik\/"]}]}},"_links":{"self":[{"href":"https:\/\/officetransportspoetik.com\/index.php\/wp-json\/wp\/v2\/pages\/5111","targetHints":{"allow":["GET"]}}],"collection":[{"href":"https:\/\/officetransportspoetik.com\/index.php\/wp-json\/wp\/v2\/pages"}],"about":[{"href":"https:\/\/officetransportspoetik.com\/index.php\/wp-json\/wp\/v2\/types\/page"}],"author":[{"embeddable":true,"href":"https:\/\/officetransportspoetik.com\/index.php\/wp-json\/wp\/v2\/users\/1"}],"replies":[{"embeddable":true,"href":"https:\/\/officetransportspoetik.com\/index.php\/wp-json\/wp\/v2\/comments?post=5111"}],"version-history":[{"count":31,"href":"https:\/\/officetransportspoetik.com\/index.php\/wp-json\/wp\/v2\/pages\/5111\/revisions"}],"predecessor-version":[{"id":5161,"href":"https:\/\/officetransportspoetik.com\/index.php\/wp-json\/wp\/v2\/pages\/5111\/revisions\/5161"}],"wp:attachment":[{"href":"https:\/\/officetransportspoetik.com\/index.php\/wp-json\/wp\/v2\/media?parent=5111"}],"curies":[{"name":"wp","href":"https:\/\/api.w.org\/{rel}","templated":true}]}}