{"id":4680,"date":"2025-04-26T15:22:37","date_gmt":"2025-04-26T13:22:37","guid":{"rendered":"https:\/\/officetransportspoetik.com\/?page_id=4680"},"modified":"2025-05-05T16:30:02","modified_gmt":"2025-05-05T14:30:02","slug":"samedi-31-mai-2025","status":"publish","type":"page","link":"https:\/\/officetransportspoetik.com\/index.php\/samedi-31-mai-2025\/","title":{"rendered":"SAMEDI 31 MAI 2025"},"content":{"rendered":"\t\t<div data-elementor-type=\"wp-page\" data-elementor-id=\"4680\" class=\"elementor elementor-4680\">\n\t\t\t\t\t\t<section class=\"elementor-section elementor-top-section elementor-element elementor-element-2a12c540 elementor-section-boxed elementor-section-height-default elementor-section-height-default\" data-id=\"2a12c540\" data-element_type=\"section\" data-e-type=\"section\">\n\t\t\t\t\t\t<div class=\"elementor-container elementor-column-gap-default\">\n\t\t\t\t\t<div class=\"elementor-column elementor-col-100 elementor-top-column elementor-element elementor-element-346cebe1\" data-id=\"346cebe1\" data-element_type=\"column\" data-e-type=\"column\">\n\t\t\t<div class=\"elementor-widget-wrap elementor-element-populated\">\n\t\t\t\t\t\t<div class=\"elementor-element elementor-element-1db488d elementor-widget elementor-widget-heading\" data-id=\"1db488d\" data-element_type=\"widget\" data-e-type=\"widget\" data-widget_type=\"heading.default\">\n\t\t\t\t<div class=\"elementor-widget-container\">\n\t\t\t\t\t<h2 class=\"elementor-heading-title elementor-size-default\">SAMEDI 31 MAI 2025 \u00e0 19H \/ librairie LA NOUVELLE D\u00c9RIVE<\/h2>\t\t\t\t<\/div>\n\t\t\t\t<\/div>\n\t\t\t\t<div class=\"elementor-element elementor-element-1646d862 elementor-widget-divider--view-line elementor-widget elementor-widget-divider\" data-id=\"1646d862\" data-element_type=\"widget\" data-e-type=\"widget\" data-widget_type=\"divider.default\">\n\t\t\t\t<div class=\"elementor-widget-container\">\n\t\t\t\t\t\t\t<div class=\"elementor-divider\">\n\t\t\t<span class=\"elementor-divider-separator\">\n\t\t\t\t\t\t<\/span>\n\t\t<\/div>\n\t\t\t\t\t\t<\/div>\n\t\t\t\t<\/div>\n\t\t\t\t\t<\/div>\n\t\t<\/div>\n\t\t\t\t\t<\/div>\n\t\t<\/section>\n\t\t\t\t<section class=\"elementor-section elementor-top-section elementor-element elementor-element-5a7d1653 elementor-section-boxed elementor-section-height-default elementor-section-height-default\" data-id=\"5a7d1653\" data-element_type=\"section\" data-e-type=\"section\">\n\t\t\t\t\t\t<div class=\"elementor-container elementor-column-gap-default\">\n\t\t\t\t\t<div class=\"elementor-column elementor-col-50 elementor-top-column elementor-element elementor-element-3deed238\" data-id=\"3deed238\" data-element_type=\"column\" data-e-type=\"column\">\n\t\t\t<div class=\"elementor-widget-wrap elementor-element-populated\">\n\t\t\t\t\t\t<div class=\"elementor-element elementor-element-2b26f3d7 elementor-widget elementor-widget-heading\" data-id=\"2b26f3d7\" data-element_type=\"widget\" data-e-type=\"widget\" data-widget_type=\"heading.default\">\n\t\t\t\t<div class=\"elementor-widget-container\">\n\t\t\t\t\t<h2 class=\"elementor-heading-title elementor-size-default\">LECTURE \/ RENCONTRE<\/h2>\t\t\t\t<\/div>\n\t\t\t\t<\/div>\n\t\t\t\t<div class=\"elementor-element elementor-element-6ab16333 elementor-widget elementor-widget-text-editor\" data-id=\"6ab16333\" data-element_type=\"widget\" data-e-type=\"widget\" data-widget_type=\"text-editor.default\">\n\t\t\t\t<div class=\"elementor-widget-container\">\n\t\t\t\t\t\t\t\t\t<p style=\"font-variant-caps: normal; font-family: 'Open Sans', sans-serif; font-size: 14px; font-style: normal;\"><span style=\"font-size: 14px; font-weight: 600;\">Mil\u00e8ne Tournier (Paris)<\/span>, po\u00e9tesse, dramaturge<\/p><p style=\"font-variant-caps: normal; font-family: 'Open Sans', sans-serif; font-size: 14px; font-style: normal;\"><b>Emmanuel Merle (Grenoble)<\/b>, po\u00e8te<\/p>\t\t\t\t\t\t\t\t<\/div>\n\t\t\t\t<\/div>\n\t\t\t\t<div class=\"elementor-element elementor-element-69b9a23a elementor-widget elementor-widget-text-editor\" data-id=\"69b9a23a\" data-element_type=\"widget\" data-e-type=\"widget\" data-widget_type=\"text-editor.default\">\n\t\t\t\t<div class=\"elementor-widget-container\">\n\t\t\t\t\t\t\t\t\t<p>10, place Sainte-Claire, Grenoble<\/p>\t\t\t\t\t\t\t\t<\/div>\n\t\t\t\t<\/div>\n\t\t\t\t<div class=\"elementor-element elementor-element-595a25d9 elementor-widget-divider--view-line elementor-widget elementor-widget-divider\" data-id=\"595a25d9\" data-element_type=\"widget\" data-e-type=\"widget\" data-widget_type=\"divider.default\">\n\t\t\t\t<div class=\"elementor-widget-container\">\n\t\t\t\t\t\t\t<div class=\"elementor-divider\">\n\t\t\t<span class=\"elementor-divider-separator\">\n\t\t\t\t\t\t<\/span>\n\t\t<\/div>\n\t\t\t\t\t\t<\/div>\n\t\t\t\t<\/div>\n\t\t\t\t<div class=\"elementor-element elementor-element-2020d3c7 elementor-widget elementor-widget-text-editor\" data-id=\"2020d3c7\" data-element_type=\"widget\" data-e-type=\"widget\" data-widget_type=\"text-editor.default\">\n\t\t\t\t<div class=\"elementor-widget-container\">\n\t\t\t\t\t\t\t\t\t<p class=\"MsoNormal\" style=\"margin: 0cm; font-size: 12pt; font-family: Calibri, sans-serif; color: #000000; font-style: normal; font-variant-ligatures: normal; font-variant-caps: normal; font-weight: 400; text-align: justify;\"><span style=\"font-size: 14pt;\">Mil\u00e8ne Tournier vit, travaille et \u00e9crit \u00e0 Paris. Emmanuel Merle est Grenoblois. Ces deux voix ne se sont jamais crois\u00e9es et c\u2019est \u00e7a qui nous pla\u00eet : faire dialoguer deux voix d&rsquo;horizons diff\u00e9rents, n&rsquo;appartenant pas forc\u00e9ment \u00e0 la m\u00eame g\u00e9n\u00e9ration, ni aux m\u00eames sensibilit\u00e9s,&nbsp;mais qui ont ceci de commun : nous aimons leurs livres et suivons leurs parcours. Nous naviguerons entre temps de lecture, questions, \u00e9changes avec le public, pr\u00e9sentations de diff\u00e9rents ouvrages. Si Mil\u00e8ne est une po\u00e9tesse de la ville attentive aux gestes des humains qui l\u2019habitent, Emmanuel arpente les montagnes, les lieux perdus d\u2019enfance, avec une remarquable \u00e9conomie de moyens.&nbsp; Quelques points communs se dessinent d\u00e9j\u00e0 dans leurs fa\u00e7ons d&rsquo;envisager le corps et l&rsquo;esprit en marche, la mani\u00e8re dont certains fils rouges s&rsquo;ins\u00e8rent dans les textes ; nous trouverons d&rsquo;autres points communs et de divergence aussi.<\/span><\/p>\t\t\t\t\t\t\t\t<\/div>\n\t\t\t\t<\/div>\n\t\t\t\t<div class=\"elementor-element elementor-element-1150b8e5 elementor-widget elementor-widget-text-editor\" data-id=\"1150b8e5\" data-element_type=\"widget\" data-e-type=\"widget\" data-widget_type=\"text-editor.default\">\n\t\t\t\t<div class=\"elementor-widget-container\">\n\t\t\t\t\t\t\t\t\t<p><strong>animation<\/strong> :<strong> Anne Gaudel-Langdorf et Katia Bouchoueva<\/strong><\/p>\t\t\t\t\t\t\t\t<\/div>\n\t\t\t\t<\/div>\n\t\t\t\t<div class=\"elementor-element elementor-element-4712e558 elementor-widget elementor-widget-text-editor\" data-id=\"4712e558\" data-element_type=\"widget\" data-e-type=\"widget\" data-widget_type=\"text-editor.default\">\n\t\t\t\t<div class=\"elementor-widget-container\">\n\t\t\t\t\t\t\t\t\t<p><strong>Partenaires associ\u00e9s : association Les Machines<\/strong><\/p>\t\t\t\t\t\t\t\t<\/div>\n\t\t\t\t<\/div>\n\t\t\t\t\t<\/div>\n\t\t<\/div>\n\t\t\t\t<div class=\"elementor-column elementor-col-50 elementor-top-column elementor-element elementor-element-348ae3fc\" data-id=\"348ae3fc\" data-element_type=\"column\" data-e-type=\"column\">\n\t\t\t<div class=\"elementor-widget-wrap elementor-element-populated\">\n\t\t\t\t\t\t<section class=\"elementor-section elementor-inner-section elementor-element elementor-element-6802864 elementor-section-boxed elementor-section-height-default elementor-section-height-default\" data-id=\"6802864\" data-element_type=\"section\" data-e-type=\"section\">\n\t\t\t\t\t\t<div class=\"elementor-container elementor-column-gap-default\">\n\t\t\t\t\t<div class=\"elementor-column elementor-col-50 elementor-inner-column elementor-element elementor-element-33dc062e\" data-id=\"33dc062e\" data-element_type=\"column\" data-e-type=\"column\">\n\t\t\t<div class=\"elementor-widget-wrap elementor-element-populated\">\n\t\t\t\t\t\t<div class=\"elementor-element elementor-element-63491a50 elementor-widget elementor-widget-image\" data-id=\"63491a50\" data-element_type=\"widget\" data-e-type=\"widget\" data-widget_type=\"image.default\">\n\t\t\t\t<div class=\"elementor-widget-container\">\n\t\t\t\t\t\t\t\t\t\t\t\t\t\t\t<img decoding=\"async\" width=\"150\" height=\"150\" src=\"https:\/\/officetransportspoetik.com\/wp-content\/uploads\/2025\/03\/Milene-credits-Remi-Tournier-1-1-150x150.jpg\" class=\"attachment-thumbnail size-thumbnail wp-image-4542\" alt=\"\" \/>\t\t\t\t\t\t\t\t\t\t\t\t\t\t\t<\/div>\n\t\t\t\t<\/div>\n\t\t\t\t<div class=\"elementor-element elementor-element-1a7d9c49 elementor-widget elementor-widget-heading\" data-id=\"1a7d9c49\" data-element_type=\"widget\" data-e-type=\"widget\" data-widget_type=\"heading.default\">\n\t\t\t\t<div class=\"elementor-widget-container\">\n\t\t\t\t\t<h2 class=\"elementor-heading-title elementor-size-small\">Mil\u00e8ne TOURNIER<\/h2>\t\t\t\t<\/div>\n\t\t\t\t<\/div>\n\t\t\t\t\t<\/div>\n\t\t<\/div>\n\t\t\t\t<div class=\"elementor-column elementor-col-50 elementor-inner-column elementor-element elementor-element-495f33a8\" data-id=\"495f33a8\" data-element_type=\"column\" data-e-type=\"column\">\n\t\t\t<div class=\"elementor-widget-wrap elementor-element-populated\">\n\t\t\t\t\t\t<div class=\"elementor-element elementor-element-3b2b4b23 elementor-widget elementor-widget-image\" data-id=\"3b2b4b23\" data-element_type=\"widget\" data-e-type=\"widget\" data-widget_type=\"image.default\">\n\t\t\t\t<div class=\"elementor-widget-container\">\n\t\t\t\t\t\t\t\t\t\t\t\t\t\t\t<img decoding=\"async\" width=\"150\" height=\"150\" src=\"https:\/\/officetransportspoetik.com\/wp-content\/uploads\/2025\/04\/Emmanuel_Merle-150x150.jpg\" class=\"attachment-thumbnail size-thumbnail wp-image-4683\" alt=\"\" srcset=\"https:\/\/officetransportspoetik.com\/wp-content\/uploads\/2025\/04\/Emmanuel_Merle-150x150.jpg 150w, https:\/\/officetransportspoetik.com\/wp-content\/uploads\/2025\/04\/Emmanuel_Merle-360x360.jpg 360w\" sizes=\"(max-width: 150px) 100vw, 150px\" \/>\t\t\t\t\t\t\t\t\t\t\t\t\t\t\t<\/div>\n\t\t\t\t<\/div>\n\t\t\t\t<div class=\"elementor-element elementor-element-1d5c0f3a elementor-widget elementor-widget-heading\" data-id=\"1d5c0f3a\" data-element_type=\"widget\" data-e-type=\"widget\" data-widget_type=\"heading.default\">\n\t\t\t\t<div class=\"elementor-widget-container\">\n\t\t\t\t\t<h2 class=\"elementor-heading-title elementor-size-small\">Emmanuel MERLE<\/h2>\t\t\t\t<\/div>\n\t\t\t\t<\/div>\n\t\t\t\t\t<\/div>\n\t\t<\/div>\n\t\t\t\t\t<\/div>\n\t\t<\/section>\n\t\t\t\t\t<\/div>\n\t\t<\/div>\n\t\t\t\t\t<\/div>\n\t\t<\/section>\n\t\t\t\t<\/div>\n\t\t","protected":false},"excerpt":{"rendered":"<p>SAMEDI 31 MAI 2025 \u00e0 19H \/ librairie LA NOUVELLE D\u00c9RIVE LECTURE \/ RENCONTRE Mil\u00e8ne Tournier (Paris), po\u00e9tesse, dramaturge Emmanuel Merle (Grenoble), po\u00e8te 10, place Sainte-Claire, Grenoble Mil\u00e8ne Tournier vit, travaille et \u00e9crit \u00e0 Paris. Emmanuel Merle est Grenoblois. Ces deux voix ne se sont jamais crois\u00e9es et c\u2019est \u00e7a qui nous pla\u00eet : faire [&hellip;]<\/p>\n","protected":false},"author":1,"featured_media":0,"parent":0,"menu_order":0,"comment_status":"closed","ping_status":"closed","template":"templates\/landing.php","meta":{"ocean_post_layout":"","ocean_both_sidebars_style":"","ocean_both_sidebars_content_width":0,"ocean_both_sidebars_sidebars_width":0,"ocean_sidebar":"","ocean_second_sidebar":"","ocean_disable_margins":"enable","ocean_add_body_class":"","ocean_shortcode_before_top_bar":"","ocean_shortcode_after_top_bar":"","ocean_shortcode_before_header":"","ocean_shortcode_after_header":"","ocean_has_shortcode":"","ocean_shortcode_after_title":"","ocean_shortcode_before_footer_widgets":"","ocean_shortcode_after_footer_widgets":"","ocean_shortcode_before_footer_bottom":"","ocean_shortcode_after_footer_bottom":"","ocean_display_top_bar":"default","ocean_display_header":"default","ocean_header_style":"","ocean_center_header_left_menu":"","ocean_custom_header_template":"","ocean_custom_logo":0,"ocean_custom_retina_logo":0,"ocean_custom_logo_max_width":0,"ocean_custom_logo_tablet_max_width":0,"ocean_custom_logo_mobile_max_width":0,"ocean_custom_logo_max_height":0,"ocean_custom_logo_tablet_max_height":0,"ocean_custom_logo_mobile_max_height":0,"ocean_header_custom_menu":"","ocean_menu_typo_font_family":"","ocean_menu_typo_font_subset":"","ocean_menu_typo_font_size":0,"ocean_menu_typo_font_size_tablet":0,"ocean_menu_typo_font_size_mobile":0,"ocean_menu_typo_font_size_unit":"px","ocean_menu_typo_font_weight":"","ocean_menu_typo_font_weight_tablet":"","ocean_menu_typo_font_weight_mobile":"","ocean_menu_typo_transform":"","ocean_menu_typo_transform_tablet":"","ocean_menu_typo_transform_mobile":"","ocean_menu_typo_line_height":0,"ocean_menu_typo_line_height_tablet":0,"ocean_menu_typo_line_height_mobile":0,"ocean_menu_typo_line_height_unit":"","ocean_menu_typo_spacing":0,"ocean_menu_typo_spacing_tablet":0,"ocean_menu_typo_spacing_mobile":0,"ocean_menu_typo_spacing_unit":"","ocean_menu_link_color":"","ocean_menu_link_color_hover":"","ocean_menu_link_color_active":"","ocean_menu_link_background":"","ocean_menu_link_hover_background":"","ocean_menu_link_active_background":"","ocean_menu_social_links_bg":"","ocean_menu_social_hover_links_bg":"","ocean_menu_social_links_color":"","ocean_menu_social_hover_links_color":"","ocean_disable_title":"default","ocean_disable_heading":"default","ocean_post_title":"","ocean_post_subheading":"","ocean_post_title_style":"","ocean_post_title_background_color":"","ocean_post_title_background":0,"ocean_post_title_bg_image_position":"","ocean_post_title_bg_image_attachment":"","ocean_post_title_bg_image_repeat":"","ocean_post_title_bg_image_size":"","ocean_post_title_height":0,"ocean_post_title_bg_overlay":0.5,"ocean_post_title_bg_overlay_color":"","ocean_disable_breadcrumbs":"default","ocean_breadcrumbs_color":"","ocean_breadcrumbs_separator_color":"","ocean_breadcrumbs_links_color":"","ocean_breadcrumbs_links_hover_color":"","ocean_display_footer_widgets":"default","ocean_display_footer_bottom":"default","ocean_custom_footer_template":"","footnotes":""},"class_list":["post-4680","page","type-page","status-publish","hentry","entry"],"yoast_head":"<!-- This site is optimized with the Yoast SEO plugin v27.5 - https:\/\/yoast.com\/product\/yoast-seo-wordpress\/ -->\n<title>SAMEDI 31 MAI 2025 - Office des Transports Po\u00e9tik<\/title>\n<meta name=\"robots\" content=\"index, follow, max-snippet:-1, max-image-preview:large, max-video-preview:-1\" \/>\n<link rel=\"canonical\" href=\"https:\/\/officetransportspoetik.com\/index.php\/samedi-31-mai-2025\/\" \/>\n<meta property=\"og:locale\" content=\"fr_FR\" \/>\n<meta property=\"og:type\" content=\"article\" \/>\n<meta property=\"og:title\" content=\"SAMEDI 31 MAI 2025 - Office des Transports Po\u00e9tik\" \/>\n<meta property=\"og:description\" content=\"SAMEDI 31 MAI 2025 \u00e0 19H \/ librairie LA NOUVELLE D\u00c9RIVE LECTURE \/ RENCONTRE Mil\u00e8ne Tournier (Paris), po\u00e9tesse, dramaturge Emmanuel Merle (Grenoble), po\u00e8te 10, place Sainte-Claire, Grenoble Mil\u00e8ne Tournier vit, travaille et \u00e9crit \u00e0 Paris. Emmanuel Merle est Grenoblois. Ces deux voix ne se sont jamais crois\u00e9es et c\u2019est \u00e7a qui nous pla\u00eet : faire [&hellip;]\" \/>\n<meta property=\"og:url\" content=\"https:\/\/officetransportspoetik.com\/index.php\/samedi-31-mai-2025\/\" \/>\n<meta property=\"og:site_name\" content=\"Office des Transports Po\u00e9tik\" \/>\n<meta property=\"article:publisher\" content=\"https:\/\/www.facebook.com\/officedestransportspoetik\" \/>\n<meta property=\"article:modified_time\" content=\"2025-05-05T14:30:02+00:00\" \/>\n<meta property=\"og:image\" content=\"https:\/\/officetransportspoetik.com\/wp-content\/uploads\/2025\/03\/Milene-credits-Remi-Tournier-1-1-scaled.jpg\" \/>\n\t<meta property=\"og:image:width\" content=\"2560\" \/>\n\t<meta property=\"og:image:height\" content=\"1707\" \/>\n\t<meta property=\"og:image:type\" content=\"image\/jpeg\" \/>\n<meta name=\"twitter:card\" content=\"summary_large_image\" \/>\n<meta name=\"twitter:label1\" content=\"Dur\u00e9e de lecture estim\u00e9e\" \/>\n\t<meta name=\"twitter:data1\" content=\"2 minutes\" \/>\n<script type=\"application\/ld+json\" class=\"yoast-schema-graph\">{\"@context\":\"https:\\\/\\\/schema.org\",\"@graph\":[{\"@type\":\"WebPage\",\"@id\":\"https:\\\/\\\/officetransportspoetik.com\\\/index.php\\\/samedi-31-mai-2025\\\/\",\"url\":\"https:\\\/\\\/officetransportspoetik.com\\\/index.php\\\/samedi-31-mai-2025\\\/\",\"name\":\"SAMEDI 31 MAI 2025 - Office des Transports Po\u00e9tik\",\"isPartOf\":{\"@id\":\"https:\\\/\\\/officetransportspoetik.com\\\/#website\"},\"primaryImageOfPage\":{\"@id\":\"https:\\\/\\\/officetransportspoetik.com\\\/index.php\\\/samedi-31-mai-2025\\\/#primaryimage\"},\"image\":{\"@id\":\"https:\\\/\\\/officetransportspoetik.com\\\/index.php\\\/samedi-31-mai-2025\\\/#primaryimage\"},\"thumbnailUrl\":\"https:\\\/\\\/officetransportspoetik.com\\\/wp-content\\\/uploads\\\/2025\\\/03\\\/Milene-credits-Remi-Tournier-1-1-150x150.jpg\",\"datePublished\":\"2025-04-26T13:22:37+00:00\",\"dateModified\":\"2025-05-05T14:30:02+00:00\",\"breadcrumb\":{\"@id\":\"https:\\\/\\\/officetransportspoetik.com\\\/index.php\\\/samedi-31-mai-2025\\\/#breadcrumb\"},\"inLanguage\":\"fr-FR\",\"potentialAction\":[{\"@type\":\"ReadAction\",\"target\":[\"https:\\\/\\\/officetransportspoetik.com\\\/index.php\\\/samedi-31-mai-2025\\\/\"]}]},{\"@type\":\"ImageObject\",\"inLanguage\":\"fr-FR\",\"@id\":\"https:\\\/\\\/officetransportspoetik.com\\\/index.php\\\/samedi-31-mai-2025\\\/#primaryimage\",\"url\":\"https:\\\/\\\/officetransportspoetik.com\\\/wp-content\\\/uploads\\\/2025\\\/03\\\/Milene-credits-Remi-Tournier-1-1-scaled.jpg\",\"contentUrl\":\"https:\\\/\\\/officetransportspoetik.com\\\/wp-content\\\/uploads\\\/2025\\\/03\\\/Milene-credits-Remi-Tournier-1-1-scaled.jpg\",\"width\":2560,\"height\":1707},{\"@type\":\"BreadcrumbList\",\"@id\":\"https:\\\/\\\/officetransportspoetik.com\\\/index.php\\\/samedi-31-mai-2025\\\/#breadcrumb\",\"itemListElement\":[{\"@type\":\"ListItem\",\"position\":1,\"name\":\"Accueil\",\"item\":\"https:\\\/\\\/officetransportspoetik.com\\\/\"},{\"@type\":\"ListItem\",\"position\":2,\"name\":\"SAMEDI 31 MAI 2025\"}]},{\"@type\":\"WebSite\",\"@id\":\"https:\\\/\\\/officetransportspoetik.com\\\/#website\",\"url\":\"https:\\\/\\\/officetransportspoetik.com\\\/\",\"name\":\"Office des Transports Po\u00e9tik\",\"description\":\"autour des \u00e9critures po\u00e9tiques contemporaines\",\"publisher\":{\"@id\":\"https:\\\/\\\/officetransportspoetik.com\\\/#organization\"},\"potentialAction\":[{\"@type\":\"SearchAction\",\"target\":{\"@type\":\"EntryPoint\",\"urlTemplate\":\"https:\\\/\\\/officetransportspoetik.com\\\/?s={search_term_string}\"},\"query-input\":{\"@type\":\"PropertyValueSpecification\",\"valueRequired\":true,\"valueName\":\"search_term_string\"}}],\"inLanguage\":\"fr-FR\"},{\"@type\":\"Organization\",\"@id\":\"https:\\\/\\\/officetransportspoetik.com\\\/#organization\",\"name\":\"Office des Transports Po\u00e9tik\",\"url\":\"https:\\\/\\\/officetransportspoetik.com\\\/\",\"logo\":{\"@type\":\"ImageObject\",\"inLanguage\":\"fr-FR\",\"@id\":\"https:\\\/\\\/officetransportspoetik.com\\\/#\\\/schema\\\/logo\\\/image\\\/\",\"url\":\"https:\\\/\\\/officetransportspoetik.com\\\/wp-content\\\/uploads\\\/2023\\\/01\\\/logo-Office-rouge-pour-programme-festival-2022.jpg\",\"contentUrl\":\"https:\\\/\\\/officetransportspoetik.com\\\/wp-content\\\/uploads\\\/2023\\\/01\\\/logo-Office-rouge-pour-programme-festival-2022.jpg\",\"width\":1200,\"height\":500,\"caption\":\"Office des Transports Po\u00e9tik\"},\"image\":{\"@id\":\"https:\\\/\\\/officetransportspoetik.com\\\/#\\\/schema\\\/logo\\\/image\\\/\"},\"sameAs\":[\"https:\\\/\\\/www.facebook.com\\\/officedestransportspoetik\",\"https:\\\/\\\/www.instagram.com\\\/office_des_transports_poetik\\\/\"]}]}<\/script>\n<!-- \/ Yoast SEO plugin. -->","yoast_head_json":{"title":"SAMEDI 31 MAI 2025 - Office des Transports Po\u00e9tik","robots":{"index":"index","follow":"follow","max-snippet":"max-snippet:-1","max-image-preview":"max-image-preview:large","max-video-preview":"max-video-preview:-1"},"canonical":"https:\/\/officetransportspoetik.com\/index.php\/samedi-31-mai-2025\/","og_locale":"fr_FR","og_type":"article","og_title":"SAMEDI 31 MAI 2025 - Office des Transports Po\u00e9tik","og_description":"SAMEDI 31 MAI 2025 \u00e0 19H \/ librairie LA NOUVELLE D\u00c9RIVE LECTURE \/ RENCONTRE Mil\u00e8ne Tournier (Paris), po\u00e9tesse, dramaturge Emmanuel Merle (Grenoble), po\u00e8te 10, place Sainte-Claire, Grenoble Mil\u00e8ne Tournier vit, travaille et \u00e9crit \u00e0 Paris. Emmanuel Merle est Grenoblois. Ces deux voix ne se sont jamais crois\u00e9es et c\u2019est \u00e7a qui nous pla\u00eet : faire [&hellip;]","og_url":"https:\/\/officetransportspoetik.com\/index.php\/samedi-31-mai-2025\/","og_site_name":"Office des Transports Po\u00e9tik","article_publisher":"https:\/\/www.facebook.com\/officedestransportspoetik","article_modified_time":"2025-05-05T14:30:02+00:00","og_image":[{"width":2560,"height":1707,"url":"https:\/\/officetransportspoetik.com\/wp-content\/uploads\/2025\/03\/Milene-credits-Remi-Tournier-1-1-scaled.jpg","type":"image\/jpeg"}],"twitter_card":"summary_large_image","twitter_misc":{"Dur\u00e9e de lecture estim\u00e9e":"2 minutes"},"schema":{"@context":"https:\/\/schema.org","@graph":[{"@type":"WebPage","@id":"https:\/\/officetransportspoetik.com\/index.php\/samedi-31-mai-2025\/","url":"https:\/\/officetransportspoetik.com\/index.php\/samedi-31-mai-2025\/","name":"SAMEDI 31 MAI 2025 - Office des Transports Po\u00e9tik","isPartOf":{"@id":"https:\/\/officetransportspoetik.com\/#website"},"primaryImageOfPage":{"@id":"https:\/\/officetransportspoetik.com\/index.php\/samedi-31-mai-2025\/#primaryimage"},"image":{"@id":"https:\/\/officetransportspoetik.com\/index.php\/samedi-31-mai-2025\/#primaryimage"},"thumbnailUrl":"https:\/\/officetransportspoetik.com\/wp-content\/uploads\/2025\/03\/Milene-credits-Remi-Tournier-1-1-150x150.jpg","datePublished":"2025-04-26T13:22:37+00:00","dateModified":"2025-05-05T14:30:02+00:00","breadcrumb":{"@id":"https:\/\/officetransportspoetik.com\/index.php\/samedi-31-mai-2025\/#breadcrumb"},"inLanguage":"fr-FR","potentialAction":[{"@type":"ReadAction","target":["https:\/\/officetransportspoetik.com\/index.php\/samedi-31-mai-2025\/"]}]},{"@type":"ImageObject","inLanguage":"fr-FR","@id":"https:\/\/officetransportspoetik.com\/index.php\/samedi-31-mai-2025\/#primaryimage","url":"https:\/\/officetransportspoetik.com\/wp-content\/uploads\/2025\/03\/Milene-credits-Remi-Tournier-1-1-scaled.jpg","contentUrl":"https:\/\/officetransportspoetik.com\/wp-content\/uploads\/2025\/03\/Milene-credits-Remi-Tournier-1-1-scaled.jpg","width":2560,"height":1707},{"@type":"BreadcrumbList","@id":"https:\/\/officetransportspoetik.com\/index.php\/samedi-31-mai-2025\/#breadcrumb","itemListElement":[{"@type":"ListItem","position":1,"name":"Accueil","item":"https:\/\/officetransportspoetik.com\/"},{"@type":"ListItem","position":2,"name":"SAMEDI 31 MAI 2025"}]},{"@type":"WebSite","@id":"https:\/\/officetransportspoetik.com\/#website","url":"https:\/\/officetransportspoetik.com\/","name":"Office des Transports Po\u00e9tik","description":"autour des \u00e9critures po\u00e9tiques contemporaines","publisher":{"@id":"https:\/\/officetransportspoetik.com\/#organization"},"potentialAction":[{"@type":"SearchAction","target":{"@type":"EntryPoint","urlTemplate":"https:\/\/officetransportspoetik.com\/?s={search_term_string}"},"query-input":{"@type":"PropertyValueSpecification","valueRequired":true,"valueName":"search_term_string"}}],"inLanguage":"fr-FR"},{"@type":"Organization","@id":"https:\/\/officetransportspoetik.com\/#organization","name":"Office des Transports Po\u00e9tik","url":"https:\/\/officetransportspoetik.com\/","logo":{"@type":"ImageObject","inLanguage":"fr-FR","@id":"https:\/\/officetransportspoetik.com\/#\/schema\/logo\/image\/","url":"https:\/\/officetransportspoetik.com\/wp-content\/uploads\/2023\/01\/logo-Office-rouge-pour-programme-festival-2022.jpg","contentUrl":"https:\/\/officetransportspoetik.com\/wp-content\/uploads\/2023\/01\/logo-Office-rouge-pour-programme-festival-2022.jpg","width":1200,"height":500,"caption":"Office des Transports Po\u00e9tik"},"image":{"@id":"https:\/\/officetransportspoetik.com\/#\/schema\/logo\/image\/"},"sameAs":["https:\/\/www.facebook.com\/officedestransportspoetik","https:\/\/www.instagram.com\/office_des_transports_poetik\/"]}]}},"_links":{"self":[{"href":"https:\/\/officetransportspoetik.com\/index.php\/wp-json\/wp\/v2\/pages\/4680","targetHints":{"allow":["GET"]}}],"collection":[{"href":"https:\/\/officetransportspoetik.com\/index.php\/wp-json\/wp\/v2\/pages"}],"about":[{"href":"https:\/\/officetransportspoetik.com\/index.php\/wp-json\/wp\/v2\/types\/page"}],"author":[{"embeddable":true,"href":"https:\/\/officetransportspoetik.com\/index.php\/wp-json\/wp\/v2\/users\/1"}],"replies":[{"embeddable":true,"href":"https:\/\/officetransportspoetik.com\/index.php\/wp-json\/wp\/v2\/comments?post=4680"}],"version-history":[{"count":19,"href":"https:\/\/officetransportspoetik.com\/index.php\/wp-json\/wp\/v2\/pages\/4680\/revisions"}],"predecessor-version":[{"id":4944,"href":"https:\/\/officetransportspoetik.com\/index.php\/wp-json\/wp\/v2\/pages\/4680\/revisions\/4944"}],"wp:attachment":[{"href":"https:\/\/officetransportspoetik.com\/index.php\/wp-json\/wp\/v2\/media?parent=4680"}],"curies":[{"name":"wp","href":"https:\/\/api.w.org\/{rel}","templated":true}]}}