{"id":3092,"date":"2023-07-25T10:27:41","date_gmt":"2023-07-25T08:27:41","guid":{"rendered":"https:\/\/officetransportspoetik.com\/?page_id=3092"},"modified":"2023-08-30T10:54:18","modified_gmt":"2023-08-30T08:54:18","slug":"carine-giusti-cause-de-lampadaire-et-la-baignoire","status":"publish","type":"page","link":"https:\/\/officetransportspoetik.com\/index.php\/carine-giusti-cause-de-lampadaire-et-la-baignoire\/","title":{"rendered":"CARINE GIUSTI CAUSE DE LAMPADAIRE ET LA BAIGNOIRE"},"content":{"rendered":"\t\t<div data-elementor-type=\"wp-page\" data-elementor-id=\"3092\" class=\"elementor elementor-3092\">\n\t\t\t\t\t\t<section class=\"elementor-section elementor-top-section elementor-element elementor-element-776edf15 elementor-section-full_width elementor-section-height-min-height elementor-section-height-default elementor-section-items-middle\" data-id=\"776edf15\" data-element_type=\"section\" data-e-type=\"section\" data-settings=\"{&quot;background_background&quot;:&quot;slideshow&quot;,&quot;background_slideshow_gallery&quot;:[],&quot;background_slideshow_loop&quot;:&quot;yes&quot;,&quot;background_slideshow_slide_duration&quot;:5000,&quot;background_slideshow_slide_transition&quot;:&quot;fade&quot;,&quot;background_slideshow_transition_duration&quot;:500}\">\n\t\t\t\t\t\t\t<div class=\"elementor-background-overlay\"><\/div>\n\t\t\t\t\t\t\t<div class=\"elementor-container elementor-column-gap-default\">\n\t\t\t\t\t<div class=\"elementor-column elementor-col-100 elementor-top-column elementor-element elementor-element-2365756f\" data-id=\"2365756f\" data-element_type=\"column\" data-e-type=\"column\" data-settings=\"{&quot;background_background&quot;:&quot;classic&quot;}\">\n\t\t\t<div class=\"elementor-widget-wrap elementor-element-populated\">\n\t\t\t\t\t\t<div class=\"elementor-element elementor-element-7cfb68dc elementor-widget elementor-widget-heading\" data-id=\"7cfb68dc\" data-element_type=\"widget\" data-e-type=\"widget\" data-widget_type=\"heading.default\">\n\t\t\t\t<div class=\"elementor-widget-container\">\n\t\t\t\t\t<h2 class=\"elementor-heading-title elementor-size-xl\"><br><br><br><br><br><br><br>CARINE GIUSTI CAUSE <br>DE LAMPADAIRE ET&nbsp;LA BAIGNOIRE<\/h2>\t\t\t\t<\/div>\n\t\t\t\t<\/div>\n\t\t\t\t\t<\/div>\n\t\t<\/div>\n\t\t\t\t\t<\/div>\n\t\t<\/section>\n\t\t\t\t<section class=\"elementor-section elementor-top-section elementor-element elementor-element-5a94fa1 elementor-section-boxed elementor-section-height-default elementor-section-height-default\" data-id=\"5a94fa1\" data-element_type=\"section\" data-e-type=\"section\">\n\t\t\t\t\t\t<div class=\"elementor-container elementor-column-gap-default\">\n\t\t\t\t\t<div class=\"elementor-column elementor-col-100 elementor-top-column elementor-element elementor-element-45c68b02\" data-id=\"45c68b02\" data-element_type=\"column\" data-e-type=\"column\">\n\t\t\t<div class=\"elementor-widget-wrap elementor-element-populated\">\n\t\t\t\t\t\t<div class=\"elementor-element elementor-element-611cf40b elementor-widget elementor-widget-text-editor\" data-id=\"611cf40b\" data-element_type=\"widget\" data-e-type=\"widget\" data-widget_type=\"text-editor.default\">\n\t\t\t\t<div class=\"elementor-widget-container\">\n\t\t\t\t\t\t\t\t\t<p><strong>Le lampadaire et la baignoire de Tristan Blumel aux \u00e9ditions Abordo, 2022<\/strong><\/p>\t\t\t\t\t\t\t\t<\/div>\n\t\t\t\t<\/div>\n\t\t\t\t<div class=\"elementor-element elementor-element-394b4638 elementor-widget elementor-widget-text-editor\" data-id=\"394b4638\" data-element_type=\"widget\" data-e-type=\"widget\" data-widget_type=\"text-editor.default\">\n\t\t\t\t<div class=\"elementor-widget-container\">\n\t\t\t\t\t\t\t\t\t<p>Quand la po\u00e9sie s\u2019inspire de la physique, de la loi de la gravit\u00e9 et de notre rapport au monde, cela donne un recueil original, \u00e9lectrique et attendrissant. Et si en plus la philosophie s\u2019en m\u00eale et s\u2019invite dans les vers, sous la forme d\u2019un \u00ab\u00a0Je\u00a0\u00bb, le lecteur entre alors en r\u00e9flexion avec le po\u00e8te, dans un univers \u00e0 la fois connu et inconnu car exploit\u00e9 et d\u00e9crit sous un angle insolite.<\/p><p>Si vous cherchez le point commun entre la g\u00e9ologie, le cin\u00e9ma et un lampadaire et une baignoire, il n\u2019y en a aucun ou peut-\u00eatre si mais pour le comprendre il faut entrer dans la po\u00e9sie de Tristan Blumel et surfer sur les \u00e9num\u00e9rations, les allit\u00e9rations, les assonances et le champ lexical scientifique de la physique.<\/p>\t\t\t\t\t\t\t\t<\/div>\n\t\t\t\t<\/div>\n\t\t\t\t<div class=\"elementor-element elementor-element-ff312e8 elementor-widget elementor-widget-image\" data-id=\"ff312e8\" data-element_type=\"widget\" data-e-type=\"widget\" data-widget_type=\"image.default\">\n\t\t\t\t<div class=\"elementor-widget-container\">\n\t\t\t\t\t\t\t\t\t\t\t\t\t\t\t<img fetchpriority=\"high\" decoding=\"async\" width=\"221\" height=\"300\" src=\"https:\/\/officetransportspoetik.com\/wp-content\/uploads\/2023\/07\/couverture1_lampadaire-221x300.jpg\" class=\"attachment-medium size-medium wp-image-3027\" alt=\"\" srcset=\"https:\/\/officetransportspoetik.com\/wp-content\/uploads\/2023\/07\/couverture1_lampadaire-221x300.jpg 221w, https:\/\/officetransportspoetik.com\/wp-content\/uploads\/2023\/07\/couverture1_lampadaire.jpg 656w\" sizes=\"(max-width: 221px) 100vw, 221px\" \/>\t\t\t\t\t\t\t\t\t\t\t\t\t\t\t<\/div>\n\t\t\t\t<\/div>\n\t\t\t\t<div class=\"elementor-element elementor-element-428a5cc elementor-widget elementor-widget-text-editor\" data-id=\"428a5cc\" data-element_type=\"widget\" data-e-type=\"widget\" data-widget_type=\"text-editor.default\">\n\t\t\t\t<div class=\"elementor-widget-container\">\n\t\t\t\t\t\t\t\t\t<p>Dans le po\u00e8me \u00ab\u00a0g\u00e9ologie\u00a0\u00bb, le \u00ab\u00a0je\u00a0\u00bb essaie de nous sauver, de nous faire prendre conscience de la Terre, de son mouvement et de sa dynamique. Dans \u00ab\u00a0le lampadaire et la baignoire\u00a0\u00bb l\u2019inversion cr\u00e9e l\u2019insolite et surprend le lecteur. Quand le lampadaire devient baignoire et la baignoire lampadaire que deviennent nos rep\u00e8res\u00a0?<\/p><p>Le \u00ab\u00a0cin\u00e9ma\u00a0\u00bb fait son show mais pas l\u00e0 o\u00f9 on l\u2019attend, \u00e0 18km de Cannes. On quitte les paillettes pour retrouver la baguette.<\/p><p>Tristan Blumel est un auteur captivant, \u00e0 la prose originale. Avec un vocabulaire \u00e0 la fois simple et scientifique, il parvient \u00e0 emporter le lecteur au-del\u00e0 de son quotidien tout en lui faisant prendre conscience des dangers qui nous entourent.<\/p><p><strong>CARINE GIUSTI<\/strong><\/p>\t\t\t\t\t\t\t\t<\/div>\n\t\t\t\t<\/div>\n\t\t\t\t\t<\/div>\n\t\t<\/div>\n\t\t\t\t\t<\/div>\n\t\t<\/section>\n\t\t\t\t<\/div>\n\t\t","protected":false},"excerpt":{"rendered":"<p>CARINE GIUSTI CAUSE DE LAMPADAIRE ET&nbsp;LA BAIGNOIRE Le lampadaire et la baignoire de Tristan Blumel aux \u00e9ditions Abordo, 2022 Quand la po\u00e9sie s\u2019inspire de la physique, de la loi de la gravit\u00e9 et de notre rapport au monde, cela donne un recueil original, \u00e9lectrique et attendrissant. Et si en plus la philosophie s\u2019en m\u00eale et [&hellip;]<\/p>\n","protected":false},"author":1,"featured_media":0,"parent":0,"menu_order":0,"comment_status":"closed","ping_status":"closed","template":"elementor_canvas","meta":{"ocean_post_layout":"full-width","ocean_both_sidebars_style":"","ocean_both_sidebars_content_width":0,"ocean_both_sidebars_sidebars_width":0,"ocean_sidebar":"0","ocean_second_sidebar":"0","ocean_disable_margins":"enable","ocean_add_body_class":"","ocean_shortcode_before_top_bar":"","ocean_shortcode_after_top_bar":"","ocean_shortcode_before_header":"","ocean_shortcode_after_header":"","ocean_has_shortcode":"","ocean_shortcode_after_title":"","ocean_shortcode_before_footer_widgets":"","ocean_shortcode_after_footer_widgets":"","ocean_shortcode_before_footer_bottom":"","ocean_shortcode_after_footer_bottom":"","ocean_display_top_bar":"default","ocean_display_header":"default","ocean_header_style":"","ocean_center_header_left_menu":"0","ocean_custom_header_template":"0","ocean_custom_logo":0,"ocean_custom_retina_logo":0,"ocean_custom_logo_max_width":0,"ocean_custom_logo_tablet_max_width":0,"ocean_custom_logo_mobile_max_width":0,"ocean_custom_logo_max_height":0,"ocean_custom_logo_tablet_max_height":0,"ocean_custom_logo_mobile_max_height":0,"ocean_header_custom_menu":"0","ocean_menu_typo_font_family":"0","ocean_menu_typo_font_subset":"","ocean_menu_typo_font_size":0,"ocean_menu_typo_font_size_tablet":0,"ocean_menu_typo_font_size_mobile":0,"ocean_menu_typo_font_size_unit":"px","ocean_menu_typo_font_weight":"","ocean_menu_typo_font_weight_tablet":"","ocean_menu_typo_font_weight_mobile":"","ocean_menu_typo_transform":"","ocean_menu_typo_transform_tablet":"","ocean_menu_typo_transform_mobile":"","ocean_menu_typo_line_height":0,"ocean_menu_typo_line_height_tablet":0,"ocean_menu_typo_line_height_mobile":0,"ocean_menu_typo_line_height_unit":"","ocean_menu_typo_spacing":0,"ocean_menu_typo_spacing_tablet":0,"ocean_menu_typo_spacing_mobile":0,"ocean_menu_typo_spacing_unit":"","ocean_menu_link_color":"","ocean_menu_link_color_hover":"","ocean_menu_link_color_active":"","ocean_menu_link_background":"","ocean_menu_link_hover_background":"","ocean_menu_link_active_background":"","ocean_menu_social_links_bg":"","ocean_menu_social_hover_links_bg":"","ocean_menu_social_links_color":"","ocean_menu_social_hover_links_color":"","ocean_disable_title":"default","ocean_disable_heading":"default","ocean_post_title":"","ocean_post_subheading":"","ocean_post_title_style":"","ocean_post_title_background_color":"","ocean_post_title_background":0,"ocean_post_title_bg_image_position":"","ocean_post_title_bg_image_attachment":"","ocean_post_title_bg_image_repeat":"","ocean_post_title_bg_image_size":"","ocean_post_title_height":0,"ocean_post_title_bg_overlay":0.5,"ocean_post_title_bg_overlay_color":"","ocean_disable_breadcrumbs":"default","ocean_breadcrumbs_color":"","ocean_breadcrumbs_separator_color":"","ocean_breadcrumbs_links_color":"","ocean_breadcrumbs_links_hover_color":"","ocean_display_footer_widgets":"default","ocean_display_footer_bottom":"default","ocean_custom_footer_template":"0","footnotes":""},"class_list":["post-3092","page","type-page","status-publish","hentry","entry"],"yoast_head":"<!-- This site is optimized with the Yoast SEO plugin v27.5 - https:\/\/yoast.com\/product\/yoast-seo-wordpress\/ -->\n<title>CARINE GIUSTI CAUSE DE LAMPADAIRE ET LA BAIGNOIRE - Office des Transports Po\u00e9tik<\/title>\n<meta name=\"robots\" content=\"index, follow, max-snippet:-1, max-image-preview:large, max-video-preview:-1\" \/>\n<link rel=\"canonical\" href=\"https:\/\/officetransportspoetik.com\/index.php\/carine-giusti-cause-de-lampadaire-et-la-baignoire\/\" \/>\n<meta property=\"og:locale\" content=\"fr_FR\" \/>\n<meta property=\"og:type\" content=\"article\" \/>\n<meta property=\"og:title\" content=\"CARINE GIUSTI CAUSE DE LAMPADAIRE ET LA BAIGNOIRE - Office des Transports Po\u00e9tik\" \/>\n<meta property=\"og:description\" content=\"CARINE GIUSTI CAUSE DE LAMPADAIRE ET&nbsp;LA BAIGNOIRE Le lampadaire et la baignoire de Tristan Blumel aux \u00e9ditions Abordo, 2022 Quand la po\u00e9sie s\u2019inspire de la physique, de la loi de la gravit\u00e9 et de notre rapport au monde, cela donne un recueil original, \u00e9lectrique et attendrissant. Et si en plus la philosophie s\u2019en m\u00eale et [&hellip;]\" \/>\n<meta property=\"og:url\" content=\"https:\/\/officetransportspoetik.com\/index.php\/carine-giusti-cause-de-lampadaire-et-la-baignoire\/\" \/>\n<meta property=\"og:site_name\" content=\"Office des Transports Po\u00e9tik\" \/>\n<meta property=\"article:publisher\" content=\"https:\/\/www.facebook.com\/officedestransportspoetik\" \/>\n<meta property=\"article:modified_time\" content=\"2023-08-30T08:54:18+00:00\" \/>\n<meta property=\"og:image\" content=\"https:\/\/officetransportspoetik.com\/wp-content\/uploads\/2023\/07\/couverture1_lampadaire-221x300.jpg\" \/>\n<meta name=\"twitter:card\" content=\"summary_large_image\" \/>\n<meta name=\"twitter:label1\" content=\"Dur\u00e9e de lecture estim\u00e9e\" \/>\n\t<meta name=\"twitter:data1\" content=\"2 minutes\" \/>\n<script type=\"application\/ld+json\" class=\"yoast-schema-graph\">{\"@context\":\"https:\\\/\\\/schema.org\",\"@graph\":[{\"@type\":\"WebPage\",\"@id\":\"https:\\\/\\\/officetransportspoetik.com\\\/index.php\\\/carine-giusti-cause-de-lampadaire-et-la-baignoire\\\/\",\"url\":\"https:\\\/\\\/officetransportspoetik.com\\\/index.php\\\/carine-giusti-cause-de-lampadaire-et-la-baignoire\\\/\",\"name\":\"CARINE GIUSTI CAUSE DE LAMPADAIRE ET LA BAIGNOIRE - Office des Transports Po\u00e9tik\",\"isPartOf\":{\"@id\":\"https:\\\/\\\/officetransportspoetik.com\\\/#website\"},\"primaryImageOfPage\":{\"@id\":\"https:\\\/\\\/officetransportspoetik.com\\\/index.php\\\/carine-giusti-cause-de-lampadaire-et-la-baignoire\\\/#primaryimage\"},\"image\":{\"@id\":\"https:\\\/\\\/officetransportspoetik.com\\\/index.php\\\/carine-giusti-cause-de-lampadaire-et-la-baignoire\\\/#primaryimage\"},\"thumbnailUrl\":\"https:\\\/\\\/officetransportspoetik.com\\\/wp-content\\\/uploads\\\/2023\\\/07\\\/couverture1_lampadaire-221x300.jpg\",\"datePublished\":\"2023-07-25T08:27:41+00:00\",\"dateModified\":\"2023-08-30T08:54:18+00:00\",\"breadcrumb\":{\"@id\":\"https:\\\/\\\/officetransportspoetik.com\\\/index.php\\\/carine-giusti-cause-de-lampadaire-et-la-baignoire\\\/#breadcrumb\"},\"inLanguage\":\"fr-FR\",\"potentialAction\":[{\"@type\":\"ReadAction\",\"target\":[\"https:\\\/\\\/officetransportspoetik.com\\\/index.php\\\/carine-giusti-cause-de-lampadaire-et-la-baignoire\\\/\"]}]},{\"@type\":\"ImageObject\",\"inLanguage\":\"fr-FR\",\"@id\":\"https:\\\/\\\/officetransportspoetik.com\\\/index.php\\\/carine-giusti-cause-de-lampadaire-et-la-baignoire\\\/#primaryimage\",\"url\":\"https:\\\/\\\/officetransportspoetik.com\\\/wp-content\\\/uploads\\\/2023\\\/07\\\/couverture1_lampadaire.jpg\",\"contentUrl\":\"https:\\\/\\\/officetransportspoetik.com\\\/wp-content\\\/uploads\\\/2023\\\/07\\\/couverture1_lampadaire.jpg\",\"width\":656,\"height\":890},{\"@type\":\"BreadcrumbList\",\"@id\":\"https:\\\/\\\/officetransportspoetik.com\\\/index.php\\\/carine-giusti-cause-de-lampadaire-et-la-baignoire\\\/#breadcrumb\",\"itemListElement\":[{\"@type\":\"ListItem\",\"position\":1,\"name\":\"Accueil\",\"item\":\"https:\\\/\\\/officetransportspoetik.com\\\/\"},{\"@type\":\"ListItem\",\"position\":2,\"name\":\"CARINE GIUSTI CAUSE DE LAMPADAIRE ET LA BAIGNOIRE\"}]},{\"@type\":\"WebSite\",\"@id\":\"https:\\\/\\\/officetransportspoetik.com\\\/#website\",\"url\":\"https:\\\/\\\/officetransportspoetik.com\\\/\",\"name\":\"Office des Transports Po\u00e9tik\",\"description\":\"autour des \u00e9critures po\u00e9tiques contemporaines\",\"publisher\":{\"@id\":\"https:\\\/\\\/officetransportspoetik.com\\\/#organization\"},\"potentialAction\":[{\"@type\":\"SearchAction\",\"target\":{\"@type\":\"EntryPoint\",\"urlTemplate\":\"https:\\\/\\\/officetransportspoetik.com\\\/?s={search_term_string}\"},\"query-input\":{\"@type\":\"PropertyValueSpecification\",\"valueRequired\":true,\"valueName\":\"search_term_string\"}}],\"inLanguage\":\"fr-FR\"},{\"@type\":\"Organization\",\"@id\":\"https:\\\/\\\/officetransportspoetik.com\\\/#organization\",\"name\":\"Office des Transports Po\u00e9tik\",\"url\":\"https:\\\/\\\/officetransportspoetik.com\\\/\",\"logo\":{\"@type\":\"ImageObject\",\"inLanguage\":\"fr-FR\",\"@id\":\"https:\\\/\\\/officetransportspoetik.com\\\/#\\\/schema\\\/logo\\\/image\\\/\",\"url\":\"https:\\\/\\\/officetransportspoetik.com\\\/wp-content\\\/uploads\\\/2023\\\/01\\\/logo-Office-rouge-pour-programme-festival-2022.jpg\",\"contentUrl\":\"https:\\\/\\\/officetransportspoetik.com\\\/wp-content\\\/uploads\\\/2023\\\/01\\\/logo-Office-rouge-pour-programme-festival-2022.jpg\",\"width\":1200,\"height\":500,\"caption\":\"Office des Transports Po\u00e9tik\"},\"image\":{\"@id\":\"https:\\\/\\\/officetransportspoetik.com\\\/#\\\/schema\\\/logo\\\/image\\\/\"},\"sameAs\":[\"https:\\\/\\\/www.facebook.com\\\/officedestransportspoetik\",\"https:\\\/\\\/www.instagram.com\\\/office_des_transports_poetik\\\/\"]}]}<\/script>\n<!-- \/ Yoast SEO plugin. -->","yoast_head_json":{"title":"CARINE GIUSTI CAUSE DE LAMPADAIRE ET LA BAIGNOIRE - Office des Transports Po\u00e9tik","robots":{"index":"index","follow":"follow","max-snippet":"max-snippet:-1","max-image-preview":"max-image-preview:large","max-video-preview":"max-video-preview:-1"},"canonical":"https:\/\/officetransportspoetik.com\/index.php\/carine-giusti-cause-de-lampadaire-et-la-baignoire\/","og_locale":"fr_FR","og_type":"article","og_title":"CARINE GIUSTI CAUSE DE LAMPADAIRE ET LA BAIGNOIRE - Office des Transports Po\u00e9tik","og_description":"CARINE GIUSTI CAUSE DE LAMPADAIRE ET&nbsp;LA BAIGNOIRE Le lampadaire et la baignoire de Tristan Blumel aux \u00e9ditions Abordo, 2022 Quand la po\u00e9sie s\u2019inspire de la physique, de la loi de la gravit\u00e9 et de notre rapport au monde, cela donne un recueil original, \u00e9lectrique et attendrissant. Et si en plus la philosophie s\u2019en m\u00eale et [&hellip;]","og_url":"https:\/\/officetransportspoetik.com\/index.php\/carine-giusti-cause-de-lampadaire-et-la-baignoire\/","og_site_name":"Office des Transports Po\u00e9tik","article_publisher":"https:\/\/www.facebook.com\/officedestransportspoetik","article_modified_time":"2023-08-30T08:54:18+00:00","og_image":[{"url":"https:\/\/officetransportspoetik.com\/wp-content\/uploads\/2023\/07\/couverture1_lampadaire-221x300.jpg","type":"","width":"","height":""}],"twitter_card":"summary_large_image","twitter_misc":{"Dur\u00e9e de lecture estim\u00e9e":"2 minutes"},"schema":{"@context":"https:\/\/schema.org","@graph":[{"@type":"WebPage","@id":"https:\/\/officetransportspoetik.com\/index.php\/carine-giusti-cause-de-lampadaire-et-la-baignoire\/","url":"https:\/\/officetransportspoetik.com\/index.php\/carine-giusti-cause-de-lampadaire-et-la-baignoire\/","name":"CARINE GIUSTI CAUSE DE LAMPADAIRE ET LA BAIGNOIRE - Office des Transports Po\u00e9tik","isPartOf":{"@id":"https:\/\/officetransportspoetik.com\/#website"},"primaryImageOfPage":{"@id":"https:\/\/officetransportspoetik.com\/index.php\/carine-giusti-cause-de-lampadaire-et-la-baignoire\/#primaryimage"},"image":{"@id":"https:\/\/officetransportspoetik.com\/index.php\/carine-giusti-cause-de-lampadaire-et-la-baignoire\/#primaryimage"},"thumbnailUrl":"https:\/\/officetransportspoetik.com\/wp-content\/uploads\/2023\/07\/couverture1_lampadaire-221x300.jpg","datePublished":"2023-07-25T08:27:41+00:00","dateModified":"2023-08-30T08:54:18+00:00","breadcrumb":{"@id":"https:\/\/officetransportspoetik.com\/index.php\/carine-giusti-cause-de-lampadaire-et-la-baignoire\/#breadcrumb"},"inLanguage":"fr-FR","potentialAction":[{"@type":"ReadAction","target":["https:\/\/officetransportspoetik.com\/index.php\/carine-giusti-cause-de-lampadaire-et-la-baignoire\/"]}]},{"@type":"ImageObject","inLanguage":"fr-FR","@id":"https:\/\/officetransportspoetik.com\/index.php\/carine-giusti-cause-de-lampadaire-et-la-baignoire\/#primaryimage","url":"https:\/\/officetransportspoetik.com\/wp-content\/uploads\/2023\/07\/couverture1_lampadaire.jpg","contentUrl":"https:\/\/officetransportspoetik.com\/wp-content\/uploads\/2023\/07\/couverture1_lampadaire.jpg","width":656,"height":890},{"@type":"BreadcrumbList","@id":"https:\/\/officetransportspoetik.com\/index.php\/carine-giusti-cause-de-lampadaire-et-la-baignoire\/#breadcrumb","itemListElement":[{"@type":"ListItem","position":1,"name":"Accueil","item":"https:\/\/officetransportspoetik.com\/"},{"@type":"ListItem","position":2,"name":"CARINE GIUSTI CAUSE DE LAMPADAIRE ET LA BAIGNOIRE"}]},{"@type":"WebSite","@id":"https:\/\/officetransportspoetik.com\/#website","url":"https:\/\/officetransportspoetik.com\/","name":"Office des Transports Po\u00e9tik","description":"autour des \u00e9critures po\u00e9tiques contemporaines","publisher":{"@id":"https:\/\/officetransportspoetik.com\/#organization"},"potentialAction":[{"@type":"SearchAction","target":{"@type":"EntryPoint","urlTemplate":"https:\/\/officetransportspoetik.com\/?s={search_term_string}"},"query-input":{"@type":"PropertyValueSpecification","valueRequired":true,"valueName":"search_term_string"}}],"inLanguage":"fr-FR"},{"@type":"Organization","@id":"https:\/\/officetransportspoetik.com\/#organization","name":"Office des Transports Po\u00e9tik","url":"https:\/\/officetransportspoetik.com\/","logo":{"@type":"ImageObject","inLanguage":"fr-FR","@id":"https:\/\/officetransportspoetik.com\/#\/schema\/logo\/image\/","url":"https:\/\/officetransportspoetik.com\/wp-content\/uploads\/2023\/01\/logo-Office-rouge-pour-programme-festival-2022.jpg","contentUrl":"https:\/\/officetransportspoetik.com\/wp-content\/uploads\/2023\/01\/logo-Office-rouge-pour-programme-festival-2022.jpg","width":1200,"height":500,"caption":"Office des Transports Po\u00e9tik"},"image":{"@id":"https:\/\/officetransportspoetik.com\/#\/schema\/logo\/image\/"},"sameAs":["https:\/\/www.facebook.com\/officedestransportspoetik","https:\/\/www.instagram.com\/office_des_transports_poetik\/"]}]}},"_links":{"self":[{"href":"https:\/\/officetransportspoetik.com\/index.php\/wp-json\/wp\/v2\/pages\/3092","targetHints":{"allow":["GET"]}}],"collection":[{"href":"https:\/\/officetransportspoetik.com\/index.php\/wp-json\/wp\/v2\/pages"}],"about":[{"href":"https:\/\/officetransportspoetik.com\/index.php\/wp-json\/wp\/v2\/types\/page"}],"author":[{"embeddable":true,"href":"https:\/\/officetransportspoetik.com\/index.php\/wp-json\/wp\/v2\/users\/1"}],"replies":[{"embeddable":true,"href":"https:\/\/officetransportspoetik.com\/index.php\/wp-json\/wp\/v2\/comments?post=3092"}],"version-history":[{"count":25,"href":"https:\/\/officetransportspoetik.com\/index.php\/wp-json\/wp\/v2\/pages\/3092\/revisions"}],"predecessor-version":[{"id":3237,"href":"https:\/\/officetransportspoetik.com\/index.php\/wp-json\/wp\/v2\/pages\/3092\/revisions\/3237"}],"wp:attachment":[{"href":"https:\/\/officetransportspoetik.com\/index.php\/wp-json\/wp\/v2\/media?parent=3092"}],"curies":[{"name":"wp","href":"https:\/\/api.w.org\/{rel}","templated":true}]}}